{"id":2675,"date":"2023-06-02T10:03:35","date_gmt":"2023-06-02T10:03:35","guid":{"rendered":"http:\/\/www.llofriugonfaus.com\/?post_type=portfolio-item&#038;p=2675"},"modified":"2023-10-06T08:22:00","modified_gmt":"2023-10-06T08:22:00","slug":"cerdana","status":"publish","type":"proyecto","link":"https:\/\/www.llofriugonfaus.com\/ca\/proyecto\/cerdana\/","title":{"rendered":"Habitatge Cerdanya"},"content":{"rendered":"<div data-elementor-type=\"wp-post\" data-elementor-id=\"2675\" class=\"elementor elementor-2675\" data-elementor-post-type=\"proyecto\">\n\t\t\t\t<div class=\"elementor-element elementor-element-44ee4e12 e-con-full e-flex qodef-elementor-content-no e-con e-parent\" data-id=\"44ee4e12\" data-element_type=\"container\">\n\t\t<div class=\"elementor-element elementor-element-226e7f57 e-con-full e-flex qodef-elementor-content-no e-con e-child\" data-id=\"226e7f57\" data-element_type=\"container\">\n\t\t\t\t<div class=\"elementor-element elementor-element-7a5db2ba elementor-widget elementor-widget-text-editor\" data-id=\"7a5db2ba\" data-element_type=\"widget\" data-widget_type=\"text-editor.default\">\n\t\t\t\t<div class=\"elementor-widget-container\">\n\t\t\t\t\t\t\t<p>Projecte<\/p>\t\t\t\t\t\t<\/div>\n\t\t\t\t<\/div>\n\t\t\t\t<\/div>\n\t\t<div class=\"elementor-element elementor-element-3112e5f7 e-con-full e-flex qodef-elementor-content-no e-con e-child\" data-id=\"3112e5f7\" data-element_type=\"container\">\n\t\t\t\t<div class=\"elementor-element elementor-element-17ee3b96 elementor-widget elementor-widget-heading\" data-id=\"17ee3b96\" data-element_type=\"widget\" data-widget_type=\"heading.default\">\n\t\t\t\t<div class=\"elementor-widget-container\">\n\t\t\t<h2 class=\"elementor-heading-title elementor-size-default\">Arquitectura Cerdanya.\n<\/h2>\t\t<\/div>\n\t\t\t\t<\/div>\n\t\t\t\t<div class=\"elementor-element elementor-element-4539aafa elementor-widget elementor-widget-text-editor\" data-id=\"4539aafa\" data-element_type=\"widget\" data-widget_type=\"text-editor.default\">\n\t\t\t\t<div class=\"elementor-widget-container\">\n\t\t\t\t\t\t\t<p><span style=\"font-weight: 400;\">La ubicaci\u00f3 de l&#039;habitatge es troba a la plana m\u00e9s gran dels Pirineus <strong>\u00abla Cerdanya catalana\u00bb<\/strong> envoltada d\u00b4un conjunt muntany\u00f3s, li confereix un entorn natural \u00fanic i excepcionalment ric en recursos terrestres. Per aprofitar al m\u00e0xim aquest paisatge magn\u00edfic, l&#039;arquitectura de l&#039;habitatge busca ressaltar cadascuna de les seves particularitats i oferir m\u00faltiples vistes diferenciades de l&#039;entorn.<\/span><\/p><p><span style=\"font-weight: 400;\">L&#039;elecci\u00f3 de materials t\u00e9 un paper fonamental en aquest disseny. La fusta, com que \u00e9s un material c\u00e0lid i natural, s&#039;utilitza en abund\u00e0ncia per integrar l&#039;habitatge a l&#039;entorn circumdant. En incorporar la fusta al revestiment de la casa, s&#039;aconsegueix una connexi\u00f3 m\u00e9s estreta amb la natura, i es recupera l&#039;ess\u00e8ncia de l&#039;espai.<\/span><\/p><p><span style=\"font-weight: 400;\">La fusta proporciona una sensaci\u00f3 acollidora i r\u00fastica, cosa que crea una atmosfera reconfortant i harmoniosa a l&#039;interior de l&#039;habitatge. A m\u00e9s, estableix un equilibri visual entre la construcci\u00f3 i el paisatge circumdant, de manera que la casa s&#039;integra harmoniosament al seu entorn natural.<\/span><\/p>\t\t\t\t\t\t<\/div>\n\t\t\t\t<\/div>\n\t\t\t\t<\/div>\n\t\t<div class=\"elementor-element elementor-element-6067db98 e-con-full e-flex qodef-elementor-content-no e-con e-child\" data-id=\"6067db98\" data-element_type=\"container\">\n\t\t\t\t<\/div>\n\t\t\t\t<\/div>\n\t\t<div class=\"elementor-element elementor-element-248f7176 e-con-full e-flex qodef-elementor-content-no e-con e-parent\" data-id=\"248f7176\" data-element_type=\"container\">\n\t\t\t\t<div class=\"elementor-element elementor-element-3e176c6a elementor-widget elementor-widget-qi_addons_for_elementor_image_slider\" data-id=\"3e176c6a\" data-element_type=\"widget\" data-widget_type=\"qi_addons_for_elementor_image_slider.default\">\n\t\t\t\t<div class=\"elementor-widget-container\">\n\t\t\t<div class=\"qodef-shortcode qodef-m  qodef-qi-image-slider qodef-qi-fslightbox-popup qodef-popup-gallery    qodef-col-num--1 qodef-qi-grid qodef-qi-swiper-container  qodef-navigation--inside      qodef-navigation--hover-move\" data-options=\"{&quot;direction&quot;:&quot;horizontal&quot;,&quot;slidesPerView&quot;:&quot;1&quot;,&quot;spaceBetween&quot;:30,&quot;spaceBetweenTablet&quot;:30,&quot;spaceBetweenMobile&quot;:30,&quot;effect&quot;:&quot;slide&quot;,&quot;loop&quot;:true,&quot;autoplay&quot;:true,&quot;centeredSlides&quot;:false,&quot;speed&quot;:&quot;&quot;,&quot;speedAnimation&quot;:&quot;&quot;,&quot;outsideNavigation&quot;:&quot;no&quot;,&quot;outsidePagination&quot;:&quot;no&quot;,&quot;unique&quot;:151,&quot;partialValue&quot;:0.80000000000000004,&quot;disablePartialValue&quot;:&quot;&quot;,&quot;parallax&quot;:&quot;no&quot;}\">\n\t<div class=\"swiper-wrapper\">\n\t\t<div class=\"qodef-e swiper-slide\">\n\t<div class=\"qodef-e-inner\">\n\t\t<div class=\"qodef-e-inner-holder\">\n\t\t\t\t\t\t\t<a class=\"qodef-popup-item\" itemprop=\"image\" href=\"https:\/\/www.llofriugonfaus.com\/wp-content\/uploads\/2023\/05\/Proyecto-Alp-4.webp\" data-type=\"image\" data-fslightbox=\"gallery-151\">\n\t\t\t\t\t\t\t<img fetchpriority=\"high\" decoding=\"async\" width=\"1600\" height=\"1200\" src=\"https:\/\/www.llofriugonfaus.com\/wp-content\/uploads\/2023\/05\/Proyecto-Alp-4.webp\" class=\"attachment-full size-full\" alt=\"Arquitectura Cerda\u00f1a. Proyectos de arquitectura y dise\u00f1o de lujo. Estudio de arquitectura y construcci\u00f3n. Arquitectos.\" srcset=\"https:\/\/www.llofriugonfaus.com\/wp-content\/uploads\/2023\/05\/Proyecto-Alp-4.webp 1600w, https:\/\/www.llofriugonfaus.com\/wp-content\/uploads\/2023\/05\/Proyecto-Alp-4-300x225.webp 300w, https:\/\/www.llofriugonfaus.com\/wp-content\/uploads\/2023\/05\/Proyecto-Alp-4-1024x768.webp 1024w, https:\/\/www.llofriugonfaus.com\/wp-content\/uploads\/2023\/05\/Proyecto-Alp-4-768x576.webp 768w, https:\/\/www.llofriugonfaus.com\/wp-content\/uploads\/2023\/05\/Proyecto-Alp-4-1536x1152.webp 1536w\" sizes=\"(max-width: 1600px) 100vw, 1600px\" \/>\t\t\t\t\t\t\t<\/a>\n\t\t\t\t\t<\/div>\n\t<\/div>\n\t<\/div>\n<div class=\"qodef-e swiper-slide\">\n\t<div class=\"qodef-e-inner\">\n\t\t<div class=\"qodef-e-inner-holder\">\n\t\t\t\t\t\t\t<a class=\"qodef-popup-item\" itemprop=\"image\" href=\"https:\/\/www.llofriugonfaus.com\/wp-content\/uploads\/2023\/05\/Proyecto-Alp-1.webp\" data-type=\"image\" data-fslightbox=\"gallery-151\">\n\t\t\t\t\t\t\t<img decoding=\"async\" width=\"810\" height=\"1080\" src=\"https:\/\/www.llofriugonfaus.com\/wp-content\/uploads\/2023\/05\/Proyecto-Alp-1.webp\" class=\"attachment-full size-full\" alt=\"Arquitectura Cerda\u00f1a. Proyectos de arquitectura y dise\u00f1o de lujo. Estudio de arquitectura y construcci\u00f3n. Arquitectos.\" srcset=\"https:\/\/www.llofriugonfaus.com\/wp-content\/uploads\/2023\/05\/Proyecto-Alp-1.webp 810w, https:\/\/www.llofriugonfaus.com\/wp-content\/uploads\/2023\/05\/Proyecto-Alp-1-225x300.webp 225w, https:\/\/www.llofriugonfaus.com\/wp-content\/uploads\/2023\/05\/Proyecto-Alp-1-768x1024.webp 768w\" sizes=\"(max-width: 810px) 100vw, 810px\" \/>\t\t\t\t\t\t\t<\/a>\n\t\t\t\t\t<\/div>\n\t<\/div>\n\t<\/div>\n\t<\/div>\n\t\t<div class=\"swiper-button-prev\"><svg xmlns=\"http:\/\/www.w3.org\/2000\/svg\" viewbox=\"0 0 26 50\"><polygon points=\"25.29 0 26 0.7 1.42 25 26 49.3 25.29 50 0 25 25.29 0\" style=\"stroke:transparent;\"><\/polygon><\/svg><\/div>\n\t<div class=\"swiper-button-next\"><svg xmlns=\"http:\/\/www.w3.org\/2000\/svg\" viewbox=\"0 0 26 50\"><polygon points=\"0.71 50 0 49.3 24.58 25 0 0.7 0.71 0 26 25 0.71 50\" style=\"stroke:transparent;\"><\/polygon><\/svg><\/div>\n<\/div>\n\t\t<\/div>\n\t\t\t\t<\/div>\n\t\t\t\t<\/div>\n\t\t<div class=\"elementor-element elementor-element-3f46a70c e-flex e-con-boxed qodef-elementor-content-no e-con e-parent\" data-id=\"3f46a70c\" data-element_type=\"container\" data-settings=\"{&quot;background_background&quot;:&quot;classic&quot;}\">\n\t\t\t\t\t<div class=\"e-con-inner\">\n\t\t<div class=\"elementor-element elementor-element-5b972ab4 e-flex e-con-boxed qodef-elementor-content-no e-con e-child\" data-id=\"5b972ab4\" data-element_type=\"container\">\n\t\t\t\t\t<div class=\"e-con-inner\">\n\t\t\t\t<div class=\"elementor-element elementor-element-6150d93f elementor-widget elementor-widget-heading\" data-id=\"6150d93f\" data-element_type=\"widget\" data-widget_type=\"heading.default\">\n\t\t\t\t<div class=\"elementor-widget-container\">\n\t\t\t<h3 class=\"elementor-heading-title elementor-size-default\">Cuina, bany i sal\u00f3 a mida<\/h3>\t\t<\/div>\n\t\t\t\t<\/div>\n\t\t\t\t<div class=\"elementor-element elementor-element-7bc456b0 elementor-widget elementor-widget-text-editor\" data-id=\"7bc456b0\" data-element_type=\"widget\" data-widget_type=\"text-editor.default\">\n\t\t\t\t<div class=\"elementor-widget-container\">\n\t\t\t\t\t\t\t<p><span style=\"font-weight: 400;\">La cuina d\u00b4aquest habitatge s\u00b4ha integrat amb cura amb l\u00b4estructura de l\u00b4edifici, aprofitant al m\u00e0xim cada espai disponible per al mobiliari i l\u00b4emmagatzematge. S&#039;ha optat per l&#039;\u00fas de materials nobles, com ara la fusta, per donar un toc c\u00e0lid i acollidor a l&#039;ambient. El taulell cer\u00e0mic negre afegeix eleg\u00e0ncia i sofisticaci\u00f3 al disseny, creant un contrast harmoni\u00f3s amb la fusta de roure utilitzada a taula.<\/span><\/p><p><span style=\"font-weight: 400;\">Les tonalitats de colors predominants de l&#039;habitatge s\u00f3n els tons de verd oliva, que es fusionen amb el paisatge exterior i les oliveres circumdants, creant una connexi\u00f3 harmoniosa entre l&#039;interior i l&#039;entorn natural. Aquesta elecci\u00f3 de colors tamb\u00e9 contribueix a crear un ambient relaxant i ser\u00e8.<\/span><\/p><h4>Disseny i confort a la Cerdanya<\/h4><p><span style=\"font-weight: 400;\">Pel que fa al sal\u00f3, l&#039;element principal i destacat \u00e9s la xemeneia inserible. A m\u00e9s de brindar calidesa i un ambient acollidor, aquesta xemeneia tamb\u00e9 contribueix a l&#039;estalvi energ\u00e8tic a tot l&#039;habitatge, proporcionant una font de calor eficient durant els mesos m\u00e9s freds de l&#039;any. La xemeneia no \u00e9s nom\u00e9s funcional, sin\u00f3 que tamb\u00e9 es converteix en un punt focal decoratiu, afegint un toc d&#039;encant i confort al sal\u00f3.<\/span><\/p><p><span style=\"font-weight: 400;\">En resum, aquest habitatge ha estat dissenyat amb una atenci\u00f3 acurada als detalls i una harmoniosa integraci\u00f3 amb el seu entorn natural. La cuina es destaca pel seu \u00fas de materials nobles com la fusta i el taulell cer\u00e0mic negre, amb tonalitats de verd oliva que connecten amb el paisatge de les oliveres circumdants. D&#039;altra banda, el sal\u00f3 s&#039;enriqueix amb una xemeneia inserible que no nom\u00e9s aporta calidesa, sin\u00f3 que tamb\u00e9 contribueix a l&#039;estalvi energ\u00e8tic a tota la casa, creant aix\u00ed un ambient acollidor i sostenible en aquest entorn magn\u00edfic de la Cerdanya catalana.<\/span><\/p>\t\t\t\t\t\t<\/div>\n\t\t\t\t<\/div>\n\t\t\t\t\t<\/div>\n\t\t\t\t<\/div>\n\t\t\t\t\t<\/div>\n\t\t\t\t<\/div>\n\t\t<div class=\"elementor-element elementor-element-7940c2d e-con-full e-flex qodef-elementor-content-no e-con e-parent\" data-id=\"7940c2d\" data-element_type=\"container\">\n\t\t\t\t<div class=\"elementor-element elementor-element-4eb4b1a elementor-widget elementor-widget-qi_addons_for_elementor_image_slider\" data-id=\"4eb4b1a\" data-element_type=\"widget\" data-widget_type=\"qi_addons_for_elementor_image_slider.default\">\n\t\t\t\t<div class=\"elementor-widget-container\">\n\t\t\t<div class=\"qodef-shortcode qodef-m  qodef-qi-image-slider qodef-qi-fslightbox-popup qodef-popup-gallery    qodef-col-num--1 qodef-qi-grid qodef-qi-swiper-container  qodef-navigation--inside      qodef-navigation--hover-move\" data-options=\"{&quot;direction&quot;:&quot;horizontal&quot;,&quot;slidesPerView&quot;:&quot;1&quot;,&quot;spaceBetween&quot;:30,&quot;spaceBetweenTablet&quot;:30,&quot;spaceBetweenMobile&quot;:30,&quot;effect&quot;:&quot;slide&quot;,&quot;loop&quot;:true,&quot;autoplay&quot;:true,&quot;centeredSlides&quot;:false,&quot;speed&quot;:&quot;&quot;,&quot;speedAnimation&quot;:&quot;&quot;,&quot;outsideNavigation&quot;:&quot;no&quot;,&quot;outsidePagination&quot;:&quot;no&quot;,&quot;unique&quot;:426,&quot;partialValue&quot;:0.80000000000000004,&quot;disablePartialValue&quot;:&quot;&quot;,&quot;parallax&quot;:&quot;no&quot;}\">\n\t<div class=\"swiper-wrapper\">\n\t\t<div class=\"qodef-e swiper-slide\">\n\t<div class=\"qodef-e-inner\">\n\t\t<div class=\"qodef-e-inner-holder\">\n\t\t\t\t\t\t\t<a class=\"qodef-popup-item\" itemprop=\"image\" href=\"https:\/\/www.llofriugonfaus.com\/wp-content\/uploads\/2023\/05\/Proyecto-Alp-6.webp\" data-type=\"image\" data-fslightbox=\"gallery-426\">\n\t\t\t\t\t\t\t<img decoding=\"async\" width=\"810\" height=\"1080\" src=\"https:\/\/www.llofriugonfaus.com\/wp-content\/uploads\/2023\/05\/Proyecto-Alp-6.webp\" class=\"attachment-full size-full\" alt=\"Arquitectura Cerda\u00f1a. Proyectos de arquitectura y dise\u00f1o de lujo. Estudio de arquitectura y construcci\u00f3n. Arquitectos.\" srcset=\"https:\/\/www.llofriugonfaus.com\/wp-content\/uploads\/2023\/05\/Proyecto-Alp-6.webp 810w, https:\/\/www.llofriugonfaus.com\/wp-content\/uploads\/2023\/05\/Proyecto-Alp-6-225x300.webp 225w, https:\/\/www.llofriugonfaus.com\/wp-content\/uploads\/2023\/05\/Proyecto-Alp-6-768x1024.webp 768w\" sizes=\"(max-width: 810px) 100vw, 810px\" \/>\t\t\t\t\t\t\t<\/a>\n\t\t\t\t\t<\/div>\n\t<\/div>\n\t<\/div>\n<div class=\"qodef-e swiper-slide\">\n\t<div class=\"qodef-e-inner\">\n\t\t<div class=\"qodef-e-inner-holder\">\n\t\t\t\t\t\t\t<a class=\"qodef-popup-item\" itemprop=\"image\" href=\"https:\/\/www.llofriugonfaus.com\/wp-content\/uploads\/2023\/05\/Proyecto-Alp-7.webp\" data-type=\"image\" data-fslightbox=\"gallery-426\">\n\t\t\t\t\t\t\t<img loading=\"lazy\" decoding=\"async\" width=\"810\" height=\"1080\" src=\"https:\/\/www.llofriugonfaus.com\/wp-content\/uploads\/2023\/05\/Proyecto-Alp-7.webp\" class=\"attachment-full size-full\" alt=\"Arquitectura Cerda\u00f1a. Proyectos de arquitectura y dise\u00f1o de lujo. Estudio de arquitectura y construcci\u00f3n. Arquitectos.\" srcset=\"https:\/\/www.llofriugonfaus.com\/wp-content\/uploads\/2023\/05\/Proyecto-Alp-7.webp 810w, https:\/\/www.llofriugonfaus.com\/wp-content\/uploads\/2023\/05\/Proyecto-Alp-7-225x300.webp 225w, https:\/\/www.llofriugonfaus.com\/wp-content\/uploads\/2023\/05\/Proyecto-Alp-7-768x1024.webp 768w\" sizes=\"(max-width: 810px) 100vw, 810px\" \/>\t\t\t\t\t\t\t<\/a>\n\t\t\t\t\t<\/div>\n\t<\/div>\n\t<\/div>\n\t<\/div>\n\t\t<div class=\"swiper-button-prev\"><svg xmlns=\"http:\/\/www.w3.org\/2000\/svg\" viewbox=\"0 0 26 50\"><polygon points=\"25.29 0 26 0.7 1.42 25 26 49.3 25.29 50 0 25 25.29 0\" style=\"stroke:transparent;\"><\/polygon><\/svg><\/div>\n\t<div class=\"swiper-button-next\"><svg xmlns=\"http:\/\/www.w3.org\/2000\/svg\" viewbox=\"0 0 26 50\"><polygon points=\"0.71 50 0 49.3 24.58 25 0 0.7 0.71 0 26 25 0.71 50\" style=\"stroke:transparent;\"><\/polygon><\/svg><\/div>\n<\/div>\n\t\t<\/div>\n\t\t\t\t<\/div>\n\t\t\t\t<\/div>\n\t\t<div class=\"elementor-element elementor-element-160b0f0 e-flex e-con-boxed qodef-elementor-content-no e-con e-parent\" data-id=\"160b0f0\" data-element_type=\"container\">\n\t\t\t\t\t<div class=\"e-con-inner\">\n\t\t<div class=\"elementor-element elementor-element-55e8f2d2 e-con-full e-flex qodef-elementor-content-no e-con e-child\" data-id=\"55e8f2d2\" data-element_type=\"container\">\n\t\t\t\t<div class=\"elementor-element elementor-element-574e07c6 elementor-widget elementor-widget-image\" data-id=\"574e07c6\" data-element_type=\"widget\" data-widget_type=\"image.default\">\n\t\t\t\t<div class=\"elementor-widget-container\">\n\t\t\t\t\t\t\t\t\t\t\t\t\t<img decoding=\"async\" src=\"https:\/\/www.llofriugonfaus.com\/wp-content\/uploads\/2023\/05\/Llofriu-i-Gonfaus_Logo-vertical_Negre.svg\" class=\"attachment-full size-full wp-image-2999\" alt=\"\" \/>\t\t\t\t\t\t\t\t\t\t\t\t\t<\/div>\n\t\t\t\t<\/div>\n\t\t<div class=\"elementor-element elementor-element-668fa453 e-flex e-con-boxed qodef-elementor-content-no e-con e-child\" data-id=\"668fa453\" data-element_type=\"container\">\n\t\t\t\t\t<div class=\"e-con-inner\">\n\t\t\t\t<div class=\"elementor-element elementor-element-4e2fe8a5 elementor-widget elementor-widget-heading\" data-id=\"4e2fe8a5\" data-element_type=\"widget\" data-widget_type=\"heading.default\">\n\t\t\t\t<div class=\"elementor-widget-container\">\n\t\t\t<p class=\"elementor-heading-title elementor-size-default\">Comparteix<\/p>\t\t<\/div>\n\t\t\t\t<\/div>\n\t\t\t\t<div class=\"elementor-element elementor-element-1ba1902c elementor-share-buttons--view-icon elementor-share-buttons--skin-minimal elementor-share-buttons--color-custom elementor-share-buttons--shape-square elementor-grid-0 elementor-widget elementor-widget-share-buttons\" data-id=\"1ba1902c\" data-element_type=\"widget\" data-widget_type=\"share-buttons.default\">\n\t\t\t\t<div class=\"elementor-widget-container\">\n\t\t\t\t\t<div class=\"elementor-grid\">\n\t\t\t\t\t\t\t\t<div class=\"elementor-grid-item\">\n\t\t\t\t\t\t<div\n\t\t\t\t\t\t\tclass=\"elementor-share-btn elementor-share-btn_facebook\"\n\t\t\t\t\t\t\trole=\"button\"\n\t\t\t\t\t\t\ttabindex=\"0\"\n\t\t\t\t\t\t\taria-label=\"Partager sur facebook\"\n\t\t\t\t\t\t>\n\t\t\t\t\t\t\t\t\t\t\t\t\t\t\t<span class=\"elementor-share-btn__icon\">\n\t\t\t\t\t\t\t\t<svg class=\"e-font-icon-svg e-fab-facebook\" viewbox=\"0 0 512 512\" xmlns=\"http:\/\/www.w3.org\/2000\/svg\"><path d=\"M504 256C504 119 393 8 256 8S8 119 8 256c0 123.78 90.69 226.38 209.25 245V327.69h-63V256h63v-54.64c0-62.15 37-96.48 93.67-96.48 27.14 0 55.52 4.84 55.52 4.84v61h-31.28c-30.8 0-40.41 19.12-40.41 38.73V256h68.78l-11 71.69h-57.78V501C413.31 482.38 504 379.78 504 256z\"><\/path><\/svg>\t\t\t\t\t\t\t<\/span>\n\t\t\t\t\t\t\t\t\t\t\t\t\t\t\t\t\t\t\t\t<\/div>\n\t\t\t\t\t<\/div>\n\t\t\t\t\t\t\t\t\t<div class=\"elementor-grid-item\">\n\t\t\t\t\t\t<div\n\t\t\t\t\t\t\tclass=\"elementor-share-btn elementor-share-btn_pinterest\"\n\t\t\t\t\t\t\trole=\"button\"\n\t\t\t\t\t\t\ttabindex=\"0\"\n\t\t\t\t\t\t\taria-label=\"Partager sur pinterest\"\n\t\t\t\t\t\t>\n\t\t\t\t\t\t\t\t\t\t\t\t\t\t\t<span class=\"elementor-share-btn__icon\">\n\t\t\t\t\t\t\t\t<svg class=\"e-font-icon-svg e-fab-pinterest\" viewbox=\"0 0 496 512\" xmlns=\"http:\/\/www.w3.org\/2000\/svg\"><path d=\"M496 256c0 137-111 248-248 248-25.6 0-50.2-3.9-73.4-11.1 10.1-16.5 25.2-43.5 30.8-65 3-11.6 15.4-59 15.4-59 8.1 15.4 31.7 28.5 56.8 28.5 74.8 0 128.7-68.8 128.7-154.3 0-81.9-66.9-143.2-152.9-143.2-107 0-163.9 71.8-163.9 150.1 0 36.4 19.4 81.7 50.3 96.1 4.7 2.2 7.2 1.2 8.3-3.3.8-3.4 5-20.3 6.9-28.1.6-2.5.3-4.7-1.7-7.1-10.1-12.5-18.3-35.3-18.3-56.6 0-54.7 41.4-107.6 112-107.6 60.9 0 103.6 41.5 103.6 100.9 0 67.1-33.9 113.6-78 113.6-24.3 0-42.6-20.1-36.7-44.8 7-29.5 20.5-61.3 20.5-82.6 0-19-10.2-34.9-31.4-34.9-24.9 0-44.9 25.7-44.9 60.2 0 22 7.4 36.8 7.4 36.8s-24.5 103.8-29 123.2c-5 21.4-3 51.6-.9 71.2C65.4 450.9 0 361.1 0 256 0 119 111 8 248 8s248 111 248 248z\"><\/path><\/svg>\t\t\t\t\t\t\t<\/span>\n\t\t\t\t\t\t\t\t\t\t\t\t\t\t\t\t\t\t\t\t<\/div>\n\t\t\t\t\t<\/div>\n\t\t\t\t\t\t\t\t\t<div class=\"elementor-grid-item\">\n\t\t\t\t\t\t<div\n\t\t\t\t\t\t\tclass=\"elementor-share-btn elementor-share-btn_linkedin\"\n\t\t\t\t\t\t\trole=\"button\"\n\t\t\t\t\t\t\ttabindex=\"0\"\n\t\t\t\t\t\t\taria-label=\"Partager sud linkedin\"\n\t\t\t\t\t\t>\n\t\t\t\t\t\t\t\t\t\t\t\t\t\t\t<span class=\"elementor-share-btn__icon\">\n\t\t\t\t\t\t\t\t<svg class=\"e-font-icon-svg e-fab-linkedin\" viewbox=\"0 0 448 512\" xmlns=\"http:\/\/www.w3.org\/2000\/svg\"><path d=\"M416 32H31.9C14.3 32 0 46.5 0 64.3v383.4C0 465.5 14.3 480 31.9 480H416c17.6 0 32-14.5 32-32.3V64.3c0-17.8-14.4-32.3-32-32.3zM135.4 416H69V202.2h66.5V416zm-33.2-243c-21.3 0-38.5-17.3-38.5-38.5S80.9 96 102.2 96c21.2 0 38.5 17.3 38.5 38.5 0 21.3-17.2 38.5-38.5 38.5zm282.1 243h-66.4V312c0-24.8-.5-56.7-34.5-56.7-34.6 0-39.9 27-39.9 54.9V416h-66.4V202.2h63.7v29.2h.9c8.9-16.8 30.6-34.5 62.9-34.5 67.2 0 79.7 44.3 79.7 101.9V416z\"><\/path><\/svg>\t\t\t\t\t\t\t<\/span>\n\t\t\t\t\t\t\t\t\t\t\t\t\t\t\t\t\t\t\t\t<\/div>\n\t\t\t\t\t<\/div>\n\t\t\t\t\t\t\t\t\t<div class=\"elementor-grid-item\">\n\t\t\t\t\t\t<div\n\t\t\t\t\t\t\tclass=\"elementor-share-btn elementor-share-btn_whatsapp\"\n\t\t\t\t\t\t\trole=\"button\"\n\t\t\t\t\t\t\ttabindex=\"0\"\n\t\t\t\t\t\t\taria-label=\"Partager sud whatsapp\"\n\t\t\t\t\t\t>\n\t\t\t\t\t\t\t\t\t\t\t\t\t\t\t<span class=\"elementor-share-btn__icon\">\n\t\t\t\t\t\t\t\t<svg class=\"e-font-icon-svg e-fab-whatsapp\" viewbox=\"0 0 448 512\" xmlns=\"http:\/\/www.w3.org\/2000\/svg\"><path d=\"M380.9 97.1C339 55.1 283.2 32 223.9 32c-122.4 0-222 99.6-222 222 0 39.1 10.2 77.3 29.6 111L0 480l117.7-30.9c32.4 17.7 68.9 27 106.1 27h.1c122.3 0 224.1-99.6 224.1-222 0-59.3-25.2-115-67.1-157zm-157 341.6c-33.2 0-65.7-8.9-94-25.7l-6.7-4-69.8 18.3L72 359.2l-4.4-7c-18.5-29.4-28.2-63.3-28.2-98.2 0-101.7 82.8-184.5 184.6-184.5 49.3 0 95.6 19.2 130.4 54.1 34.8 34.9 56.2 81.2 56.1 130.5 0 101.8-84.9 184.6-186.6 184.6zm101.2-138.2c-5.5-2.8-32.8-16.2-37.9-18-5.1-1.9-8.8-2.8-12.5 2.8-3.7 5.6-14.3 18-17.6 21.8-3.2 3.7-6.5 4.2-12 1.4-32.6-16.3-54-29.1-75.5-66-5.7-9.8 5.7-9.1 16.3-30.3 1.8-3.7.9-6.9-.5-9.7-1.4-2.8-12.5-30.1-17.1-41.2-4.5-10.8-9.1-9.3-12.5-9.5-3.2-.2-6.9-.2-10.6-.2-3.7 0-9.7 1.4-14.8 6.9-5.1 5.6-19.4 19-19.4 46.3 0 27.3 19.9 53.7 22.6 57.4 2.8 3.7 39.1 59.7 94.8 83.8 35.2 15.2 49 16.5 66.6 13.9 10.7-1.6 32.8-13.4 37.4-26.4 4.6-13 4.6-24.1 3.2-26.4-1.3-2.5-5-3.9-10.5-6.6z\"><\/path><\/svg>\t\t\t\t\t\t\t<\/span>\n\t\t\t\t\t\t\t\t\t\t\t\t\t\t\t\t\t\t\t\t<\/div>\n\t\t\t\t\t<\/div>\n\t\t\t\t\t\t\t\t\t<div class=\"elementor-grid-item\">\n\t\t\t\t\t\t<div\n\t\t\t\t\t\t\tclass=\"elementor-share-btn elementor-share-btn_email\"\n\t\t\t\t\t\t\trole=\"button\"\n\t\t\t\t\t\t\ttabindex=\"0\"\n\t\t\t\t\t\t\taria-label=\"Partager sud email\"\n\t\t\t\t\t\t>\n\t\t\t\t\t\t\t\t\t\t\t\t\t\t\t<span class=\"elementor-share-btn__icon\">\n\t\t\t\t\t\t\t\t<svg class=\"e-font-icon-svg e-fas-envelope\" viewbox=\"0 0 512 512\" xmlns=\"http:\/\/www.w3.org\/2000\/svg\"><path d=\"M502.3 190.8c3.9-3.1 9.7-.2 9.7 4.7V400c0 26.5-21.5 48-48 48H48c-26.5 0-48-21.5-48-48V195.6c0-5 5.7-7.8 9.7-4.7 22.4 17.4 52.1 39.5 154.1 113.6 21.1 15.4 56.7 47.8 92.2 47.6 35.7.3 72-32.8 92.3-47.6 102-74.1 131.6-96.3 154-113.7zM256 320c23.2.4 56.6-29.2 73.4-41.4 132.7-96.3 142.8-104.7 173.4-128.7 5.8-4.5 9.2-11.5 9.2-18.9v-19c0-26.5-21.5-48-48-48H48C21.5 64 0 85.5 0 112v19c0 7.4 3.4 14.3 9.2 18.9 30.6 23.9 40.7 32.4 173.4 128.7 16.8 12.2 50.2 41.8 73.4 41.4z\"><\/path><\/svg>\t\t\t\t\t\t\t<\/span>\n\t\t\t\t\t\t\t\t\t\t\t\t\t\t\t\t\t\t\t\t<\/div>\n\t\t\t\t\t<\/div>\n\t\t\t\t\t\t<\/div>\n\t\t\t\t<\/div>\n\t\t\t\t<\/div>\n\t\t\t\t\t<\/div>\n\t\t\t\t<\/div>\n\t\t\t\t<\/div>\n\t\t<div class=\"elementor-element elementor-element-1ed82721 e-con-full e-flex qodef-elementor-content-no e-con e-child\" data-id=\"1ed82721\" data-element_type=\"container\">\n\t\t\t\t<div class=\"elementor-element elementor-element-362859cc elementor-widget elementor-widget-heading\" data-id=\"362859cc\" data-element_type=\"widget\" data-widget_type=\"heading.default\">\n\t\t\t\t<div class=\"elementor-widget-container\">\n\t\t\t<h3 class=\"elementor-heading-title elementor-size-large\">Habitatge Cerdanya<\/h3>\t\t<\/div>\n\t\t\t\t<\/div>\n\t\t<div class=\"elementor-element elementor-element-1688d50 e-con-full e-grid qodef-elementor-content-no e-con e-child\" data-id=\"1688d50\" data-element_type=\"container\">\n\t\t\t\t<div class=\"elementor-element elementor-element-34f25dca elementor-widget elementor-widget-qi_addons_for_elementor_section_title\" data-id=\"34f25dca\" data-element_type=\"widget\" data-widget_type=\"qi_addons_for_elementor_section_title.default\">\n\t\t\t\t<div class=\"elementor-widget-container\">\n\t\t\t<div class=\"qodef-shortcode qodef-m  qodef-qi-section-title  qodef-decoration--italic  qodef-link--underline-draw qodef-subtitle-icon--left\">\n\t\t\t<h6 class=\"qodef-m-title\">\n\t\tArquitectura\t<\/h6>\n\t\t\t\t\t\t<div class=\"qodef-m-text\"><p><span style=\"font-weight: 400\">Xavier Oliete i Bargu\u00e9s<\/span><\/p><\/div>\n\t<\/div>\n\t\t<\/div>\n\t\t\t\t<\/div>\n\t\t\t\t<div class=\"elementor-element elementor-element-2d8ff341 elementor-widget elementor-widget-qi_addons_for_elementor_section_title\" data-id=\"2d8ff341\" data-element_type=\"widget\" data-widget_type=\"qi_addons_for_elementor_section_title.default\">\n\t\t\t\t<div class=\"elementor-widget-container\">\n\t\t\t<div class=\"qodef-shortcode qodef-m  qodef-qi-section-title  qodef-decoration--italic  qodef-link--underline-draw qodef-subtitle-icon--left\">\n\t\t\t<h6 class=\"qodef-m-title\">\n\t\tTipus\t<\/h6>\n\t\t\t\t\t\t<div class=\"qodef-m-text\"><p><span style=\"font-weight: 400\">Reforma interior habitatge<\/span><\/p><\/div>\n\t<\/div>\n\t\t<\/div>\n\t\t\t\t<\/div>\n\t\t\t\t<div class=\"elementor-element elementor-element-6496edd3 elementor-widget elementor-widget-qi_addons_for_elementor_section_title\" data-id=\"6496edd3\" data-element_type=\"widget\" data-widget_type=\"qi_addons_for_elementor_section_title.default\">\n\t\t\t\t<div class=\"elementor-widget-container\">\n\t\t\t<div class=\"qodef-shortcode qodef-m  qodef-qi-section-title  qodef-decoration--italic  qodef-link--underline-draw qodef-subtitle-icon--left\">\n\t\t\t<h6 class=\"qodef-m-title\">\n\t\tLocalitzaci\u00f3\t<\/h6>\n\t\t\t\t\t\t<div class=\"qodef-m-text\"><p><span style=\"font-weight: 400\">Alp. Cerdanya<\/span><\/p><\/div>\n\t<\/div>\n\t\t<\/div>\n\t\t\t\t<\/div>\n\t\t\t\t<div class=\"elementor-element elementor-element-32d3df1 elementor-widget elementor-widget-qi_addons_for_elementor_section_title\" data-id=\"32d3df1\" data-element_type=\"widget\" data-widget_type=\"qi_addons_for_elementor_section_title.default\">\n\t\t\t\t<div class=\"elementor-widget-container\">\n\t\t\t<div class=\"qodef-shortcode qodef-m  qodef-qi-section-title  qodef-decoration--italic  qodef-link--underline-draw qodef-subtitle-icon--left\">\n\t\t\t<h6 class=\"qodef-m-title\">\n\t\tFusteria i Cuina\t<\/h6>\n\t\t\t\t\t\t<div class=\"qodef-m-text\"><p><span style=\"font-weight: 400\">Llofriu &amp; Gonfaus, SL<\/span><\/p><\/div>\n\t<\/div>\n\t\t<\/div>\n\t\t\t\t<\/div>\n\t\t\t\t<div class=\"elementor-element elementor-element-297b0eb0 elementor-widget elementor-widget-qi_addons_for_elementor_section_title\" data-id=\"297b0eb0\" data-element_type=\"widget\" data-widget_type=\"qi_addons_for_elementor_section_title.default\">\n\t\t\t\t<div class=\"elementor-widget-container\">\n\t\t\t<div class=\"qodef-shortcode qodef-m  qodef-qi-section-title  qodef-decoration--italic  qodef-link--underline-draw qodef-subtitle-icon--left\">\n\t\t\t<h6 class=\"qodef-m-title\">\n\t\tRealitzaci\u00f3\t<\/h6>\n\t\t\t\t\t\t<div class=\"qodef-m-text\"><p>2020<\/p><\/div>\n\t<\/div>\n\t\t<\/div>\n\t\t\t\t<\/div>\n\t\t\t\t<div class=\"elementor-element elementor-element-72aa33d2 elementor-widget elementor-widget-qi_addons_for_elementor_section_title\" data-id=\"72aa33d2\" data-element_type=\"widget\" data-widget_type=\"qi_addons_for_elementor_section_title.default\">\n\t\t\t\t<div class=\"elementor-widget-container\">\n\t\t\t<div class=\"qodef-shortcode qodef-m  qodef-qi-section-title  qodef-decoration--italic  qodef-link--underline-draw qodef-subtitle-icon--left\">\n\t\t\t<h6 class=\"qodef-m-title\">\n\t\tConstructora\t<\/h6>\n\t\t\t\t\t\t<div class=\"qodef-m-text\"><p><span style=\"font-weight: 400\">Llofriu &amp; Gonfaus, SL<\/span><\/p><\/div>\n\t<\/div>\n\t\t<\/div>\n\t\t\t\t<\/div>\n\t\t\t\t<div class=\"elementor-element elementor-element-69f86b0a elementor-widget elementor-widget-qi_addons_for_elementor_section_title\" data-id=\"69f86b0a\" data-element_type=\"widget\" data-widget_type=\"qi_addons_for_elementor_section_title.default\">\n\t\t\t\t<div class=\"elementor-widget-container\">\n\t\t\t<div class=\"qodef-shortcode qodef-m  qodef-qi-section-title  qodef-decoration--italic  qodef-link--underline-draw qodef-subtitle-icon--left\">\n\t\t\t<h6 class=\"qodef-m-title\">\n\t\tFotografia\t<\/h6>\n\t\t\t\t\t\t<div class=\"qodef-m-text\"><p><span style=\"font-weight: 400\">Xavier Oliete i Bargu\u00e9s<\/span><\/p><\/div>\n\t<\/div>\n\t\t<\/div>\n\t\t\t\t<\/div>\n\t\t\t\t<div class=\"elementor-element elementor-element-17786d88 elementor-widget elementor-widget-qi_addons_for_elementor_section_title\" data-id=\"17786d88\" data-element_type=\"widget\" data-widget_type=\"qi_addons_for_elementor_section_title.default\">\n\t\t\t\t<div class=\"elementor-widget-container\">\n\t\t\t<div class=\"qodef-shortcode qodef-m  qodef-qi-section-title  qodef-decoration--italic  qodef-link--underline-draw qodef-subtitle-icon--left\">\n\t\t\t<h6 class=\"qodef-m-title\">\n\t\tPromotor\t<\/h6>\n\t\t\t\t\t\t<div class=\"qodef-m-text\"><p>Privat<\/p><\/div>\n\t<\/div>\n\t\t<\/div>\n\t\t\t\t<\/div>\n\t\t\t\t<\/div>\n\t\t\t\t<\/div>\n\t\t\t\t\t<\/div>\n\t\t\t\t<\/div>\n\t\t\t\t<\/div>","protected":false},"featured_media":2443,"template":"","meta":{"_acf_changed":false,"footnotes":""},"categoria-de-proyecto":[33,35],"class_list":["post-2675","proyecto","type-proyecto","status-publish","has-post-thumbnail","hentry","categoria-de-proyecto-arquitectura","categoria-de-proyecto-reformas"],"acf":[],"yoast_head":"<!-- This site is optimized with the Yoast SEO plugin v23.5 - https:\/\/yoast.com\/wordpress\/plugins\/seo\/ -->\n<title>Vivienda Cerda\u00f1a &#8226; Llofriu &amp; Gonfaus<\/title>\n<meta name=\"description\" content=\"Arquitectura y construcci\u00f3n en la Cerda\u00f1a. Estudio de proyectos de arquitectura y construcci\u00f3n . Con nuestro gran equipo de arquitectos.\" \/>\n<meta name=\"robots\" content=\"index, follow, max-snippet:-1, max-image-preview:large, max-video-preview:-1\" \/>\n<link rel=\"canonical\" href=\"https:\/\/www.llofriugonfaus.com\/ca\/proyecto\/cerdana\/\" \/>\n<meta property=\"og:locale\" content=\"ca_ES\" \/>\n<meta property=\"og:type\" content=\"article\" \/>\n<meta property=\"og:title\" content=\"Vivienda Cerda\u00f1a &#8226; Llofriu &amp; Gonfaus\" \/>\n<meta property=\"og:description\" content=\"Arquitectura y construcci\u00f3n en la Cerda\u00f1a. Estudio de proyectos de arquitectura y construcci\u00f3n . Con nuestro gran equipo de arquitectos.\" \/>\n<meta property=\"og:url\" content=\"https:\/\/www.llofriugonfaus.com\/ca\/proyecto\/cerdana\/\" \/>\n<meta property=\"og:site_name\" content=\"Llofriu &amp; Gonfaus\" \/>\n<meta property=\"article:modified_time\" content=\"2023-10-06T08:22:00+00:00\" \/>\n<meta property=\"og:image\" content=\"https:\/\/www.llofriugonfaus.com\/wp-content\/uploads\/2023\/05\/Proyecto-Alp-2.webp\" \/>\n\t<meta property=\"og:image:width\" content=\"1440\" \/>\n\t<meta property=\"og:image:height\" content=\"1085\" \/>\n\t<meta property=\"og:image:type\" content=\"image\/webp\" \/>\n<meta name=\"twitter:card\" content=\"summary_large_image\" \/>\n<meta name=\"twitter:label1\" content=\"Temps estimat de lectura\" \/>\n\t<meta name=\"twitter:data1\" content=\"5 minuts\" \/>\n<script type=\"application\/ld+json\" class=\"yoast-schema-graph\">{\"@context\":\"https:\/\/schema.org\",\"@graph\":[{\"@type\":\"WebPage\",\"@id\":\"https:\/\/www.llofriugonfaus.com\/proyecto\/cerdana\/\",\"url\":\"https:\/\/www.llofriugonfaus.com\/proyecto\/cerdana\/\",\"name\":\"Vivienda Cerda\u00f1a &#8226; Llofriu &amp; Gonfaus\",\"isPartOf\":{\"@id\":\"https:\/\/www.llofriugonfaus.com\/#website\"},\"primaryImageOfPage\":{\"@id\":\"https:\/\/www.llofriugonfaus.com\/proyecto\/cerdana\/#primaryimage\"},\"image\":{\"@id\":\"https:\/\/www.llofriugonfaus.com\/proyecto\/cerdana\/#primaryimage\"},\"thumbnailUrl\":\"https:\/\/www.llofriugonfaus.com\/wp-content\/uploads\/2023\/05\/Proyecto-Alp-2.webp\",\"datePublished\":\"2023-06-02T10:03:35+00:00\",\"dateModified\":\"2023-10-06T08:22:00+00:00\",\"description\":\"Arquitectura y construcci\u00f3n en la Cerda\u00f1a. Estudio de proyectos de arquitectura y construcci\u00f3n . Con nuestro gran equipo de arquitectos.\",\"breadcrumb\":{\"@id\":\"https:\/\/www.llofriugonfaus.com\/proyecto\/cerdana\/#breadcrumb\"},\"inLanguage\":\"ca\",\"potentialAction\":[{\"@type\":\"ReadAction\",\"target\":[\"https:\/\/www.llofriugonfaus.com\/proyecto\/cerdana\/\"]}]},{\"@type\":\"ImageObject\",\"inLanguage\":\"ca\",\"@id\":\"https:\/\/www.llofriugonfaus.com\/proyecto\/cerdana\/#primaryimage\",\"url\":\"https:\/\/www.llofriugonfaus.com\/wp-content\/uploads\/2023\/05\/Proyecto-Alp-2.webp\",\"contentUrl\":\"https:\/\/www.llofriugonfaus.com\/wp-content\/uploads\/2023\/05\/Proyecto-Alp-2.webp\",\"width\":1440,\"height\":1085,\"caption\":\"Arquitectura Cerda\u00f1a\"},{\"@type\":\"BreadcrumbList\",\"@id\":\"https:\/\/www.llofriugonfaus.com\/proyecto\/cerdana\/#breadcrumb\",\"itemListElement\":[{\"@type\":\"ListItem\",\"position\":1,\"name\":\"Inicio\",\"item\":\"https:\/\/www.llofriugonfaus.com\/\"},{\"@type\":\"ListItem\",\"position\":2,\"name\":\"Vivienda Cerda\u00f1a\"}]},{\"@type\":\"WebSite\",\"@id\":\"https:\/\/www.llofriugonfaus.com\/#website\",\"url\":\"https:\/\/www.llofriugonfaus.com\/\",\"name\":\"Llofriu & Gonfaus\",\"description\":\"Estudio de Arquitectura e Interiorismo en Barcelona\",\"publisher\":{\"@id\":\"https:\/\/www.llofriugonfaus.com\/#organization\"},\"potentialAction\":[{\"@type\":\"SearchAction\",\"target\":{\"@type\":\"EntryPoint\",\"urlTemplate\":\"https:\/\/www.llofriugonfaus.com\/?s={search_term_string}\"},\"query-input\":{\"@type\":\"PropertyValueSpecification\",\"valueRequired\":true,\"valueName\":\"search_term_string\"}}],\"inLanguage\":\"ca\"},{\"@type\":\"Organization\",\"@id\":\"https:\/\/www.llofriugonfaus.com\/#organization\",\"name\":\"Llofriu & Gonfaus, S.L.\",\"url\":\"https:\/\/www.llofriugonfaus.com\/\",\"logo\":{\"@type\":\"ImageObject\",\"inLanguage\":\"ca\",\"@id\":\"https:\/\/www.llofriugonfaus.com\/#\/schema\/logo\/image\/\",\"url\":\"https:\/\/www.llofriugonfaus.com\/wp-content\/uploads\/2023\/05\/LOGO-DEFINITU-V12.png\",\"contentUrl\":\"https:\/\/www.llofriugonfaus.com\/wp-content\/uploads\/2023\/05\/LOGO-DEFINITU-V12.png\",\"width\":5113,\"height\":920,\"caption\":\"Llofriu & Gonfaus, S.L.\"},\"image\":{\"@id\":\"https:\/\/www.llofriugonfaus.com\/#\/schema\/logo\/image\/\"},\"sameAs\":[\"https:\/\/www.instagram.com\/llofriugonfaus\/\"]}]}<\/script>\n<!-- \/ Yoast SEO plugin. -->","yoast_head_json":{"title":"Vivienda Cerda\u00f1a &#8226; Llofriu &amp; Gonfaus","description":"Arquitectura y construcci\u00f3n en la Cerda\u00f1a. Estudio de proyectos de arquitectura y construcci\u00f3n . Con nuestro gran equipo de arquitectos.","robots":{"index":"index","follow":"follow","max-snippet":"max-snippet:-1","max-image-preview":"max-image-preview:large","max-video-preview":"max-video-preview:-1"},"canonical":"https:\/\/www.llofriugonfaus.com\/ca\/proyecto\/cerdana\/","og_locale":"ca_ES","og_type":"article","og_title":"Vivienda Cerda\u00f1a &#8226; Llofriu &amp; Gonfaus","og_description":"Arquitectura y construcci\u00f3n en la Cerda\u00f1a. Estudio de proyectos de arquitectura y construcci\u00f3n . Con nuestro gran equipo de arquitectos.","og_url":"https:\/\/www.llofriugonfaus.com\/ca\/proyecto\/cerdana\/","og_site_name":"Llofriu &amp; Gonfaus","article_modified_time":"2023-10-06T08:22:00+00:00","og_image":[{"width":1440,"height":1085,"url":"https:\/\/www.llofriugonfaus.com\/wp-content\/uploads\/2023\/05\/Proyecto-Alp-2.webp","type":"image\/webp"}],"twitter_card":"summary_large_image","twitter_misc":{"Temps estimat de lectura":"5 minuts"},"schema":{"@context":"https:\/\/schema.org","@graph":[{"@type":"WebPage","@id":"https:\/\/www.llofriugonfaus.com\/proyecto\/cerdana\/","url":"https:\/\/www.llofriugonfaus.com\/proyecto\/cerdana\/","name":"Vivienda Cerda\u00f1a &#8226; Llofriu &amp; Gonfaus","isPartOf":{"@id":"https:\/\/www.llofriugonfaus.com\/#website"},"primaryImageOfPage":{"@id":"https:\/\/www.llofriugonfaus.com\/proyecto\/cerdana\/#primaryimage"},"image":{"@id":"https:\/\/www.llofriugonfaus.com\/proyecto\/cerdana\/#primaryimage"},"thumbnailUrl":"https:\/\/www.llofriugonfaus.com\/wp-content\/uploads\/2023\/05\/Proyecto-Alp-2.webp","datePublished":"2023-06-02T10:03:35+00:00","dateModified":"2023-10-06T08:22:00+00:00","description":"Arquitectura y construcci\u00f3n en la Cerda\u00f1a. Estudio de proyectos de arquitectura y construcci\u00f3n . Con nuestro gran equipo de arquitectos.","breadcrumb":{"@id":"https:\/\/www.llofriugonfaus.com\/proyecto\/cerdana\/#breadcrumb"},"inLanguage":"ca","potentialAction":[{"@type":"ReadAction","target":["https:\/\/www.llofriugonfaus.com\/proyecto\/cerdana\/"]}]},{"@type":"ImageObject","inLanguage":"ca","@id":"https:\/\/www.llofriugonfaus.com\/proyecto\/cerdana\/#primaryimage","url":"https:\/\/www.llofriugonfaus.com\/wp-content\/uploads\/2023\/05\/Proyecto-Alp-2.webp","contentUrl":"https:\/\/www.llofriugonfaus.com\/wp-content\/uploads\/2023\/05\/Proyecto-Alp-2.webp","width":1440,"height":1085,"caption":"Arquitectura Cerda\u00f1a"},{"@type":"BreadcrumbList","@id":"https:\/\/www.llofriugonfaus.com\/proyecto\/cerdana\/#breadcrumb","itemListElement":[{"@type":"ListItem","position":1,"name":"Inicio","item":"https:\/\/www.llofriugonfaus.com\/"},{"@type":"ListItem","position":2,"name":"Vivienda Cerda\u00f1a"}]},{"@type":"WebSite","@id":"https:\/\/www.llofriugonfaus.com\/#website","url":"https:\/\/www.llofriugonfaus.com\/","name":"Llofriu & Gonfaus","description":"Estudio de Arquitectura e Interiorismo en Barcelona","publisher":{"@id":"https:\/\/www.llofriugonfaus.com\/#organization"},"potentialAction":[{"@type":"SearchAction","target":{"@type":"EntryPoint","urlTemplate":"https:\/\/www.llofriugonfaus.com\/?s={search_term_string}"},"query-input":{"@type":"PropertyValueSpecification","valueRequired":true,"valueName":"search_term_string"}}],"inLanguage":"ca"},{"@type":"Organization","@id":"https:\/\/www.llofriugonfaus.com\/#organization","name":"Llofriu & Gonfaus, S.L.","url":"https:\/\/www.llofriugonfaus.com\/","logo":{"@type":"ImageObject","inLanguage":"ca","@id":"https:\/\/www.llofriugonfaus.com\/#\/schema\/logo\/image\/","url":"https:\/\/www.llofriugonfaus.com\/wp-content\/uploads\/2023\/05\/LOGO-DEFINITU-V12.png","contentUrl":"https:\/\/www.llofriugonfaus.com\/wp-content\/uploads\/2023\/05\/LOGO-DEFINITU-V12.png","width":5113,"height":920,"caption":"Llofriu & Gonfaus, S.L."},"image":{"@id":"https:\/\/www.llofriugonfaus.com\/#\/schema\/logo\/image\/"},"sameAs":["https:\/\/www.instagram.com\/llofriugonfaus\/"]}]}},"_links":{"self":[{"href":"https:\/\/www.llofriugonfaus.com\/ca\/wp-json\/wp\/v2\/proyecto\/2675","targetHints":{"allow":["GET"]}}],"collection":[{"href":"https:\/\/www.llofriugonfaus.com\/ca\/wp-json\/wp\/v2\/proyecto"}],"about":[{"href":"https:\/\/www.llofriugonfaus.com\/ca\/wp-json\/wp\/v2\/types\/proyecto"}],"version-history":[{"count":26,"href":"https:\/\/www.llofriugonfaus.com\/ca\/wp-json\/wp\/v2\/proyecto\/2675\/revisions"}],"predecessor-version":[{"id":4608,"href":"https:\/\/www.llofriugonfaus.com\/ca\/wp-json\/wp\/v2\/proyecto\/2675\/revisions\/4608"}],"wp:featuredmedia":[{"embeddable":true,"href":"https:\/\/www.llofriugonfaus.com\/ca\/wp-json\/wp\/v2\/media\/2443"}],"wp:attachment":[{"href":"https:\/\/www.llofriugonfaus.com\/ca\/wp-json\/wp\/v2\/media?parent=2675"}],"wp:term":[{"taxonomy":"categoria-de-proyecto","embeddable":true,"href":"https:\/\/www.llofriugonfaus.com\/ca\/wp-json\/wp\/v2\/categoria-de-proyecto?post=2675"}],"curies":[{"name":"wp","href":"https:\/\/api.w.org\/{rel}","templated":true}]}}