{"id":2677,"date":"2023-06-02T10:06:20","date_gmt":"2023-06-02T10:06:20","guid":{"rendered":"http:\/\/www.llofriugonfaus.com\/?post_type=portfolio-item&#038;p=2677"},"modified":"2023-09-28T10:05:01","modified_gmt":"2023-09-28T10:05:01","slug":"vivienda-unifamiliar","status":"publish","type":"proyecto","link":"https:\/\/www.llofriugonfaus.com\/ca\/proyecto\/vivienda-unifamiliar\/","title":{"rendered":"Habitatge Unifamiliar"},"content":{"rendered":"<div data-elementor-type=\"wp-post\" data-elementor-id=\"2677\" class=\"elementor elementor-2677\" data-elementor-post-type=\"proyecto\">\n\t\t\t\t<div class=\"elementor-element elementor-element-6e9e4aee e-con-full e-flex qodef-elementor-content-no e-con e-parent\" data-id=\"6e9e4aee\" data-element_type=\"container\">\n\t\t<div class=\"elementor-element elementor-element-66e161fb e-con-full e-flex qodef-elementor-content-no e-con e-child\" data-id=\"66e161fb\" data-element_type=\"container\">\n\t\t\t\t<div class=\"elementor-element elementor-element-628c036c elementor-widget elementor-widget-text-editor\" data-id=\"628c036c\" data-element_type=\"widget\" data-widget_type=\"text-editor.default\">\n\t\t\t\t<div class=\"elementor-widget-container\">\n\t\t\t\t\t\t\t<p>Projecte<\/p>\t\t\t\t\t\t<\/div>\n\t\t\t\t<\/div>\n\t\t\t\t<\/div>\n\t\t<div class=\"elementor-element elementor-element-5ce2f5d3 e-con-full e-flex qodef-elementor-content-no e-con e-child\" data-id=\"5ce2f5d3\" data-element_type=\"container\">\n\t\t\t\t<div class=\"elementor-element elementor-element-bdf67cb elementor-widget elementor-widget-heading\" data-id=\"bdf67cb\" data-element_type=\"widget\" data-widget_type=\"heading.default\">\n\t\t\t\t<div class=\"elementor-widget-container\">\n\t\t\t<h2 class=\"elementor-heading-title elementor-size-default\"> Habitatge unifamiliar a Castelldefels<\/h2>\t\t<\/div>\n\t\t\t\t<\/div>\n\t\t\t\t<div class=\"elementor-element elementor-element-67e68938 elementor-widget elementor-widget-text-editor\" data-id=\"67e68938\" data-element_type=\"widget\" data-widget_type=\"text-editor.default\">\n\t\t\t\t<div class=\"elementor-widget-container\">\n\t\t\t\t\t\t\t<p>El projecte de reforma i rehabilitaci\u00f3 integral d&#039;una <strong>habitatge unifamiliar<\/strong> entre mitgeres ubicada a Castelldefels. On preval la senzillesa de les l\u00ednies pures i el m\u00e0xim aprofitament de lespai. Donant valor a la lluerna central que fa d&#039;eix distribu\u00efdor de l&#039;espai del conjunt.<\/p>\t\t\t\t\t\t<\/div>\n\t\t\t\t<\/div>\n\t\t\t\t<\/div>\n\t\t<div class=\"elementor-element elementor-element-787120a5 e-con-full e-flex qodef-elementor-content-no e-con e-child\" data-id=\"787120a5\" data-element_type=\"container\">\n\t\t\t\t<\/div>\n\t\t\t\t<\/div>\n\t\t<div class=\"elementor-element elementor-element-6806de18 e-flex e-con-boxed qodef-elementor-content-no e-con e-parent\" data-id=\"6806de18\" data-element_type=\"container\">\n\t\t\t\t\t<div class=\"e-con-inner\">\n\t\t\t\t<div class=\"elementor-element elementor-element-ccdbbd1 elementor-widget elementor-widget-qi_addons_for_elementor_image_slider\" data-id=\"ccdbbd1\" data-element_type=\"widget\" data-widget_type=\"qi_addons_for_elementor_image_slider.default\">\n\t\t\t\t<div class=\"elementor-widget-container\">\n\t\t\t<div class=\"qodef-shortcode qodef-m  qodef-qi-image-slider qodef-qi-fslightbox-popup qodef-popup-gallery    qodef-col-num--1 qodef-qi-grid qodef-qi-swiper-container  qodef-navigation--outside  qodef-pagination--outside qodef-pagination-alignment--center   qodef-navigation--hover-move\" data-options=\"{&quot;direction&quot;:&quot;horizontal&quot;,&quot;slidesPerView&quot;:&quot;1&quot;,&quot;spaceBetween&quot;:0,&quot;spaceBetweenTablet&quot;:30,&quot;spaceBetweenMobile&quot;:30,&quot;effect&quot;:&quot;fade&quot;,&quot;loop&quot;:true,&quot;autoplay&quot;:true,&quot;centeredSlides&quot;:true,&quot;speed&quot;:&quot;&quot;,&quot;speedAnimation&quot;:&quot;&quot;,&quot;outsideNavigation&quot;:&quot;yes&quot;,&quot;outsidePagination&quot;:&quot;yes&quot;,&quot;unique&quot;:716,&quot;partialValue&quot;:0,&quot;disablePartialValue&quot;:&quot;&quot;,&quot;parallax&quot;:&quot;no&quot;}\">\n\t<div class=\"swiper-wrapper\">\n\t\t<div class=\"qodef-e swiper-slide\">\n\t<div class=\"qodef-e-inner\">\n\t\t<div class=\"qodef-e-inner-holder\">\n\t\t\t\t\t\t\t<a class=\"qodef-popup-item\" itemprop=\"image\" href=\"https:\/\/www.llofriugonfaus.com\/wp-content\/uploads\/2023\/05\/Llofriu-Gonfaus-Proyecto-Castelldefels-3.webp\" data-type=\"image\" data-fslightbox=\"gallery-716\">\n\t\t\t\t\t\t\t<img fetchpriority=\"high\" decoding=\"async\" width=\"1920\" height=\"1239\" src=\"https:\/\/www.llofriugonfaus.com\/wp-content\/uploads\/2023\/05\/Llofriu-Gonfaus-Proyecto-Castelldefels-3.webp\" class=\"attachment-full size-full\" alt=\"Vivienda unifamiliar en Castelldefels cerca del mar Mediterr\u00e1neo. Arquitectura y reforma. Un dise\u00f1o para emocionar y el lujo para vivirlo. Arquitectura y dise\u00f1o.\" srcset=\"https:\/\/www.llofriugonfaus.com\/wp-content\/uploads\/2023\/05\/Llofriu-Gonfaus-Proyecto-Castelldefels-3.webp 1920w, https:\/\/www.llofriugonfaus.com\/wp-content\/uploads\/2023\/05\/Llofriu-Gonfaus-Proyecto-Castelldefels-3-300x194.webp 300w, https:\/\/www.llofriugonfaus.com\/wp-content\/uploads\/2023\/05\/Llofriu-Gonfaus-Proyecto-Castelldefels-3-1024x661.webp 1024w, https:\/\/www.llofriugonfaus.com\/wp-content\/uploads\/2023\/05\/Llofriu-Gonfaus-Proyecto-Castelldefels-3-768x496.webp 768w, https:\/\/www.llofriugonfaus.com\/wp-content\/uploads\/2023\/05\/Llofriu-Gonfaus-Proyecto-Castelldefels-3-1536x991.webp 1536w\" sizes=\"(max-width: 1920px) 100vw, 1920px\" \/>\t\t\t\t\t\t\t<\/a>\n\t\t\t\t\t<\/div>\n\t<\/div>\n\t<\/div>\n<div class=\"qodef-e swiper-slide\">\n\t<div class=\"qodef-e-inner\">\n\t\t<div class=\"qodef-e-inner-holder\">\n\t\t\t\t\t\t\t<a class=\"qodef-popup-item\" itemprop=\"image\" href=\"https:\/\/www.llofriugonfaus.com\/wp-content\/uploads\/2023\/05\/Llofriu-Gonfaus-Proyecto-Castelldefels-15.webp\" data-type=\"image\" data-fslightbox=\"gallery-716\">\n\t\t\t\t\t\t\t<img decoding=\"async\" width=\"1920\" height=\"1447\" src=\"https:\/\/www.llofriugonfaus.com\/wp-content\/uploads\/2023\/05\/Llofriu-Gonfaus-Proyecto-Castelldefels-15.webp\" class=\"attachment-full size-full\" alt=\"Vivienda unifamiliar en Castelldefels cerca del mar Mediterr\u00e1neo. Arquitectura y reforma. Un dise\u00f1o para emocionar y el lujo para vivirlo. Arquitectura y dise\u00f1o.\" srcset=\"https:\/\/www.llofriugonfaus.com\/wp-content\/uploads\/2023\/05\/Llofriu-Gonfaus-Proyecto-Castelldefels-15.webp 1920w, https:\/\/www.llofriugonfaus.com\/wp-content\/uploads\/2023\/05\/Llofriu-Gonfaus-Proyecto-Castelldefels-15-300x226.webp 300w, https:\/\/www.llofriugonfaus.com\/wp-content\/uploads\/2023\/05\/Llofriu-Gonfaus-Proyecto-Castelldefels-15-1024x772.webp 1024w, https:\/\/www.llofriugonfaus.com\/wp-content\/uploads\/2023\/05\/Llofriu-Gonfaus-Proyecto-Castelldefels-15-768x579.webp 768w, https:\/\/www.llofriugonfaus.com\/wp-content\/uploads\/2023\/05\/Llofriu-Gonfaus-Proyecto-Castelldefels-15-1536x1158.webp 1536w\" sizes=\"(max-width: 1920px) 100vw, 1920px\" \/>\t\t\t\t\t\t\t<\/a>\n\t\t\t\t\t<\/div>\n\t<\/div>\n\t<\/div>\n<div class=\"qodef-e swiper-slide\">\n\t<div class=\"qodef-e-inner\">\n\t\t<div class=\"qodef-e-inner-holder\">\n\t\t\t\t\t\t\t<a class=\"qodef-popup-item\" itemprop=\"image\" href=\"https:\/\/www.llofriugonfaus.com\/wp-content\/uploads\/2023\/07\/Llofriu-Gonfaus-Proyecto-Castelldefels-18.webp\" data-type=\"image\" data-fslightbox=\"gallery-716\">\n\t\t\t\t\t\t\t<img decoding=\"async\" width=\"1920\" height=\"1215\" src=\"https:\/\/www.llofriugonfaus.com\/wp-content\/uploads\/2023\/07\/Llofriu-Gonfaus-Proyecto-Castelldefels-18.webp\" class=\"attachment-full size-full\" alt=\"Vivienda unifamiliar en Castelldefels cerca del mar Mediterr\u00e1neo. Arquitectura y reforma. Un dise\u00f1o para emocionar y el lujo para vivirlo. Arquitectura y dise\u00f1o.\" srcset=\"https:\/\/www.llofriugonfaus.com\/wp-content\/uploads\/2023\/07\/Llofriu-Gonfaus-Proyecto-Castelldefels-18.webp 1920w, https:\/\/www.llofriugonfaus.com\/wp-content\/uploads\/2023\/07\/Llofriu-Gonfaus-Proyecto-Castelldefels-18-300x190.webp 300w, https:\/\/www.llofriugonfaus.com\/wp-content\/uploads\/2023\/07\/Llofriu-Gonfaus-Proyecto-Castelldefels-18-1024x648.webp 1024w, https:\/\/www.llofriugonfaus.com\/wp-content\/uploads\/2023\/07\/Llofriu-Gonfaus-Proyecto-Castelldefels-18-768x486.webp 768w, https:\/\/www.llofriugonfaus.com\/wp-content\/uploads\/2023\/07\/Llofriu-Gonfaus-Proyecto-Castelldefels-18-1536x972.webp 1536w\" sizes=\"(max-width: 1920px) 100vw, 1920px\" \/>\t\t\t\t\t\t\t<\/a>\n\t\t\t\t\t<\/div>\n\t<\/div>\n\t<\/div>\n<div class=\"qodef-e swiper-slide\">\n\t<div class=\"qodef-e-inner\">\n\t\t<div class=\"qodef-e-inner-holder\">\n\t\t\t\t\t\t\t<a class=\"qodef-popup-item\" itemprop=\"image\" href=\"https:\/\/www.llofriugonfaus.com\/wp-content\/uploads\/2023\/05\/Llofriu-Gonfaus-Proyecto-Castelldefels-1.webp\" data-type=\"image\" data-fslightbox=\"gallery-716\">\n\t\t\t\t\t\t\t<img loading=\"lazy\" decoding=\"async\" width=\"608\" height=\"1080\" src=\"https:\/\/www.llofriugonfaus.com\/wp-content\/uploads\/2023\/05\/Llofriu-Gonfaus-Proyecto-Castelldefels-1.webp\" class=\"attachment-full size-full\" alt=\"Vivienda unifamiliar en Castelldefels cerca del mar Mediterr\u00e1neo. Arquitectura y reforma. Un dise\u00f1o para emocionar y el lujo para vivirlo. Arquitectura y dise\u00f1o.\" srcset=\"https:\/\/www.llofriugonfaus.com\/wp-content\/uploads\/2023\/05\/Llofriu-Gonfaus-Proyecto-Castelldefels-1.webp 608w, https:\/\/www.llofriugonfaus.com\/wp-content\/uploads\/2023\/05\/Llofriu-Gonfaus-Proyecto-Castelldefels-1-169x300.webp 169w, https:\/\/www.llofriugonfaus.com\/wp-content\/uploads\/2023\/05\/Llofriu-Gonfaus-Proyecto-Castelldefels-1-576x1024.webp 576w\" sizes=\"(max-width: 608px) 100vw, 608px\" \/>\t\t\t\t\t\t\t<\/a>\n\t\t\t\t\t<\/div>\n\t<\/div>\n\t<\/div>\n\t<\/div>\n\t<\/div>\n\t\t<div class=\"swiper-button-prev swiper-button-outside swiper-button-prev-716\"><svg xmlns=\"http:\/\/www.w3.org\/2000\/svg\" viewbox=\"0 0 26 50\"><polygon points=\"25.29 0 26 0.7 1.42 25 26 49.3 25.29 50 0 25 25.29 0\" style=\"stroke:transparent;\"><\/polygon><\/svg><\/div>\n\t<div class=\"swiper-button-next swiper-button-outside swiper-button-next-716\"><svg xmlns=\"http:\/\/www.w3.org\/2000\/svg\" viewbox=\"0 0 26 50\"><polygon points=\"0.71 50 0 49.3 24.58 25 0 0.7 0.71 0 26 25 0.71 50\" style=\"stroke:transparent;\"><\/polygon><\/svg><\/div>\n\t\t<div class=\"swiper-pagination qodef-swiper-pagination-outside swiper-pagination-716\"><\/div>\n\t\t<\/div>\n\t\t\t\t<\/div>\n\t\t\t\t\t<\/div>\n\t\t\t\t<\/div>\n\t\t<div class=\"elementor-element elementor-element-5998ca39 e-flex e-con-boxed qodef-elementor-content-no e-con e-parent\" data-id=\"5998ca39\" data-element_type=\"container\" data-settings=\"{&quot;background_background&quot;:&quot;classic&quot;}\">\n\t\t\t\t\t<div class=\"e-con-inner\">\n\t\t<div class=\"elementor-element elementor-element-6305aae3 e-flex e-con-boxed qodef-elementor-content-no e-con e-child\" data-id=\"6305aae3\" data-element_type=\"container\">\n\t\t\t\t\t<div class=\"e-con-inner\">\n\t\t\t\t<div class=\"elementor-element elementor-element-248ae078 elementor-widget elementor-widget-heading\" data-id=\"248ae078\" data-element_type=\"widget\" data-widget_type=\"heading.default\">\n\t\t\t\t<div class=\"elementor-widget-container\">\n\t\t\t<h3 class=\"elementor-heading-title elementor-size-default\">Cuina a mida a l&#039;habitatge unifamiliar<\/h3>\t\t<\/div>\n\t\t\t\t<\/div>\n\t\t\t\t<div class=\"elementor-element elementor-element-7fef041b elementor-widget elementor-widget-text-editor\" data-id=\"7fef041b\" data-element_type=\"widget\" data-widget_type=\"text-editor.default\">\n\t\t\t\t<div class=\"elementor-widget-container\">\n\t\t\t\t\t\t\t<p><span style=\"font-weight: 400;\">La cuina \u00e9s un espai de trobada i gaudi de la gastronomia, tant al dia a dia com quan tenim convidats, convertint-se en un ampli i acollidor lloc. Per aix\u00f2, hem triat una taula vers\u00e0til que s&#039;adapta a les nostres necessitats di\u00e0ries i es transforma en un espai m\u00e9s ampli per rebre els convidats.<\/span><\/p><p><span style=\"font-weight: 400;\">Hem integrat de forma harmoniosa els elements de fusta, com la taula i el plaf\u00f3 superior. Ubicant els llums de la taula en aquest element. Creant un ambient c\u00e0lid i acollidor, ressaltant la bellesa i la funcionalitat de l&#039;espai.<\/span><\/p><p><span style=\"font-weight: 400;\">L&#039;estil que hem triat \u00e9s minimalista amb l\u00ednies rectes que transmeten eleg\u00e0ncia i sofisticaci\u00f3. Els materials utilitzats s\u00f3n de la m\u00e0xima qualitat i se n&#039;ha tingut en compte la fabricaci\u00f3 meticulosa. El taulell \u00e9s de corian blanc i el mobiliari \u00e9s de fusta lacada que es caracteritza pel seu acabat llis i mat, creant una superf\u00edcie duradora i resistent. En tonalitat grisa fosc, que contrasta de manera excepcional amb els tons blancs del conjunt.<\/span><\/p><p><span style=\"font-weight: 400;\">Els armaris, calaixos i portes estan dissenyats per oferir una funcionalitat \u00f2ptima, amb sistemes d&#039;obertura suau i tancament esmorte\u00eft. A m\u00e9s a m\u00e9s, consten de sistemes d&#039;organitzaci\u00f3 interna intel\u00b7ligents i calaixos extra\u00efbles, divisors i prestatges ajustables, per maximitzar l&#039;espai d&#039;emmagatzematge i facilitar l&#039;acc\u00e9s als utensilis i aliments.<\/span><\/p><p><span style=\"font-weight: 400;\">Pel que fa als electrodom\u00e8stics, hem optat per aquells de gamma alta. De marques reconegudes, que es distingeixen per la seva excel\u00b7l\u00e8ncia quant a durabilitat, efici\u00e8ncia energ\u00e8tica i prestacions<\/span><\/p>\t\t\t\t\t\t<\/div>\n\t\t\t\t<\/div>\n\t\t\t\t\t<\/div>\n\t\t\t\t<\/div>\n\t\t\t\t\t<\/div>\n\t\t\t\t<\/div>\n\t\t<div class=\"elementor-element elementor-element-7fc0c1c e-con-full e-flex qodef-elementor-content-no e-con e-parent\" data-id=\"7fc0c1c\" data-element_type=\"container\">\n\t\t\t\t<div class=\"elementor-element elementor-element-28015971 elementor-widget elementor-widget-qi_addons_for_elementor_image_slider\" data-id=\"28015971\" data-element_type=\"widget\" data-widget_type=\"qi_addons_for_elementor_image_slider.default\">\n\t\t\t\t<div class=\"elementor-widget-container\">\n\t\t\t<div class=\"qodef-shortcode qodef-m  qodef-qi-image-slider qodef-qi-fslightbox-popup qodef-popup-gallery    qodef-col-num--1 qodef-qi-grid qodef-qi-swiper-container  qodef-navigation--inside      qodef-navigation--hover-move\" data-options=\"{&quot;direction&quot;:&quot;horizontal&quot;,&quot;slidesPerView&quot;:&quot;1&quot;,&quot;spaceBetween&quot;:0,&quot;spaceBetweenTablet&quot;:30,&quot;spaceBetweenMobile&quot;:30,&quot;effect&quot;:&quot;slide&quot;,&quot;loop&quot;:true,&quot;autoplay&quot;:true,&quot;centeredSlides&quot;:true,&quot;speed&quot;:&quot;&quot;,&quot;speedAnimation&quot;:&quot;&quot;,&quot;outsideNavigation&quot;:&quot;no&quot;,&quot;outsidePagination&quot;:&quot;no&quot;,&quot;unique&quot;:748,&quot;partialValue&quot;:0,&quot;disablePartialValue&quot;:&quot;&quot;,&quot;parallax&quot;:&quot;no&quot;}\">\n\t<div class=\"swiper-wrapper\">\n\t\t<div class=\"qodef-e swiper-slide\">\n\t<div class=\"qodef-e-inner\">\n\t\t<div class=\"qodef-e-inner-holder\">\n\t\t\t\t\t\t\t<a class=\"qodef-popup-item\" itemprop=\"image\" href=\"https:\/\/www.llofriugonfaus.com\/wp-content\/uploads\/2023\/05\/Llofriu-Gonfaus-Proyecto-Castelldefels-8.webp\" data-type=\"image\" data-fslightbox=\"gallery-748\">\n\t\t\t\t\t\t\t<img loading=\"lazy\" decoding=\"async\" width=\"1920\" height=\"1440\" src=\"https:\/\/www.llofriugonfaus.com\/wp-content\/uploads\/2023\/05\/Llofriu-Gonfaus-Proyecto-Castelldefels-8.webp\" class=\"attachment-full size-full\" alt=\"Vivienda unifamiliar en Castelldefels cerca del mar Mediterr\u00e1neo. Arquitectura y reforma. Un dise\u00f1o para emocionar y el lujo para vivirlo. Arquitectura y dise\u00f1o.\" srcset=\"https:\/\/www.llofriugonfaus.com\/wp-content\/uploads\/2023\/05\/Llofriu-Gonfaus-Proyecto-Castelldefels-8.webp 1920w, https:\/\/www.llofriugonfaus.com\/wp-content\/uploads\/2023\/05\/Llofriu-Gonfaus-Proyecto-Castelldefels-8-300x225.webp 300w, https:\/\/www.llofriugonfaus.com\/wp-content\/uploads\/2023\/05\/Llofriu-Gonfaus-Proyecto-Castelldefels-8-1024x768.webp 1024w, https:\/\/www.llofriugonfaus.com\/wp-content\/uploads\/2023\/05\/Llofriu-Gonfaus-Proyecto-Castelldefels-8-768x576.webp 768w, https:\/\/www.llofriugonfaus.com\/wp-content\/uploads\/2023\/05\/Llofriu-Gonfaus-Proyecto-Castelldefels-8-1536x1152.webp 1536w\" sizes=\"(max-width: 1920px) 100vw, 1920px\" \/>\t\t\t\t\t\t\t<\/a>\n\t\t\t\t\t<\/div>\n\t<\/div>\n\t<\/div>\n<div class=\"qodef-e swiper-slide\">\n\t<div class=\"qodef-e-inner\">\n\t\t<div class=\"qodef-e-inner-holder\">\n\t\t\t\t\t\t\t<a class=\"qodef-popup-item\" itemprop=\"image\" href=\"https:\/\/www.llofriugonfaus.com\/wp-content\/uploads\/2023\/05\/Llofriu-Gonfaus-Proyecto-Castelldefels-4.webp\" data-type=\"image\" data-fslightbox=\"gallery-748\">\n\t\t\t\t\t\t\t<img loading=\"lazy\" decoding=\"async\" width=\"1920\" height=\"1338\" src=\"https:\/\/www.llofriugonfaus.com\/wp-content\/uploads\/2023\/05\/Llofriu-Gonfaus-Proyecto-Castelldefels-4.webp\" class=\"attachment-full size-full\" alt=\"Vivienda unifamiliar en Castelldefels cerca del mar Mediterr\u00e1neo. Arquitectura y reforma. Un dise\u00f1o para emocionar y el lujo para vivirlo. Arquitectura y dise\u00f1o.\" srcset=\"https:\/\/www.llofriugonfaus.com\/wp-content\/uploads\/2023\/05\/Llofriu-Gonfaus-Proyecto-Castelldefels-4.webp 1920w, https:\/\/www.llofriugonfaus.com\/wp-content\/uploads\/2023\/05\/Llofriu-Gonfaus-Proyecto-Castelldefels-4-300x209.webp 300w, https:\/\/www.llofriugonfaus.com\/wp-content\/uploads\/2023\/05\/Llofriu-Gonfaus-Proyecto-Castelldefels-4-1024x714.webp 1024w, https:\/\/www.llofriugonfaus.com\/wp-content\/uploads\/2023\/05\/Llofriu-Gonfaus-Proyecto-Castelldefels-4-768x535.webp 768w, https:\/\/www.llofriugonfaus.com\/wp-content\/uploads\/2023\/05\/Llofriu-Gonfaus-Proyecto-Castelldefels-4-1536x1070.webp 1536w\" sizes=\"(max-width: 1920px) 100vw, 1920px\" \/>\t\t\t\t\t\t\t<\/a>\n\t\t\t\t\t<\/div>\n\t<\/div>\n\t<\/div>\n<div class=\"qodef-e swiper-slide\">\n\t<div class=\"qodef-e-inner\">\n\t\t<div class=\"qodef-e-inner-holder\">\n\t\t\t\t\t\t\t<a class=\"qodef-popup-item\" itemprop=\"image\" href=\"https:\/\/www.llofriugonfaus.com\/wp-content\/uploads\/2023\/05\/Llofriu-Gonfaus-Proyecto-Castelldefels-6.webp\" data-type=\"image\" data-fslightbox=\"gallery-748\">\n\t\t\t\t\t\t\t<img loading=\"lazy\" decoding=\"async\" width=\"1920\" height=\"1200\" src=\"https:\/\/www.llofriugonfaus.com\/wp-content\/uploads\/2023\/05\/Llofriu-Gonfaus-Proyecto-Castelldefels-6.webp\" class=\"attachment-full size-full\" alt=\"Vivienda unifamiliar en Castelldefels cerca del mar Mediterr\u00e1neo. Arquitectura y reforma. Un dise\u00f1o para emocionar y el lujo para vivirlo. Arquitectura y dise\u00f1o.\" srcset=\"https:\/\/www.llofriugonfaus.com\/wp-content\/uploads\/2023\/05\/Llofriu-Gonfaus-Proyecto-Castelldefels-6.webp 1920w, https:\/\/www.llofriugonfaus.com\/wp-content\/uploads\/2023\/05\/Llofriu-Gonfaus-Proyecto-Castelldefels-6-300x188.webp 300w, https:\/\/www.llofriugonfaus.com\/wp-content\/uploads\/2023\/05\/Llofriu-Gonfaus-Proyecto-Castelldefels-6-1024x640.webp 1024w, https:\/\/www.llofriugonfaus.com\/wp-content\/uploads\/2023\/05\/Llofriu-Gonfaus-Proyecto-Castelldefels-6-768x480.webp 768w, https:\/\/www.llofriugonfaus.com\/wp-content\/uploads\/2023\/05\/Llofriu-Gonfaus-Proyecto-Castelldefels-6-1536x960.webp 1536w\" sizes=\"(max-width: 1920px) 100vw, 1920px\" \/>\t\t\t\t\t\t\t<\/a>\n\t\t\t\t\t<\/div>\n\t<\/div>\n\t<\/div>\n\t<\/div>\n\t\t<div class=\"swiper-button-prev\"><svg xmlns=\"http:\/\/www.w3.org\/2000\/svg\" viewbox=\"0 0 26 50\"><polygon points=\"25.29 0 26 0.7 1.42 25 26 49.3 25.29 50 0 25 25.29 0\" style=\"stroke:transparent;\"><\/polygon><\/svg><\/div>\n\t<div class=\"swiper-button-next\"><svg xmlns=\"http:\/\/www.w3.org\/2000\/svg\" viewbox=\"0 0 26 50\"><polygon points=\"0.71 50 0 49.3 24.58 25 0 0.7 0.71 0 26 25 0.71 50\" style=\"stroke:transparent;\"><\/polygon><\/svg><\/div>\n<\/div>\n\t\t<\/div>\n\t\t\t\t<\/div>\n\t\t\t\t<\/div>\n\t\t<div class=\"elementor-element elementor-element-c3f40ff e-flex e-con-boxed qodef-elementor-content-no e-con e-parent\" data-id=\"c3f40ff\" data-element_type=\"container\" data-settings=\"{&quot;background_background&quot;:&quot;classic&quot;}\">\n\t\t\t\t\t<div class=\"e-con-inner\">\n\t\t<div class=\"elementor-element elementor-element-35f9c6c e-flex e-con-boxed qodef-elementor-content-no e-con e-child\" data-id=\"35f9c6c\" data-element_type=\"container\">\n\t\t\t\t\t<div class=\"e-con-inner\">\n\t\t\t\t<div class=\"elementor-element elementor-element-06fb75e elementor-widget elementor-widget-heading\" data-id=\"06fb75e\" data-element_type=\"widget\" data-widget_type=\"heading.default\">\n\t\t\t\t<div class=\"elementor-widget-container\">\n\t\t\t<h3 class=\"elementor-heading-title elementor-size-default\">Lluenari com a punt focal<\/h3>\t\t<\/div>\n\t\t\t\t<\/div>\n\t\t\t\t<div class=\"elementor-element elementor-element-342e9c0 elementor-widget elementor-widget-text-editor\" data-id=\"342e9c0\" data-element_type=\"widget\" data-widget_type=\"text-editor.default\">\n\t\t\t\t<div class=\"elementor-widget-container\">\n\t\t\t\t\t\t\t<p><span style=\"font-weight: 400;\">El projecte de l&#039;habitatge unifamiliar, es basa en la centralitat de la lluerna, que es converteix en el punt focal i destacat del disseny. La lluerna \u00e9s un element arquitect\u00f2nic que permet l&#039;entrada de llum natural a l&#039;espai, creant un ambient llumin\u00f3s i acollidor.<\/span><\/p><p><span style=\"font-weight: 400;\">L&#039;escala, situada estrat\u00e8gicament a la part inferior de la lluerna, t\u00e9 un paper fonamental en la distribuci\u00f3 dels espais i en la connexi\u00f3 entre les diferents plantes de la casa. S&#039;ha optat per una estructura met\u00e0l\u00b7lica, sense contrapetjades, cosa que li confereix un aspecte contemporani i lleuger. Donant llum i ombres fins al punt m\u00e9s inferior.<\/span><\/p><p><span style=\"font-weight: 400;\">La barana de l&#039;escala esculpida amb barrots met\u00e0l\u00b7lics inclinats en diverses direccions afegeix un toc art\u00edstic i escult\u00f2ric al disseny. Aquesta elecci\u00f3 permet que les ombres i les tonalitats de colors neutres es projectin a l&#039;espai, creant una experi\u00e8ncia visual \u00fanica i enriquidora de joc de llums i ombres que es combinen per crear un espai \u00fanic i visualment captivador.\u00a0<\/span><\/p><p><span style=\"font-weight: 400;\">Els esglaons de l&#039;escala s&#039;han escollit fusta massissa de roure natural, cosa que proporciona una sensaci\u00f3 de calidesa i confort a l&#039;ambient. La fusta transmet una est\u00e8tica natural i sintegra harmoniosament amb el disseny general.<\/span><\/p><p><span style=\"font-weight: 400;\">A m\u00e9s, s&#039;ha aprofitat la ubicaci\u00f3 de l&#039;espai distribu\u00efdor de la lluerna per instal\u00b7lar una xemeneia de llenya. Aquesta ubicaci\u00f3 estrat\u00e8gica permet que la calor generada per la xemeneia es propagui verticalment cap a les habitacions de la planta superior. A m\u00e9s de proporcionar un ambient c\u00e0lid i acollidor, aix\u00f2 contribueix a l&#039;estalvi energ\u00e8tic en aprofitar la calor ascendent de manera eficient.<\/span><\/p>\t\t\t\t\t\t<\/div>\n\t\t\t\t<\/div>\n\t\t\t\t\t<\/div>\n\t\t\t\t<\/div>\n\t\t\t\t\t<\/div>\n\t\t\t\t<\/div>\n\t\t<div class=\"elementor-element elementor-element-57cf236 e-con-full e-flex qodef-elementor-content-no e-con e-parent\" data-id=\"57cf236\" data-element_type=\"container\">\n\t\t<div class=\"elementor-element elementor-element-9164e08 e-flex e-con-boxed qodef-elementor-content-no e-con e-child\" data-id=\"9164e08\" data-element_type=\"container\">\n\t\t\t\t\t<div class=\"e-con-inner\">\n\t\t\t\t<div class=\"elementor-element elementor-element-4ee920b elementor-widget elementor-widget-image\" data-id=\"4ee920b\" data-element_type=\"widget\" data-widget_type=\"image.default\">\n\t\t\t\t<div class=\"elementor-widget-container\">\n\t\t\t\t\t\t\t\t\t\t\t\t\t<img loading=\"lazy\" decoding=\"async\" width=\"674\" height=\"1024\" src=\"https:\/\/www.llofriugonfaus.com\/wp-content\/uploads\/2023\/05\/Llofriu-Gonfaus-Proyecto-Castelldefels-7-674x1024.webp\" class=\"attachment-large size-large wp-image-2459\" alt=\"Vivienda unifamiliar en Castelldefels cerca del mar Mediterr\u00e1neo. Arquitectura y reforma. Un dise\u00f1o para emocionar y el lujo para vivirlo. Arquitectura y dise\u00f1o.\" srcset=\"https:\/\/www.llofriugonfaus.com\/wp-content\/uploads\/2023\/05\/Llofriu-Gonfaus-Proyecto-Castelldefels-7-674x1024.webp 674w, https:\/\/www.llofriugonfaus.com\/wp-content\/uploads\/2023\/05\/Llofriu-Gonfaus-Proyecto-Castelldefels-7-198x300.webp 198w, https:\/\/www.llofriugonfaus.com\/wp-content\/uploads\/2023\/05\/Llofriu-Gonfaus-Proyecto-Castelldefels-7.webp 711w\" sizes=\"(max-width: 674px) 100vw, 674px\" \/>\t\t\t\t\t\t\t\t\t\t\t\t\t<\/div>\n\t\t\t\t<\/div>\n\t\t\t\t<div class=\"elementor-element elementor-element-cdc20a2 elementor-widget elementor-widget-image\" data-id=\"cdc20a2\" data-element_type=\"widget\" data-widget_type=\"image.default\">\n\t\t\t\t<div class=\"elementor-widget-container\">\n\t\t\t\t\t\t\t\t\t\t\t\t\t<img loading=\"lazy\" decoding=\"async\" width=\"624\" height=\"1024\" src=\"https:\/\/www.llofriugonfaus.com\/wp-content\/uploads\/2023\/05\/Llofriu-Gonfaus-Proyecto-Castelldefels-11-624x1024.webp\" class=\"attachment-large size-large wp-image-2463\" alt=\"Vivienda unifamiliar en Castelldefels cerca del mar Mediterr\u00e1neo. Arquitectura y reforma. Un dise\u00f1o para emocionar y el lujo para vivirlo. Arquitectura y dise\u00f1o.\" srcset=\"https:\/\/www.llofriugonfaus.com\/wp-content\/uploads\/2023\/05\/Llofriu-Gonfaus-Proyecto-Castelldefels-11-624x1024.webp 624w, https:\/\/www.llofriugonfaus.com\/wp-content\/uploads\/2023\/05\/Llofriu-Gonfaus-Proyecto-Castelldefels-11-183x300.webp 183w, https:\/\/www.llofriugonfaus.com\/wp-content\/uploads\/2023\/05\/Llofriu-Gonfaus-Proyecto-Castelldefels-11.webp 658w\" sizes=\"(max-width: 624px) 100vw, 624px\" \/>\t\t\t\t\t\t\t\t\t\t\t\t\t<\/div>\n\t\t\t\t<\/div>\n\t\t\t\t\t<\/div>\n\t\t\t\t<\/div>\n\t\t\t\t<\/div>\n\t\t<div class=\"elementor-element elementor-element-160650d e-flex e-con-boxed qodef-elementor-content-no e-con e-parent\" data-id=\"160650d\" data-element_type=\"container\" data-settings=\"{&quot;background_background&quot;:&quot;classic&quot;}\">\n\t\t\t\t\t<div class=\"e-con-inner\">\n\t\t<div class=\"elementor-element elementor-element-a5b1929 e-flex e-con-boxed qodef-elementor-content-no e-con e-child\" data-id=\"a5b1929\" data-element_type=\"container\">\n\t\t\t\t\t<div class=\"e-con-inner\">\n\t\t\t\t<div class=\"elementor-element elementor-element-885d847 elementor-widget elementor-widget-heading\" data-id=\"885d847\" data-element_type=\"widget\" data-widget_type=\"heading.default\">\n\t\t\t\t<div class=\"elementor-widget-container\">\n\t\t\t<h3 class=\"elementor-heading-title elementor-size-default\">Mobles \u00fanics fets a mida<\/h3>\t\t<\/div>\n\t\t\t\t<\/div>\n\t\t\t\t<div class=\"elementor-element elementor-element-2f65c60 elementor-widget elementor-widget-text-editor\" data-id=\"2f65c60\" data-element_type=\"widget\" data-widget_type=\"text-editor.default\">\n\t\t\t\t<div class=\"elementor-widget-container\">\n\t\t\t\t\t\t\t<p><span style=\"font-weight: 400;\">El projecte de l&#039;habitatge unifamiliar inclou habitacions amb mobiliari a mida i elements de disseny \u00fanic, pensats per satisfer fins i tot els clients m\u00e9s exigents. Les habitacions es dissenyen amb un enfocament personalitzat, tenint en compte les prefer\u00e8ncies i necessitats espec\u00edfiques de cada client.<\/span><\/p><p><span style=\"font-weight: 400;\">El mobiliari es crea a mida, adaptant-se perfectament a l&#039;espai i optimitzant-ne la funcionalitat. S&#039;utilitza roure natural per a les tauletes i l&#039;emmarcat de n\u00ednxols, fet que afegeix una bellesa i calidesa naturals a l&#039;ambient.<\/span><\/p><p><span style=\"font-weight: 400;\">Cada element de disseny es cuida meticulosament, cercant la singularitat i l&#039;originalitat. S&#039;aposta per crear peces \u00faniques que reflecteixin l&#039;estil i la personalitat del client i ofereix un espai exclusiu i personalitzat.<\/span><\/p><p><span style=\"font-weight: 400;\">El roure natural utilitzat al mobiliari i als elements de disseny no nom\u00e9s aporta est\u00e8tica, sin\u00f3 tamb\u00e9 durabilitat i qualitat. El roure \u00e9s conegut per la seva resist\u00e8ncia i bellesa atemporal, cosa que garanteix que el mobiliari i els elements dissenyats siguin duradors i perdurin en el temps.<\/span><\/p>\t\t\t\t\t\t<\/div>\n\t\t\t\t<\/div>\n\t\t\t\t\t<\/div>\n\t\t\t\t<\/div>\n\t\t\t\t\t<\/div>\n\t\t\t\t<\/div>\n\t\t<div class=\"elementor-element elementor-element-67578e7 e-con-full e-flex qodef-elementor-content-no e-con e-parent\" data-id=\"67578e7\" data-element_type=\"container\">\n\t\t\t\t<div class=\"elementor-element elementor-element-b0ad05c elementor-widget elementor-widget-qi_addons_for_elementor_image_slider\" data-id=\"b0ad05c\" data-element_type=\"widget\" data-widget_type=\"qi_addons_for_elementor_image_slider.default\">\n\t\t\t\t<div class=\"elementor-widget-container\">\n\t\t\t<div class=\"qodef-shortcode qodef-m  qodef-qi-image-slider qodef-qi-fslightbox-popup qodef-popup-gallery    qodef-col-num--1 qodef-qi-grid qodef-qi-swiper-container  qodef-navigation--inside      qodef-navigation--hover-move\" data-options=\"{&quot;direction&quot;:&quot;horizontal&quot;,&quot;slidesPerView&quot;:&quot;1&quot;,&quot;spaceBetween&quot;:30,&quot;spaceBetweenTablet&quot;:30,&quot;spaceBetweenMobile&quot;:30,&quot;effect&quot;:&quot;slide&quot;,&quot;loop&quot;:true,&quot;autoplay&quot;:true,&quot;centeredSlides&quot;:false,&quot;speed&quot;:&quot;&quot;,&quot;speedAnimation&quot;:&quot;&quot;,&quot;outsideNavigation&quot;:&quot;no&quot;,&quot;outsidePagination&quot;:&quot;no&quot;,&quot;unique&quot;:641,&quot;partialValue&quot;:0.40000000000000002,&quot;disablePartialValue&quot;:&quot;&quot;,&quot;parallax&quot;:&quot;no&quot;}\">\n\t<div class=\"swiper-wrapper\">\n\t\t<div class=\"qodef-e swiper-slide\">\n\t<div class=\"qodef-e-inner\">\n\t\t<div class=\"qodef-e-inner-holder\">\n\t\t\t\t\t\t\t<a class=\"qodef-popup-item\" itemprop=\"image\" href=\"https:\/\/www.llofriugonfaus.com\/wp-content\/uploads\/2023\/05\/Llofriu-Gonfaus-Proyecto-Castelldefels-12.webp\" data-type=\"image\" data-fslightbox=\"gallery-641\">\n\t\t\t\t\t\t\t<img loading=\"lazy\" decoding=\"async\" width=\"1920\" height=\"1280\" src=\"https:\/\/www.llofriugonfaus.com\/wp-content\/uploads\/2023\/05\/Llofriu-Gonfaus-Proyecto-Castelldefels-12.webp\" class=\"attachment-full size-full\" alt=\"Vivienda unifamiliar en Castelldefels cerca del mar Mediterr\u00e1neo. Arquitectura y reforma. Un dise\u00f1o para emocionar y el lujo para vivirlo. Arquitectura y dise\u00f1o.\" srcset=\"https:\/\/www.llofriugonfaus.com\/wp-content\/uploads\/2023\/05\/Llofriu-Gonfaus-Proyecto-Castelldefels-12.webp 1920w, https:\/\/www.llofriugonfaus.com\/wp-content\/uploads\/2023\/05\/Llofriu-Gonfaus-Proyecto-Castelldefels-12-300x200.webp 300w, https:\/\/www.llofriugonfaus.com\/wp-content\/uploads\/2023\/05\/Llofriu-Gonfaus-Proyecto-Castelldefels-12-1024x683.webp 1024w, https:\/\/www.llofriugonfaus.com\/wp-content\/uploads\/2023\/05\/Llofriu-Gonfaus-Proyecto-Castelldefels-12-768x512.webp 768w, https:\/\/www.llofriugonfaus.com\/wp-content\/uploads\/2023\/05\/Llofriu-Gonfaus-Proyecto-Castelldefels-12-1536x1024.webp 1536w\" sizes=\"(max-width: 1920px) 100vw, 1920px\" \/>\t\t\t\t\t\t\t<\/a>\n\t\t\t\t\t<\/div>\n\t<\/div>\n\t<\/div>\n<div class=\"qodef-e swiper-slide\">\n\t<div class=\"qodef-e-inner\">\n\t\t<div class=\"qodef-e-inner-holder\">\n\t\t\t\t\t\t\t<a class=\"qodef-popup-item\" itemprop=\"image\" href=\"https:\/\/www.llofriugonfaus.com\/wp-content\/uploads\/2023\/07\/Llofriu-Gonfaus-Proyecto-Castelldefels-17.webp\" data-type=\"image\" data-fslightbox=\"gallery-641\">\n\t\t\t\t\t\t\t<img loading=\"lazy\" decoding=\"async\" width=\"704\" height=\"1080\" src=\"https:\/\/www.llofriugonfaus.com\/wp-content\/uploads\/2023\/07\/Llofriu-Gonfaus-Proyecto-Castelldefels-17.webp\" class=\"attachment-full size-full\" alt=\"Vivienda unifamiliar en Castelldefels cerca del mar Mediterr\u00e1neo. Arquitectura y reforma. Un dise\u00f1o para emocionar y el lujo para vivirlo. Arquitectura y dise\u00f1o.\" srcset=\"https:\/\/www.llofriugonfaus.com\/wp-content\/uploads\/2023\/07\/Llofriu-Gonfaus-Proyecto-Castelldefels-17.webp 704w, https:\/\/www.llofriugonfaus.com\/wp-content\/uploads\/2023\/07\/Llofriu-Gonfaus-Proyecto-Castelldefels-17-196x300.webp 196w, https:\/\/www.llofriugonfaus.com\/wp-content\/uploads\/2023\/07\/Llofriu-Gonfaus-Proyecto-Castelldefels-17-667x1024.webp 667w\" sizes=\"(max-width: 704px) 100vw, 704px\" \/>\t\t\t\t\t\t\t<\/a>\n\t\t\t\t\t<\/div>\n\t<\/div>\n\t<\/div>\n<div class=\"qodef-e swiper-slide\">\n\t<div class=\"qodef-e-inner\">\n\t\t<div class=\"qodef-e-inner-holder\">\n\t\t\t\t\t\t\t<a class=\"qodef-popup-item\" itemprop=\"image\" href=\"https:\/\/www.llofriugonfaus.com\/wp-content\/uploads\/2023\/05\/Llofriu-Gonfaus-Proyecto-Castelldefels-13.webp\" data-type=\"image\" data-fslightbox=\"gallery-641\">\n\t\t\t\t\t\t\t<img loading=\"lazy\" decoding=\"async\" width=\"1920\" height=\"1208\" src=\"https:\/\/www.llofriugonfaus.com\/wp-content\/uploads\/2023\/05\/Llofriu-Gonfaus-Proyecto-Castelldefels-13.webp\" class=\"attachment-full size-full\" alt=\"Vivienda unifamiliar en Castelldefels cerca del mar Mediterr\u00e1neo. Arquitectura y reforma. Un dise\u00f1o para emocionar y el lujo para vivirlo. Arquitectura y dise\u00f1o.\" srcset=\"https:\/\/www.llofriugonfaus.com\/wp-content\/uploads\/2023\/05\/Llofriu-Gonfaus-Proyecto-Castelldefels-13.webp 1920w, https:\/\/www.llofriugonfaus.com\/wp-content\/uploads\/2023\/05\/Llofriu-Gonfaus-Proyecto-Castelldefels-13-300x189.webp 300w, https:\/\/www.llofriugonfaus.com\/wp-content\/uploads\/2023\/05\/Llofriu-Gonfaus-Proyecto-Castelldefels-13-1024x644.webp 1024w, https:\/\/www.llofriugonfaus.com\/wp-content\/uploads\/2023\/05\/Llofriu-Gonfaus-Proyecto-Castelldefels-13-768x483.webp 768w, https:\/\/www.llofriugonfaus.com\/wp-content\/uploads\/2023\/05\/Llofriu-Gonfaus-Proyecto-Castelldefels-13-1536x966.webp 1536w\" sizes=\"(max-width: 1920px) 100vw, 1920px\" \/>\t\t\t\t\t\t\t<\/a>\n\t\t\t\t\t<\/div>\n\t<\/div>\n\t<\/div>\n<div class=\"qodef-e swiper-slide\">\n\t<div class=\"qodef-e-inner\">\n\t\t<div class=\"qodef-e-inner-holder\">\n\t\t\t\t\t\t\t<a class=\"qodef-popup-item\" itemprop=\"image\" href=\"https:\/\/www.llofriugonfaus.com\/wp-content\/uploads\/2023\/05\/Llofriu-Gonfaus-Proyecto-Castelldefels-14.webp\" data-type=\"image\" data-fslightbox=\"gallery-641\">\n\t\t\t\t\t\t\t<img loading=\"lazy\" decoding=\"async\" width=\"1920\" height=\"1280\" src=\"https:\/\/www.llofriugonfaus.com\/wp-content\/uploads\/2023\/05\/Llofriu-Gonfaus-Proyecto-Castelldefels-14.webp\" class=\"attachment-full size-full\" alt=\"Vivienda unifamiliar en Castelldefels cerca del mar Mediterr\u00e1neo. Arquitectura y reforma. Un dise\u00f1o para emocionar y el lujo para vivirlo. Arquitectura y dise\u00f1o.\" srcset=\"https:\/\/www.llofriugonfaus.com\/wp-content\/uploads\/2023\/05\/Llofriu-Gonfaus-Proyecto-Castelldefels-14.webp 1920w, https:\/\/www.llofriugonfaus.com\/wp-content\/uploads\/2023\/05\/Llofriu-Gonfaus-Proyecto-Castelldefels-14-300x200.webp 300w, https:\/\/www.llofriugonfaus.com\/wp-content\/uploads\/2023\/05\/Llofriu-Gonfaus-Proyecto-Castelldefels-14-1024x683.webp 1024w, https:\/\/www.llofriugonfaus.com\/wp-content\/uploads\/2023\/05\/Llofriu-Gonfaus-Proyecto-Castelldefels-14-768x512.webp 768w, https:\/\/www.llofriugonfaus.com\/wp-content\/uploads\/2023\/05\/Llofriu-Gonfaus-Proyecto-Castelldefels-14-1536x1024.webp 1536w\" sizes=\"(max-width: 1920px) 100vw, 1920px\" \/>\t\t\t\t\t\t\t<\/a>\n\t\t\t\t\t<\/div>\n\t<\/div>\n\t<\/div>\n\t<\/div>\n\t\t<div class=\"swiper-button-prev\"><svg xmlns=\"http:\/\/www.w3.org\/2000\/svg\" viewbox=\"0 0 26 50\"><polygon points=\"25.29 0 26 0.7 1.42 25 26 49.3 25.29 50 0 25 25.29 0\" style=\"stroke:transparent;\"><\/polygon><\/svg><\/div>\n\t<div class=\"swiper-button-next\"><svg xmlns=\"http:\/\/www.w3.org\/2000\/svg\" viewbox=\"0 0 26 50\"><polygon points=\"0.71 50 0 49.3 24.58 25 0 0.7 0.71 0 26 25 0.71 50\" style=\"stroke:transparent;\"><\/polygon><\/svg><\/div>\n<\/div>\n\t\t<\/div>\n\t\t\t\t<\/div>\n\t\t\t\t<\/div>\n\t\t<div class=\"elementor-element elementor-element-398ebb8 e-flex e-con-boxed qodef-elementor-content-no e-con e-parent\" data-id=\"398ebb8\" data-element_type=\"container\" data-settings=\"{&quot;background_background&quot;:&quot;classic&quot;}\">\n\t\t\t\t\t<div class=\"e-con-inner\">\n\t\t<div class=\"elementor-element elementor-element-49b9dc5 e-flex e-con-boxed qodef-elementor-content-no e-con e-child\" data-id=\"49b9dc5\" data-element_type=\"container\">\n\t\t\t\t\t<div class=\"e-con-inner\">\n\t\t\t\t<div class=\"elementor-element elementor-element-5f82daf elementor-widget elementor-widget-text-editor\" data-id=\"5f82daf\" data-element_type=\"widget\" data-widget_type=\"text-editor.default\">\n\t\t\t\t<div class=\"elementor-widget-container\">\n\t\t\t\t\t\t\t<h4><strong>Jard\u00ed \u2013 Piscina<\/strong><\/h4><p><span style=\"font-weight: 400;\">El projecte de la vivenda se situa a un carrer de dist\u00e0ncia amb el mar a Castelldefels. Una de les caracter\u00edstiques del projecte ha estat la incorporaci\u00f3 duna piscina, que es dissenyar\u00e0 de forma minimalista per\u00f2 funcional i amb encant. L&#039;objectiu \u00e9s permetre que els residents gaudeixin tant del mar com de la piscina, proporcionant un ambient tranquil i mediterrani.<\/span><\/p><p><span style=\"font-weight: 400;\">Per aconseguir la instal\u00b7laci\u00f3 eficient de la piscina s&#039;ha considerat l&#039;\u00fas d&#039;un material de poli\u00e8ster prefabricat. Aquest material ofereix avantatges com a l\u00ednies rectes i una instal\u00b7laci\u00f3 m\u00e9s r\u00e0pida en comparaci\u00f3 amb altres materials de construcci\u00f3 de piscines.<\/span><\/p><p><span style=\"font-weight: 400;\">La simplicitat en el disseny amb l\u00ednies rectes ressalta l&#039;est\u00e8tica minimalista i contempor\u00e0nia de la piscina. Aix\u00f2 crea un aspecte elegant i net que sintegra harmoniosament amb lentorn del jard\u00ed i la proximitat al mar.<\/span><\/p><p><span style=\"font-weight: 400;\">A m\u00e9s, la mida m\u00ednima de la piscina s&#039;adapta a les necessitats i prefer\u00e8ncies de la propietat, assegurant que compleixi el seu prop\u00f2sit funcional sense ocupar un espai excessiu al jard\u00ed. Aix\u00f2 permet que hi hagi prou espai per a altres activitats a l&#039;aire lliure i per gaudir de l&#039;entorn natural.<\/span><\/p>\t\t\t\t\t\t<\/div>\n\t\t\t\t<\/div>\n\t\t\t\t\t<\/div>\n\t\t\t\t<\/div>\n\t\t\t\t\t<\/div>\n\t\t\t\t<\/div>\n\t\t<div class=\"elementor-element elementor-element-f96f457 e-con-full e-flex qodef-elementor-content-no e-con e-parent\" data-id=\"f96f457\" data-element_type=\"container\">\n\t\t\t\t<div class=\"elementor-element elementor-element-82f1a63 elementor-widget elementor-widget-qi_addons_for_elementor_image_slider\" data-id=\"82f1a63\" data-element_type=\"widget\" data-widget_type=\"qi_addons_for_elementor_image_slider.default\">\n\t\t\t\t<div class=\"elementor-widget-container\">\n\t\t\t<div class=\"qodef-shortcode qodef-m  qodef-qi-image-slider qodef-qi-fslightbox-popup qodef-popup-gallery    qodef-col-num--1 qodef-qi-grid qodef-qi-swiper-container  qodef-navigation--inside      qodef-navigation--hover-move\" data-options=\"{&quot;direction&quot;:&quot;horizontal&quot;,&quot;slidesPerView&quot;:&quot;1&quot;,&quot;spaceBetween&quot;:30,&quot;spaceBetweenTablet&quot;:30,&quot;spaceBetweenMobile&quot;:30,&quot;effect&quot;:&quot;slide&quot;,&quot;loop&quot;:true,&quot;autoplay&quot;:true,&quot;centeredSlides&quot;:false,&quot;speed&quot;:&quot;&quot;,&quot;speedAnimation&quot;:&quot;&quot;,&quot;outsideNavigation&quot;:&quot;no&quot;,&quot;outsidePagination&quot;:&quot;no&quot;,&quot;unique&quot;:969,&quot;partialValue&quot;:0.40000000000000002,&quot;disablePartialValue&quot;:&quot;&quot;,&quot;parallax&quot;:&quot;no&quot;}\">\n\t<div class=\"swiper-wrapper\">\n\t\t<div class=\"qodef-e swiper-slide\">\n\t<div class=\"qodef-e-inner\">\n\t\t<div class=\"qodef-e-inner-holder\">\n\t\t\t\t\t\t\t<a class=\"qodef-popup-item\" itemprop=\"image\" href=\"https:\/\/www.llofriugonfaus.com\/wp-content\/uploads\/2023\/07\/Proyecto-Castelldefels-Piscina-2.webp\" data-type=\"image\" data-fslightbox=\"gallery-969\">\n\t\t\t\t\t\t\t<img loading=\"lazy\" decoding=\"async\" width=\"1024\" height=\"768\" src=\"https:\/\/www.llofriugonfaus.com\/wp-content\/uploads\/2023\/07\/Proyecto-Castelldefels-Piscina-2.webp\" class=\"attachment-full size-full\" alt=\"Vivienda unifamiliar en Castelldefels cerca del mar Mediterr\u00e1neo. Arquitectura y reforma. Un dise\u00f1o para emocionar y el lujo para vivirlo. Arquitectura y dise\u00f1o.\" srcset=\"https:\/\/www.llofriugonfaus.com\/wp-content\/uploads\/2023\/07\/Proyecto-Castelldefels-Piscina-2.webp 1024w, https:\/\/www.llofriugonfaus.com\/wp-content\/uploads\/2023\/07\/Proyecto-Castelldefels-Piscina-2-300x225.webp 300w, https:\/\/www.llofriugonfaus.com\/wp-content\/uploads\/2023\/07\/Proyecto-Castelldefels-Piscina-2-768x576.webp 768w\" sizes=\"(max-width: 1024px) 100vw, 1024px\" \/>\t\t\t\t\t\t\t<\/a>\n\t\t\t\t\t<\/div>\n\t<\/div>\n\t<\/div>\n<div class=\"qodef-e swiper-slide\">\n\t<div class=\"qodef-e-inner\">\n\t\t<div class=\"qodef-e-inner-holder\">\n\t\t\t\t\t\t\t<a class=\"qodef-popup-item\" itemprop=\"image\" href=\"https:\/\/www.llofriugonfaus.com\/wp-content\/uploads\/2023\/07\/Proyecto-Castelldefels-Piscina-1.webp\" data-type=\"image\" data-fslightbox=\"gallery-969\">\n\t\t\t\t\t\t\t<img loading=\"lazy\" decoding=\"async\" width=\"1024\" height=\"768\" src=\"https:\/\/www.llofriugonfaus.com\/wp-content\/uploads\/2023\/07\/Proyecto-Castelldefels-Piscina-1.webp\" class=\"attachment-full size-full\" alt=\"Vivienda unifamiliar en Castelldefels cerca del mar Mediterr\u00e1neo. Arquitectura y reforma. Un dise\u00f1o para emocionar y el lujo para vivirlo. Arquitectura y dise\u00f1o.\" srcset=\"https:\/\/www.llofriugonfaus.com\/wp-content\/uploads\/2023\/07\/Proyecto-Castelldefels-Piscina-1.webp 1024w, https:\/\/www.llofriugonfaus.com\/wp-content\/uploads\/2023\/07\/Proyecto-Castelldefels-Piscina-1-300x225.webp 300w, https:\/\/www.llofriugonfaus.com\/wp-content\/uploads\/2023\/07\/Proyecto-Castelldefels-Piscina-1-768x576.webp 768w\" sizes=\"(max-width: 1024px) 100vw, 1024px\" \/>\t\t\t\t\t\t\t<\/a>\n\t\t\t\t\t<\/div>\n\t<\/div>\n\t<\/div>\n\t<\/div>\n\t\t<div class=\"swiper-button-prev\"><svg xmlns=\"http:\/\/www.w3.org\/2000\/svg\" viewbox=\"0 0 26 50\"><polygon points=\"25.29 0 26 0.7 1.42 25 26 49.3 25.29 50 0 25 25.29 0\" style=\"stroke:transparent;\"><\/polygon><\/svg><\/div>\n\t<div class=\"swiper-button-next\"><svg xmlns=\"http:\/\/www.w3.org\/2000\/svg\" viewbox=\"0 0 26 50\"><polygon points=\"0.71 50 0 49.3 24.58 25 0 0.7 0.71 0 26 25 0.71 50\" style=\"stroke:transparent;\"><\/polygon><\/svg><\/div>\n<\/div>\n\t\t<\/div>\n\t\t\t\t<\/div>\n\t\t\t\t<\/div>\n\t\t<div class=\"elementor-element elementor-element-1a356ad8 e-flex e-con-boxed qodef-elementor-content-no e-con e-parent\" data-id=\"1a356ad8\" data-element_type=\"container\">\n\t\t\t\t\t<div class=\"e-con-inner\">\n\t\t<div class=\"elementor-element elementor-element-4e75634c e-flex e-con-boxed qodef-elementor-content-no e-con e-child\" data-id=\"4e75634c\" data-element_type=\"container\">\n\t\t\t\t\t<div class=\"e-con-inner\">\n\t\t\t\t<div class=\"elementor-element elementor-element-7dc6a23f elementor-widget elementor-widget-heading\" data-id=\"7dc6a23f\" data-element_type=\"widget\" data-widget_type=\"heading.default\">\n\t\t\t\t<div class=\"elementor-widget-container\">\n\t\t\t<h2 class=\"elementor-heading-title elementor-size-default\">Pl\u00e0nols<\/h2>\t\t<\/div>\n\t\t\t\t<\/div>\n\t\t\t\t\t<\/div>\n\t\t\t\t<\/div>\n\t\t\t\t<div class=\"elementor-element elementor-element-199a3d20 elementor-widget elementor-widget-qi_addons_for_elementor_image_slider\" data-id=\"199a3d20\" data-element_type=\"widget\" data-widget_type=\"qi_addons_for_elementor_image_slider.default\">\n\t\t\t\t<div class=\"elementor-widget-container\">\n\t\t\t<div class=\"qodef-shortcode qodef-m  qodef-qi-image-slider qodef-qi-fslightbox-popup qodef-popup-gallery    qodef-col-num--1 qodef-qi-grid qodef-qi-swiper-container  qodef-navigation--outside  qodef-pagination--outside qodef-pagination-alignment--center   qodef-navigation--hover-move\" data-options=\"{&quot;direction&quot;:&quot;horizontal&quot;,&quot;slidesPerView&quot;:&quot;1&quot;,&quot;spaceBetween&quot;:0,&quot;spaceBetweenTablet&quot;:30,&quot;spaceBetweenMobile&quot;:30,&quot;effect&quot;:&quot;fade&quot;,&quot;loop&quot;:true,&quot;autoplay&quot;:true,&quot;centeredSlides&quot;:true,&quot;speed&quot;:&quot;&quot;,&quot;speedAnimation&quot;:&quot;&quot;,&quot;outsideNavigation&quot;:&quot;yes&quot;,&quot;outsidePagination&quot;:&quot;yes&quot;,&quot;unique&quot;:531,&quot;partialValue&quot;:0,&quot;disablePartialValue&quot;:&quot;&quot;,&quot;parallax&quot;:&quot;no&quot;}\">\n\t<div class=\"swiper-wrapper\">\n\t\t<div class=\"qodef-e swiper-slide\">\n\t<div class=\"qodef-e-inner\">\n\t\t<div class=\"qodef-e-inner-holder\">\n\t\t\t\t\t\t\t<a class=\"qodef-popup-item\" itemprop=\"image\" href=\"https:\/\/www.llofriugonfaus.com\/wp-content\/uploads\/2023\/07\/Castelldefels-Plantas-1.webp\" data-type=\"image\" data-fslightbox=\"gallery-531\">\n\t\t\t\t\t\t\t<img loading=\"lazy\" decoding=\"async\" width=\"1920\" height=\"1357\" src=\"https:\/\/www.llofriugonfaus.com\/wp-content\/uploads\/2023\/07\/Castelldefels-Plantas-1.webp\" class=\"attachment-full size-full\" alt=\"Vivienda unifamiliar en Castelldefels cerca del mar Mediterr\u00e1neo. Arquitectura y reforma. Un dise\u00f1o para emocionar y el lujo para vivirlo. Arquitectura y dise\u00f1o.\" srcset=\"https:\/\/www.llofriugonfaus.com\/wp-content\/uploads\/2023\/07\/Castelldefels-Plantas-1.webp 1920w, https:\/\/www.llofriugonfaus.com\/wp-content\/uploads\/2023\/07\/Castelldefels-Plantas-1-300x212.webp 300w, https:\/\/www.llofriugonfaus.com\/wp-content\/uploads\/2023\/07\/Castelldefels-Plantas-1-1024x724.webp 1024w, https:\/\/www.llofriugonfaus.com\/wp-content\/uploads\/2023\/07\/Castelldefels-Plantas-1-768x543.webp 768w, https:\/\/www.llofriugonfaus.com\/wp-content\/uploads\/2023\/07\/Castelldefels-Plantas-1-1536x1086.webp 1536w\" sizes=\"(max-width: 1920px) 100vw, 1920px\" \/>\t\t\t\t\t\t\t<\/a>\n\t\t\t\t\t<\/div>\n\t<\/div>\n\t<\/div>\n<div class=\"qodef-e swiper-slide\">\n\t<div class=\"qodef-e-inner\">\n\t\t<div class=\"qodef-e-inner-holder\">\n\t\t\t\t\t\t\t<a class=\"qodef-popup-item\" itemprop=\"image\" href=\"https:\/\/www.llofriugonfaus.com\/wp-content\/uploads\/2023\/07\/Castelldefels-Plantas-3.webp\" data-type=\"image\" data-fslightbox=\"gallery-531\">\n\t\t\t\t\t\t\t<img loading=\"lazy\" decoding=\"async\" width=\"1920\" height=\"1357\" src=\"https:\/\/www.llofriugonfaus.com\/wp-content\/uploads\/2023\/07\/Castelldefels-Plantas-3.webp\" class=\"attachment-full size-full\" alt=\"Vivienda unifamiliar en Castelldefels cerca del mar Mediterr\u00e1neo. Arquitectura y reforma. Un dise\u00f1o para emocionar y el lujo para vivirlo. Arquitectura y dise\u00f1o.\" srcset=\"https:\/\/www.llofriugonfaus.com\/wp-content\/uploads\/2023\/07\/Castelldefels-Plantas-3.webp 1920w, https:\/\/www.llofriugonfaus.com\/wp-content\/uploads\/2023\/07\/Castelldefels-Plantas-3-300x212.webp 300w, https:\/\/www.llofriugonfaus.com\/wp-content\/uploads\/2023\/07\/Castelldefels-Plantas-3-1024x724.webp 1024w, https:\/\/www.llofriugonfaus.com\/wp-content\/uploads\/2023\/07\/Castelldefels-Plantas-3-768x543.webp 768w, https:\/\/www.llofriugonfaus.com\/wp-content\/uploads\/2023\/07\/Castelldefels-Plantas-3-1536x1086.webp 1536w\" sizes=\"(max-width: 1920px) 100vw, 1920px\" \/>\t\t\t\t\t\t\t<\/a>\n\t\t\t\t\t<\/div>\n\t<\/div>\n\t<\/div>\n<div class=\"qodef-e swiper-slide\">\n\t<div class=\"qodef-e-inner\">\n\t\t<div class=\"qodef-e-inner-holder\">\n\t\t\t\t\t\t\t<a class=\"qodef-popup-item\" itemprop=\"image\" href=\"https:\/\/www.llofriugonfaus.com\/wp-content\/uploads\/2023\/07\/Castelldefels-Seccion-Longitudinal-1.webp\" data-type=\"image\" data-fslightbox=\"gallery-531\">\n\t\t\t\t\t\t\t<img loading=\"lazy\" decoding=\"async\" width=\"1920\" height=\"1357\" src=\"https:\/\/www.llofriugonfaus.com\/wp-content\/uploads\/2023\/07\/Castelldefels-Seccion-Longitudinal-1.webp\" class=\"attachment-full size-full\" alt=\"Vivienda unifamiliar en Castelldefels cerca del mar Mediterr\u00e1neo. Arquitectura y reforma. Un dise\u00f1o para emocionar y el lujo para vivirlo. Arquitectura y dise\u00f1o.\" srcset=\"https:\/\/www.llofriugonfaus.com\/wp-content\/uploads\/2023\/07\/Castelldefels-Seccion-Longitudinal-1.webp 1920w, https:\/\/www.llofriugonfaus.com\/wp-content\/uploads\/2023\/07\/Castelldefels-Seccion-Longitudinal-1-300x212.webp 300w, https:\/\/www.llofriugonfaus.com\/wp-content\/uploads\/2023\/07\/Castelldefels-Seccion-Longitudinal-1-1024x724.webp 1024w, https:\/\/www.llofriugonfaus.com\/wp-content\/uploads\/2023\/07\/Castelldefels-Seccion-Longitudinal-1-768x543.webp 768w, https:\/\/www.llofriugonfaus.com\/wp-content\/uploads\/2023\/07\/Castelldefels-Seccion-Longitudinal-1-1536x1086.webp 1536w\" sizes=\"(max-width: 1920px) 100vw, 1920px\" \/>\t\t\t\t\t\t\t<\/a>\n\t\t\t\t\t<\/div>\n\t<\/div>\n\t<\/div>\n<div class=\"qodef-e swiper-slide\">\n\t<div class=\"qodef-e-inner\">\n\t\t<div class=\"qodef-e-inner-holder\">\n\t\t\t\t\t\t\t<a class=\"qodef-popup-item\" itemprop=\"image\" href=\"https:\/\/www.llofriugonfaus.com\/wp-content\/uploads\/2023\/07\/Castelldefels-Seccion-Longitudinal-2.webp\" data-type=\"image\" data-fslightbox=\"gallery-531\">\n\t\t\t\t\t\t\t<img loading=\"lazy\" decoding=\"async\" width=\"1920\" height=\"1357\" src=\"https:\/\/www.llofriugonfaus.com\/wp-content\/uploads\/2023\/07\/Castelldefels-Seccion-Longitudinal-2.webp\" class=\"attachment-full size-full\" alt=\"Vivienda unifamiliar en Castelldefels cerca del mar Mediterr\u00e1neo. Arquitectura y reforma. Un dise\u00f1o para emocionar y el lujo para vivirlo. Arquitectura y dise\u00f1o.\" srcset=\"https:\/\/www.llofriugonfaus.com\/wp-content\/uploads\/2023\/07\/Castelldefels-Seccion-Longitudinal-2.webp 1920w, https:\/\/www.llofriugonfaus.com\/wp-content\/uploads\/2023\/07\/Castelldefels-Seccion-Longitudinal-2-300x212.webp 300w, https:\/\/www.llofriugonfaus.com\/wp-content\/uploads\/2023\/07\/Castelldefels-Seccion-Longitudinal-2-1024x724.webp 1024w, https:\/\/www.llofriugonfaus.com\/wp-content\/uploads\/2023\/07\/Castelldefels-Seccion-Longitudinal-2-768x543.webp 768w, https:\/\/www.llofriugonfaus.com\/wp-content\/uploads\/2023\/07\/Castelldefels-Seccion-Longitudinal-2-1536x1086.webp 1536w\" sizes=\"(max-width: 1920px) 100vw, 1920px\" \/>\t\t\t\t\t\t\t<\/a>\n\t\t\t\t\t<\/div>\n\t<\/div>\n\t<\/div>\n<div class=\"qodef-e swiper-slide\">\n\t<div class=\"qodef-e-inner\">\n\t\t<div class=\"qodef-e-inner-holder\">\n\t\t\t\t\t\t\t<a class=\"qodef-popup-item\" itemprop=\"image\" href=\"https:\/\/www.llofriugonfaus.com\/wp-content\/uploads\/2023\/07\/Castelldefels-Seccion-Transversal.webp\" data-type=\"image\" data-fslightbox=\"gallery-531\">\n\t\t\t\t\t\t\t<img loading=\"lazy\" decoding=\"async\" width=\"1920\" height=\"1357\" src=\"https:\/\/www.llofriugonfaus.com\/wp-content\/uploads\/2023\/07\/Castelldefels-Seccion-Transversal.webp\" class=\"attachment-full size-full\" alt=\"Vivienda unifamiliar en Castelldefels cerca del mar Mediterr\u00e1neo. Arquitectura y reforma. Un dise\u00f1o para emocionar y el lujo para vivirlo. Arquitectura y dise\u00f1o.\" srcset=\"https:\/\/www.llofriugonfaus.com\/wp-content\/uploads\/2023\/07\/Castelldefels-Seccion-Transversal.webp 1920w, https:\/\/www.llofriugonfaus.com\/wp-content\/uploads\/2023\/07\/Castelldefels-Seccion-Transversal-300x212.webp 300w, https:\/\/www.llofriugonfaus.com\/wp-content\/uploads\/2023\/07\/Castelldefels-Seccion-Transversal-1024x724.webp 1024w, https:\/\/www.llofriugonfaus.com\/wp-content\/uploads\/2023\/07\/Castelldefels-Seccion-Transversal-768x543.webp 768w, https:\/\/www.llofriugonfaus.com\/wp-content\/uploads\/2023\/07\/Castelldefels-Seccion-Transversal-1536x1086.webp 1536w\" sizes=\"(max-width: 1920px) 100vw, 1920px\" \/>\t\t\t\t\t\t\t<\/a>\n\t\t\t\t\t<\/div>\n\t<\/div>\n\t<\/div>\n\t<\/div>\n\t<\/div>\n\t\t<div class=\"swiper-button-prev swiper-button-outside swiper-button-prev-531\"><svg xmlns=\"http:\/\/www.w3.org\/2000\/svg\" viewbox=\"0 0 26 50\"><polygon points=\"25.29 0 26 0.7 1.42 25 26 49.3 25.29 50 0 25 25.29 0\" style=\"stroke:transparent;\"><\/polygon><\/svg><\/div>\n\t<div class=\"swiper-button-next swiper-button-outside swiper-button-next-531\"><svg xmlns=\"http:\/\/www.w3.org\/2000\/svg\" viewbox=\"0 0 26 50\"><polygon points=\"0.71 50 0 49.3 24.58 25 0 0.7 0.71 0 26 25 0.71 50\" style=\"stroke:transparent;\"><\/polygon><\/svg><\/div>\n\t\t<div class=\"swiper-pagination qodef-swiper-pagination-outside swiper-pagination-531\"><\/div>\n\t\t<\/div>\n\t\t\t\t<\/div>\n\t\t\t\t\t<\/div>\n\t\t\t\t<\/div>\n\t\t<div class=\"elementor-element elementor-element-6193c06 e-flex e-con-boxed qodef-elementor-content-no e-con e-parent\" data-id=\"6193c06\" data-element_type=\"container\">\n\t\t\t\t\t<div class=\"e-con-inner\">\n\t\t<div class=\"elementor-element elementor-element-274c4f64 e-con-full e-flex qodef-elementor-content-no e-con e-child\" data-id=\"274c4f64\" data-element_type=\"container\">\n\t\t\t\t<div class=\"elementor-element elementor-element-1e7711cd elementor-widget elementor-widget-image\" data-id=\"1e7711cd\" data-element_type=\"widget\" data-widget_type=\"image.default\">\n\t\t\t\t<div class=\"elementor-widget-container\">\n\t\t\t\t\t\t\t\t\t\t\t\t\t<img decoding=\"async\" src=\"https:\/\/www.llofriugonfaus.com\/wp-content\/uploads\/2023\/05\/Llofriu-i-Gonfaus_Logo-vertical_Negre.svg\" class=\"attachment-full size-full wp-image-2999\" alt=\"\" \/>\t\t\t\t\t\t\t\t\t\t\t\t\t<\/div>\n\t\t\t\t<\/div>\n\t\t<div class=\"elementor-element elementor-element-2d105d3 e-flex e-con-boxed qodef-elementor-content-no e-con e-child\" data-id=\"2d105d3\" data-element_type=\"container\">\n\t\t\t\t\t<div class=\"e-con-inner\">\n\t\t\t\t<div class=\"elementor-element elementor-element-3d9e662b elementor-widget elementor-widget-heading\" data-id=\"3d9e662b\" data-element_type=\"widget\" data-widget_type=\"heading.default\">\n\t\t\t\t<div class=\"elementor-widget-container\">\n\t\t\t<p class=\"elementor-heading-title elementor-size-default\">Comparteix<\/p>\t\t<\/div>\n\t\t\t\t<\/div>\n\t\t\t\t<div class=\"elementor-element elementor-element-38997ce6 elementor-share-buttons--view-icon elementor-share-buttons--skin-minimal elementor-share-buttons--color-custom elementor-share-buttons--shape-square elementor-grid-0 elementor-widget elementor-widget-share-buttons\" data-id=\"38997ce6\" data-element_type=\"widget\" data-widget_type=\"share-buttons.default\">\n\t\t\t\t<div class=\"elementor-widget-container\">\n\t\t\t\t\t<div class=\"elementor-grid\">\n\t\t\t\t\t\t\t\t<div class=\"elementor-grid-item\">\n\t\t\t\t\t\t<div\n\t\t\t\t\t\t\tclass=\"elementor-share-btn elementor-share-btn_facebook\"\n\t\t\t\t\t\t\trole=\"button\"\n\t\t\t\t\t\t\ttabindex=\"0\"\n\t\t\t\t\t\t\taria-label=\"Compartir a facebook\"\n\t\t\t\t\t\t>\n\t\t\t\t\t\t\t\t\t\t\t\t\t\t\t<span class=\"elementor-share-btn__icon\">\n\t\t\t\t\t\t\t\t<svg class=\"e-font-icon-svg e-fab-facebook\" viewbox=\"0 0 512 512\" xmlns=\"http:\/\/www.w3.org\/2000\/svg\"><path d=\"M504 256C504 119 393 8 256 8S8 119 8 256c0 123.78 90.69 226.38 209.25 245V327.69h-63V256h63v-54.64c0-62.15 37-96.48 93.67-96.48 27.14 0 55.52 4.84 55.52 4.84v61h-31.28c-30.8 0-40.41 19.12-40.41 38.73V256h68.78l-11 71.69h-57.78V501C413.31 482.38 504 379.78 504 256z\"><\/path><\/svg>\t\t\t\t\t\t\t<\/span>\n\t\t\t\t\t\t\t\t\t\t\t\t\t\t\t\t\t\t\t\t<\/div>\n\t\t\t\t\t<\/div>\n\t\t\t\t\t\t\t\t\t<div class=\"elementor-grid-item\">\n\t\t\t\t\t\t<div\n\t\t\t\t\t\t\tclass=\"elementor-share-btn elementor-share-btn_pinterest\"\n\t\t\t\t\t\t\trole=\"button\"\n\t\t\t\t\t\t\ttabindex=\"0\"\n\t\t\t\t\t\t\taria-label=\"Compartir a pinterest\"\n\t\t\t\t\t\t>\n\t\t\t\t\t\t\t\t\t\t\t\t\t\t\t<span class=\"elementor-share-btn__icon\">\n\t\t\t\t\t\t\t\t<svg class=\"e-font-icon-svg e-fab-pinterest\" viewbox=\"0 0 496 512\" xmlns=\"http:\/\/www.w3.org\/2000\/svg\"><path d=\"M496 256c0 137-111 248-248 248-25.6 0-50.2-3.9-73.4-11.1 10.1-16.5 25.2-43.5 30.8-65 3-11.6 15.4-59 15.4-59 8.1 15.4 31.7 28.5 56.8 28.5 74.8 0 128.7-68.8 128.7-154.3 0-81.9-66.9-143.2-152.9-143.2-107 0-163.9 71.8-163.9 150.1 0 36.4 19.4 81.7 50.3 96.1 4.7 2.2 7.2 1.2 8.3-3.3.8-3.4 5-20.3 6.9-28.1.6-2.5.3-4.7-1.7-7.1-10.1-12.5-18.3-35.3-18.3-56.6 0-54.7 41.4-107.6 112-107.6 60.9 0 103.6 41.5 103.6 100.9 0 67.1-33.9 113.6-78 113.6-24.3 0-42.6-20.1-36.7-44.8 7-29.5 20.5-61.3 20.5-82.6 0-19-10.2-34.9-31.4-34.9-24.9 0-44.9 25.7-44.9 60.2 0 22 7.4 36.8 7.4 36.8s-24.5 103.8-29 123.2c-5 21.4-3 51.6-.9 71.2C65.4 450.9 0 361.1 0 256 0 119 111 8 248 8s248 111 248 248z\"><\/path><\/svg>\t\t\t\t\t\t\t<\/span>\n\t\t\t\t\t\t\t\t\t\t\t\t\t\t\t\t\t\t\t\t<\/div>\n\t\t\t\t\t<\/div>\n\t\t\t\t\t\t\t\t\t<div class=\"elementor-grid-item\">\n\t\t\t\t\t\t<div\n\t\t\t\t\t\t\tclass=\"elementor-share-btn elementor-share-btn_linkedin\"\n\t\t\t\t\t\t\trole=\"button\"\n\t\t\t\t\t\t\ttabindex=\"0\"\n\t\t\t\t\t\t\taria-label=\"Compartir a linkedin\"\n\t\t\t\t\t\t>\n\t\t\t\t\t\t\t\t\t\t\t\t\t\t\t<span class=\"elementor-share-btn__icon\">\n\t\t\t\t\t\t\t\t<svg class=\"e-font-icon-svg e-fab-linkedin\" viewbox=\"0 0 448 512\" xmlns=\"http:\/\/www.w3.org\/2000\/svg\"><path d=\"M416 32H31.9C14.3 32 0 46.5 0 64.3v383.4C0 465.5 14.3 480 31.9 480H416c17.6 0 32-14.5 32-32.3V64.3c0-17.8-14.4-32.3-32-32.3zM135.4 416H69V202.2h66.5V416zm-33.2-243c-21.3 0-38.5-17.3-38.5-38.5S80.9 96 102.2 96c21.2 0 38.5 17.3 38.5 38.5 0 21.3-17.2 38.5-38.5 38.5zm282.1 243h-66.4V312c0-24.8-.5-56.7-34.5-56.7-34.6 0-39.9 27-39.9 54.9V416h-66.4V202.2h63.7v29.2h.9c8.9-16.8 30.6-34.5 62.9-34.5 67.2 0 79.7 44.3 79.7 101.9V416z\"><\/path><\/svg>\t\t\t\t\t\t\t<\/span>\n\t\t\t\t\t\t\t\t\t\t\t\t\t\t\t\t\t\t\t\t<\/div>\n\t\t\t\t\t<\/div>\n\t\t\t\t\t\t\t\t\t<div class=\"elementor-grid-item\">\n\t\t\t\t\t\t<div\n\t\t\t\t\t\t\tclass=\"elementor-share-btn elementor-share-btn_whatsapp\"\n\t\t\t\t\t\t\trole=\"button\"\n\t\t\t\t\t\t\ttabindex=\"0\"\n\t\t\t\t\t\t\taria-label=\"Compartir a whatsapp\"\n\t\t\t\t\t\t>\n\t\t\t\t\t\t\t\t\t\t\t\t\t\t\t<span class=\"elementor-share-btn__icon\">\n\t\t\t\t\t\t\t\t<svg class=\"e-font-icon-svg e-fab-whatsapp\" viewbox=\"0 0 448 512\" xmlns=\"http:\/\/www.w3.org\/2000\/svg\"><path d=\"M380.9 97.1C339 55.1 283.2 32 223.9 32c-122.4 0-222 99.6-222 222 0 39.1 10.2 77.3 29.6 111L0 480l117.7-30.9c32.4 17.7 68.9 27 106.1 27h.1c122.3 0 224.1-99.6 224.1-222 0-59.3-25.2-115-67.1-157zm-157 341.6c-33.2 0-65.7-8.9-94-25.7l-6.7-4-69.8 18.3L72 359.2l-4.4-7c-18.5-29.4-28.2-63.3-28.2-98.2 0-101.7 82.8-184.5 184.6-184.5 49.3 0 95.6 19.2 130.4 54.1 34.8 34.9 56.2 81.2 56.1 130.5 0 101.8-84.9 184.6-186.6 184.6zm101.2-138.2c-5.5-2.8-32.8-16.2-37.9-18-5.1-1.9-8.8-2.8-12.5 2.8-3.7 5.6-14.3 18-17.6 21.8-3.2 3.7-6.5 4.2-12 1.4-32.6-16.3-54-29.1-75.5-66-5.7-9.8 5.7-9.1 16.3-30.3 1.8-3.7.9-6.9-.5-9.7-1.4-2.8-12.5-30.1-17.1-41.2-4.5-10.8-9.1-9.3-12.5-9.5-3.2-.2-6.9-.2-10.6-.2-3.7 0-9.7 1.4-14.8 6.9-5.1 5.6-19.4 19-19.4 46.3 0 27.3 19.9 53.7 22.6 57.4 2.8 3.7 39.1 59.7 94.8 83.8 35.2 15.2 49 16.5 66.6 13.9 10.7-1.6 32.8-13.4 37.4-26.4 4.6-13 4.6-24.1 3.2-26.4-1.3-2.5-5-3.9-10.5-6.6z\"><\/path><\/svg>\t\t\t\t\t\t\t<\/span>\n\t\t\t\t\t\t\t\t\t\t\t\t\t\t\t\t\t\t\t\t<\/div>\n\t\t\t\t\t<\/div>\n\t\t\t\t\t\t\t\t\t<div class=\"elementor-grid-item\">\n\t\t\t\t\t\t<div\n\t\t\t\t\t\t\tclass=\"elementor-share-btn elementor-share-btn_email\"\n\t\t\t\t\t\t\trole=\"button\"\n\t\t\t\t\t\t\ttabindex=\"0\"\n\t\t\t\t\t\t\taria-label=\"Va compartir en email\"\n\t\t\t\t\t\t>\n\t\t\t\t\t\t\t\t\t\t\t\t\t\t\t<span class=\"elementor-share-btn__icon\">\n\t\t\t\t\t\t\t\t<svg class=\"e-font-icon-svg e-fas-envelope\" viewbox=\"0 0 512 512\" xmlns=\"http:\/\/www.w3.org\/2000\/svg\"><path d=\"M502.3 190.8c3.9-3.1 9.7-.2 9.7 4.7V400c0 26.5-21.5 48-48 48H48c-26.5 0-48-21.5-48-48V195.6c0-5 5.7-7.8 9.7-4.7 22.4 17.4 52.1 39.5 154.1 113.6 21.1 15.4 56.7 47.8 92.2 47.6 35.7.3 72-32.8 92.3-47.6 102-74.1 131.6-96.3 154-113.7zM256 320c23.2.4 56.6-29.2 73.4-41.4 132.7-96.3 142.8-104.7 173.4-128.7 5.8-4.5 9.2-11.5 9.2-18.9v-19c0-26.5-21.5-48-48-48H48C21.5 64 0 85.5 0 112v19c0 7.4 3.4 14.3 9.2 18.9 30.6 23.9 40.7 32.4 173.4 128.7 16.8 12.2 50.2 41.8 73.4 41.4z\"><\/path><\/svg>\t\t\t\t\t\t\t<\/span>\n\t\t\t\t\t\t\t\t\t\t\t\t\t\t\t\t\t\t\t\t<\/div>\n\t\t\t\t\t<\/div>\n\t\t\t\t\t\t<\/div>\n\t\t\t\t<\/div>\n\t\t\t\t<\/div>\n\t\t\t\t\t<\/div>\n\t\t\t\t<\/div>\n\t\t\t\t<\/div>\n\t\t<div class=\"elementor-element elementor-element-425d66af e-con-full e-flex qodef-elementor-content-no e-con e-child\" data-id=\"425d66af\" data-element_type=\"container\">\n\t\t\t\t<div class=\"elementor-element elementor-element-77632a5 elementor-widget elementor-widget-heading\" data-id=\"77632a5\" data-element_type=\"widget\" data-widget_type=\"heading.default\">\n\t\t\t\t<div class=\"elementor-widget-container\">\n\t\t\t<h3 class=\"elementor-heading-title elementor-size-large\">Habitatge Unifamiliar<\/h3>\t\t<\/div>\n\t\t\t\t<\/div>\n\t\t<div class=\"elementor-element elementor-element-3fd8b4de e-con-full e-grid qodef-elementor-content-no e-con e-child\" data-id=\"3fd8b4de\" data-element_type=\"container\">\n\t\t\t\t<div class=\"elementor-element elementor-element-79680b66 elementor-widget elementor-widget-qi_addons_for_elementor_section_title\" data-id=\"79680b66\" data-element_type=\"widget\" data-widget_type=\"qi_addons_for_elementor_section_title.default\">\n\t\t\t\t<div class=\"elementor-widget-container\">\n\t\t\t<div class=\"qodef-shortcode qodef-m  qodef-qi-section-title  qodef-decoration--italic  qodef-link--underline-draw qodef-subtitle-icon--left\">\n\t\t\t<h6 class=\"qodef-m-title\">\n\t\tArquitectura\t<\/h6>\n\t\t\t\t\t\t<div class=\"qodef-m-text\"><p>Elisabet Pujol Gonfaus<\/p><\/div>\n\t<\/div>\n\t\t<\/div>\n\t\t\t\t<\/div>\n\t\t\t\t<div class=\"elementor-element elementor-element-24481f4e elementor-widget elementor-widget-qi_addons_for_elementor_section_title\" data-id=\"24481f4e\" data-element_type=\"widget\" data-widget_type=\"qi_addons_for_elementor_section_title.default\">\n\t\t\t\t<div class=\"elementor-widget-container\">\n\t\t\t<div class=\"qodef-shortcode qodef-m  qodef-qi-section-title  qodef-decoration--italic  qodef-link--underline-draw qodef-subtitle-icon--left\">\n\t\t\t<h6 class=\"qodef-m-title\">\n\t\tTipus\t<\/h6>\n\t\t\t\t\t\t<div class=\"qodef-m-text\"><p><span style=\"font-weight: 400\">Reforma habitatge unifamiliar entre mitgeres<\/span><\/p><\/div>\n\t<\/div>\n\t\t<\/div>\n\t\t\t\t<\/div>\n\t\t\t\t<div class=\"elementor-element elementor-element-6e5a65d1 elementor-widget elementor-widget-qi_addons_for_elementor_section_title\" data-id=\"6e5a65d1\" data-element_type=\"widget\" data-widget_type=\"qi_addons_for_elementor_section_title.default\">\n\t\t\t\t<div class=\"elementor-widget-container\">\n\t\t\t<div class=\"qodef-shortcode qodef-m  qodef-qi-section-title  qodef-decoration--italic  qodef-link--underline-draw qodef-subtitle-icon--left\">\n\t\t\t<h6 class=\"qodef-m-title\">\n\t\tLocalitzaci\u00f3\t<\/h6>\n\t\t\t\t\t\t<div class=\"qodef-m-text\"><p><span style=\"font-weight: 400\">Castelldefels. Barcelona<\/span><\/p><\/div>\n\t<\/div>\n\t\t<\/div>\n\t\t\t\t<\/div>\n\t\t\t\t<div class=\"elementor-element elementor-element-1288e8a5 elementor-widget elementor-widget-qi_addons_for_elementor_section_title\" data-id=\"1288e8a5\" data-element_type=\"widget\" data-widget_type=\"qi_addons_for_elementor_section_title.default\">\n\t\t\t\t<div class=\"elementor-widget-container\">\n\t\t\t<div class=\"qodef-shortcode qodef-m  qodef-qi-section-title  qodef-decoration--italic  qodef-link--underline-draw qodef-subtitle-icon--left\">\n\t\t\t<h6 class=\"qodef-m-title\">\n\t\tFusteria i Cuina\t<\/h6>\n\t\t\t\t\t\t<div class=\"qodef-m-text\"><p><span style=\"font-weight: 400\">Llofriu &amp; Gonfaus, SL<\/span><\/p><\/div>\n\t<\/div>\n\t\t<\/div>\n\t\t\t\t<\/div>\n\t\t\t\t<div class=\"elementor-element elementor-element-64892c88 elementor-widget elementor-widget-qi_addons_for_elementor_section_title\" data-id=\"64892c88\" data-element_type=\"widget\" data-widget_type=\"qi_addons_for_elementor_section_title.default\">\n\t\t\t\t<div class=\"elementor-widget-container\">\n\t\t\t<div class=\"qodef-shortcode qodef-m  qodef-qi-section-title  qodef-decoration--italic  qodef-link--underline-draw qodef-subtitle-icon--left\">\n\t\t\t<h6 class=\"qodef-m-title\">\n\t\tRealitzaci\u00f3\t<\/h6>\n\t\t\t\t\t\t<div class=\"qodef-m-text\"><p>2019<\/p><\/div>\n\t<\/div>\n\t\t<\/div>\n\t\t\t\t<\/div>\n\t\t\t\t<div class=\"elementor-element elementor-element-1d95b3a4 elementor-widget elementor-widget-qi_addons_for_elementor_section_title\" data-id=\"1d95b3a4\" data-element_type=\"widget\" data-widget_type=\"qi_addons_for_elementor_section_title.default\">\n\t\t\t\t<div class=\"elementor-widget-container\">\n\t\t\t<div class=\"qodef-shortcode qodef-m  qodef-qi-section-title  qodef-decoration--italic  qodef-link--underline-draw qodef-subtitle-icon--left\">\n\t\t\t<h6 class=\"qodef-m-title\">\n\t\tConstructora\t<\/h6>\n\t\t\t\t\t\t<div class=\"qodef-m-text\"><p><span style=\"font-weight: 400\">Llofriu &amp; Gonfaus, SL<\/span><\/p><\/div>\n\t<\/div>\n\t\t<\/div>\n\t\t\t\t<\/div>\n\t\t\t\t<div class=\"elementor-element elementor-element-477b03a6 elementor-widget elementor-widget-qi_addons_for_elementor_section_title\" data-id=\"477b03a6\" data-element_type=\"widget\" data-widget_type=\"qi_addons_for_elementor_section_title.default\">\n\t\t\t\t<div class=\"elementor-widget-container\">\n\t\t\t<div class=\"qodef-shortcode qodef-m  qodef-qi-section-title  qodef-decoration--italic  qodef-link--underline-draw qodef-subtitle-icon--left\">\n\t\t\t<h6 class=\"qodef-m-title\">\n\t\tFotografia\t<\/h6>\n\t\t\t\t\t\t<div class=\"qodef-m-text\"><p>Karel Noppe<\/p><\/div>\n\t<\/div>\n\t\t<\/div>\n\t\t\t\t<\/div>\n\t\t\t\t<div class=\"elementor-element elementor-element-588cfce4 elementor-widget elementor-widget-qi_addons_for_elementor_section_title\" data-id=\"588cfce4\" data-element_type=\"widget\" data-widget_type=\"qi_addons_for_elementor_section_title.default\">\n\t\t\t\t<div class=\"elementor-widget-container\">\n\t\t\t<div class=\"qodef-shortcode qodef-m  qodef-qi-section-title  qodef-decoration--italic  qodef-link--underline-draw qodef-subtitle-icon--left\">\n\t\t\t<h6 class=\"qodef-m-title\">\n\t\tPromotor\t<\/h6>\n\t\t\t\t\t\t<div class=\"qodef-m-text\"><p>Privat<\/p><\/div>\n\t<\/div>\n\t\t<\/div>\n\t\t\t\t<\/div>\n\t\t\t\t<\/div>\n\t\t\t\t<\/div>\n\t\t\t\t\t<\/div>\n\t\t\t\t<\/div>\n\t\t\t\t<\/div>","protected":false},"featured_media":2452,"template":"","meta":{"_acf_changed":false,"footnotes":""},"categoria-de-proyecto":[33,35],"class_list":["post-2677","proyecto","type-proyecto","status-publish","has-post-thumbnail","hentry","categoria-de-proyecto-arquitectura","categoria-de-proyecto-reformas"],"acf":[],"yoast_head":"<!-- This site is optimized with the Yoast SEO plugin v23.5 - https:\/\/yoast.com\/wordpress\/plugins\/seo\/ -->\n<title>Vivienda Unifamiliar &#8226; Llofriu &amp; Gonfaus<\/title>\n<meta name=\"description\" content=\"Vivienda unifamiliar en Castelldefels cerca del mar Mediterr\u00e1neo. Arquitectura y reforma. Un dise\u00f1o para emocionar y el lujo para vivirlo.\" \/>\n<meta name=\"robots\" content=\"index, follow, max-snippet:-1, max-image-preview:large, max-video-preview:-1\" \/>\n<link rel=\"canonical\" href=\"https:\/\/www.llofriugonfaus.com\/ca\/proyecto\/vivienda-unifamiliar\/\" \/>\n<meta property=\"og:locale\" content=\"ca_ES\" \/>\n<meta property=\"og:type\" content=\"article\" \/>\n<meta property=\"og:title\" content=\"Vivienda Unifamiliar &#8226; Llofriu &amp; Gonfaus\" \/>\n<meta property=\"og:description\" content=\"Vivienda unifamiliar en Castelldefels cerca del mar Mediterr\u00e1neo. Arquitectura y reforma. Un dise\u00f1o para emocionar y el lujo para vivirlo.\" \/>\n<meta property=\"og:url\" content=\"https:\/\/www.llofriugonfaus.com\/ca\/proyecto\/vivienda-unifamiliar\/\" \/>\n<meta property=\"og:site_name\" content=\"Llofriu &amp; Gonfaus\" \/>\n<meta property=\"article:modified_time\" content=\"2023-09-28T10:05:01+00:00\" \/>\n<meta property=\"og:image\" content=\"https:\/\/www.llofriugonfaus.com\/wp-content\/uploads\/2023\/05\/Llofriu-Gonfaus-Proyecto-Castelldefels-15.webp\" \/>\n\t<meta property=\"og:image:width\" content=\"1920\" \/>\n\t<meta property=\"og:image:height\" content=\"1447\" \/>\n\t<meta property=\"og:image:type\" content=\"image\/webp\" \/>\n<meta name=\"twitter:card\" content=\"summary_large_image\" \/>\n<meta name=\"twitter:label1\" content=\"Temps estimat de lectura\" \/>\n\t<meta name=\"twitter:data1\" content=\"16 minuts\" \/>\n<script type=\"application\/ld+json\" class=\"yoast-schema-graph\">{\"@context\":\"https:\/\/schema.org\",\"@graph\":[{\"@type\":\"WebPage\",\"@id\":\"https:\/\/www.llofriugonfaus.com\/proyecto\/vivienda-unifamiliar\/\",\"url\":\"https:\/\/www.llofriugonfaus.com\/proyecto\/vivienda-unifamiliar\/\",\"name\":\"Vivienda Unifamiliar &#8226; Llofriu &amp; Gonfaus\",\"isPartOf\":{\"@id\":\"https:\/\/www.llofriugonfaus.com\/#website\"},\"primaryImageOfPage\":{\"@id\":\"https:\/\/www.llofriugonfaus.com\/proyecto\/vivienda-unifamiliar\/#primaryimage\"},\"image\":{\"@id\":\"https:\/\/www.llofriugonfaus.com\/proyecto\/vivienda-unifamiliar\/#primaryimage\"},\"thumbnailUrl\":\"https:\/\/www.llofriugonfaus.com\/wp-content\/uploads\/2023\/05\/Llofriu-Gonfaus-Proyecto-Castelldefels-15.webp\",\"datePublished\":\"2023-06-02T10:06:20+00:00\",\"dateModified\":\"2023-09-28T10:05:01+00:00\",\"description\":\"Vivienda unifamiliar en Castelldefels cerca del mar Mediterr\u00e1neo. Arquitectura y reforma. Un dise\u00f1o para emocionar y el lujo para vivirlo.\",\"breadcrumb\":{\"@id\":\"https:\/\/www.llofriugonfaus.com\/proyecto\/vivienda-unifamiliar\/#breadcrumb\"},\"inLanguage\":\"ca\",\"potentialAction\":[{\"@type\":\"ReadAction\",\"target\":[\"https:\/\/www.llofriugonfaus.com\/proyecto\/vivienda-unifamiliar\/\"]}]},{\"@type\":\"ImageObject\",\"inLanguage\":\"ca\",\"@id\":\"https:\/\/www.llofriugonfaus.com\/proyecto\/vivienda-unifamiliar\/#primaryimage\",\"url\":\"https:\/\/www.llofriugonfaus.com\/wp-content\/uploads\/2023\/05\/Llofriu-Gonfaus-Proyecto-Castelldefels-15.webp\",\"contentUrl\":\"https:\/\/www.llofriugonfaus.com\/wp-content\/uploads\/2023\/05\/Llofriu-Gonfaus-Proyecto-Castelldefels-15.webp\",\"width\":1920,\"height\":1447,\"caption\":\"vivienda unifamiliar\"},{\"@type\":\"BreadcrumbList\",\"@id\":\"https:\/\/www.llofriugonfaus.com\/proyecto\/vivienda-unifamiliar\/#breadcrumb\",\"itemListElement\":[{\"@type\":\"ListItem\",\"position\":1,\"name\":\"Inicio\",\"item\":\"https:\/\/www.llofriugonfaus.com\/\"},{\"@type\":\"ListItem\",\"position\":2,\"name\":\"Vivienda Unifamiliar\"}]},{\"@type\":\"WebSite\",\"@id\":\"https:\/\/www.llofriugonfaus.com\/#website\",\"url\":\"https:\/\/www.llofriugonfaus.com\/\",\"name\":\"Llofriu & Gonfaus\",\"description\":\"Estudio de Arquitectura e Interiorismo en Barcelona\",\"publisher\":{\"@id\":\"https:\/\/www.llofriugonfaus.com\/#organization\"},\"potentialAction\":[{\"@type\":\"SearchAction\",\"target\":{\"@type\":\"EntryPoint\",\"urlTemplate\":\"https:\/\/www.llofriugonfaus.com\/?s={search_term_string}\"},\"query-input\":{\"@type\":\"PropertyValueSpecification\",\"valueRequired\":true,\"valueName\":\"search_term_string\"}}],\"inLanguage\":\"ca\"},{\"@type\":\"Organization\",\"@id\":\"https:\/\/www.llofriugonfaus.com\/#organization\",\"name\":\"Llofriu & Gonfaus, S.L.\",\"url\":\"https:\/\/www.llofriugonfaus.com\/\",\"logo\":{\"@type\":\"ImageObject\",\"inLanguage\":\"ca\",\"@id\":\"https:\/\/www.llofriugonfaus.com\/#\/schema\/logo\/image\/\",\"url\":\"https:\/\/www.llofriugonfaus.com\/wp-content\/uploads\/2023\/05\/LOGO-DEFINITU-V12.png\",\"contentUrl\":\"https:\/\/www.llofriugonfaus.com\/wp-content\/uploads\/2023\/05\/LOGO-DEFINITU-V12.png\",\"width\":5113,\"height\":920,\"caption\":\"Llofriu & Gonfaus, S.L.\"},\"image\":{\"@id\":\"https:\/\/www.llofriugonfaus.com\/#\/schema\/logo\/image\/\"},\"sameAs\":[\"https:\/\/www.instagram.com\/llofriugonfaus\/\"]}]}<\/script>\n<!-- \/ Yoast SEO plugin. -->","yoast_head_json":{"title":"Vivienda Unifamiliar &#8226; Llofriu &amp; Gonfaus","description":"Vivienda unifamiliar en Castelldefels cerca del mar Mediterr\u00e1neo. Arquitectura y reforma. Un dise\u00f1o para emocionar y el lujo para vivirlo.","robots":{"index":"index","follow":"follow","max-snippet":"max-snippet:-1","max-image-preview":"max-image-preview:large","max-video-preview":"max-video-preview:-1"},"canonical":"https:\/\/www.llofriugonfaus.com\/ca\/proyecto\/vivienda-unifamiliar\/","og_locale":"ca_ES","og_type":"article","og_title":"Vivienda Unifamiliar &#8226; Llofriu &amp; Gonfaus","og_description":"Vivienda unifamiliar en Castelldefels cerca del mar Mediterr\u00e1neo. Arquitectura y reforma. Un dise\u00f1o para emocionar y el lujo para vivirlo.","og_url":"https:\/\/www.llofriugonfaus.com\/ca\/proyecto\/vivienda-unifamiliar\/","og_site_name":"Llofriu &amp; Gonfaus","article_modified_time":"2023-09-28T10:05:01+00:00","og_image":[{"width":1920,"height":1447,"url":"https:\/\/www.llofriugonfaus.com\/wp-content\/uploads\/2023\/05\/Llofriu-Gonfaus-Proyecto-Castelldefels-15.webp","type":"image\/webp"}],"twitter_card":"summary_large_image","twitter_misc":{"Temps estimat de lectura":"16 minuts"},"schema":{"@context":"https:\/\/schema.org","@graph":[{"@type":"WebPage","@id":"https:\/\/www.llofriugonfaus.com\/proyecto\/vivienda-unifamiliar\/","url":"https:\/\/www.llofriugonfaus.com\/proyecto\/vivienda-unifamiliar\/","name":"Vivienda Unifamiliar &#8226; Llofriu &amp; Gonfaus","isPartOf":{"@id":"https:\/\/www.llofriugonfaus.com\/#website"},"primaryImageOfPage":{"@id":"https:\/\/www.llofriugonfaus.com\/proyecto\/vivienda-unifamiliar\/#primaryimage"},"image":{"@id":"https:\/\/www.llofriugonfaus.com\/proyecto\/vivienda-unifamiliar\/#primaryimage"},"thumbnailUrl":"https:\/\/www.llofriugonfaus.com\/wp-content\/uploads\/2023\/05\/Llofriu-Gonfaus-Proyecto-Castelldefels-15.webp","datePublished":"2023-06-02T10:06:20+00:00","dateModified":"2023-09-28T10:05:01+00:00","description":"Vivienda unifamiliar en Castelldefels cerca del mar Mediterr\u00e1neo. Arquitectura y reforma. Un dise\u00f1o para emocionar y el lujo para vivirlo.","breadcrumb":{"@id":"https:\/\/www.llofriugonfaus.com\/proyecto\/vivienda-unifamiliar\/#breadcrumb"},"inLanguage":"ca","potentialAction":[{"@type":"ReadAction","target":["https:\/\/www.llofriugonfaus.com\/proyecto\/vivienda-unifamiliar\/"]}]},{"@type":"ImageObject","inLanguage":"ca","@id":"https:\/\/www.llofriugonfaus.com\/proyecto\/vivienda-unifamiliar\/#primaryimage","url":"https:\/\/www.llofriugonfaus.com\/wp-content\/uploads\/2023\/05\/Llofriu-Gonfaus-Proyecto-Castelldefels-15.webp","contentUrl":"https:\/\/www.llofriugonfaus.com\/wp-content\/uploads\/2023\/05\/Llofriu-Gonfaus-Proyecto-Castelldefels-15.webp","width":1920,"height":1447,"caption":"vivienda unifamiliar"},{"@type":"BreadcrumbList","@id":"https:\/\/www.llofriugonfaus.com\/proyecto\/vivienda-unifamiliar\/#breadcrumb","itemListElement":[{"@type":"ListItem","position":1,"name":"Inicio","item":"https:\/\/www.llofriugonfaus.com\/"},{"@type":"ListItem","position":2,"name":"Vivienda Unifamiliar"}]},{"@type":"WebSite","@id":"https:\/\/www.llofriugonfaus.com\/#website","url":"https:\/\/www.llofriugonfaus.com\/","name":"Llofriu & Gonfaus","description":"Estudio de Arquitectura e Interiorismo en Barcelona","publisher":{"@id":"https:\/\/www.llofriugonfaus.com\/#organization"},"potentialAction":[{"@type":"SearchAction","target":{"@type":"EntryPoint","urlTemplate":"https:\/\/www.llofriugonfaus.com\/?s={search_term_string}"},"query-input":{"@type":"PropertyValueSpecification","valueRequired":true,"valueName":"search_term_string"}}],"inLanguage":"ca"},{"@type":"Organization","@id":"https:\/\/www.llofriugonfaus.com\/#organization","name":"Llofriu & Gonfaus, S.L.","url":"https:\/\/www.llofriugonfaus.com\/","logo":{"@type":"ImageObject","inLanguage":"ca","@id":"https:\/\/www.llofriugonfaus.com\/#\/schema\/logo\/image\/","url":"https:\/\/www.llofriugonfaus.com\/wp-content\/uploads\/2023\/05\/LOGO-DEFINITU-V12.png","contentUrl":"https:\/\/www.llofriugonfaus.com\/wp-content\/uploads\/2023\/05\/LOGO-DEFINITU-V12.png","width":5113,"height":920,"caption":"Llofriu & Gonfaus, S.L."},"image":{"@id":"https:\/\/www.llofriugonfaus.com\/#\/schema\/logo\/image\/"},"sameAs":["https:\/\/www.instagram.com\/llofriugonfaus\/"]}]}},"_links":{"self":[{"href":"https:\/\/www.llofriugonfaus.com\/ca\/wp-json\/wp\/v2\/proyecto\/2677","targetHints":{"allow":["GET"]}}],"collection":[{"href":"https:\/\/www.llofriugonfaus.com\/ca\/wp-json\/wp\/v2\/proyecto"}],"about":[{"href":"https:\/\/www.llofriugonfaus.com\/ca\/wp-json\/wp\/v2\/types\/proyecto"}],"version-history":[{"count":12,"href":"https:\/\/www.llofriugonfaus.com\/ca\/wp-json\/wp\/v2\/proyecto\/2677\/revisions"}],"predecessor-version":[{"id":4316,"href":"https:\/\/www.llofriugonfaus.com\/ca\/wp-json\/wp\/v2\/proyecto\/2677\/revisions\/4316"}],"wp:featuredmedia":[{"embeddable":true,"href":"https:\/\/www.llofriugonfaus.com\/ca\/wp-json\/wp\/v2\/media\/2452"}],"wp:attachment":[{"href":"https:\/\/www.llofriugonfaus.com\/ca\/wp-json\/wp\/v2\/media?parent=2677"}],"wp:term":[{"taxonomy":"categoria-de-proyecto","embeddable":true,"href":"https:\/\/www.llofriugonfaus.com\/ca\/wp-json\/wp\/v2\/categoria-de-proyecto?post=2677"}],"curies":[{"name":"wp","href":"https:\/\/api.w.org\/{rel}","templated":true}]}}