{"id":3663,"date":"2023-07-27T18:22:54","date_gmt":"2023-07-27T18:22:54","guid":{"rendered":"https:\/\/www.llofriugonfaus.com\/?post_type=proyecto&#038;p=3663"},"modified":"2023-09-28T14:05:01","modified_gmt":"2023-09-28T14:05:01","slug":"apartamento-lujo-barcelona","status":"publish","type":"proyecto","link":"https:\/\/www.llofriugonfaus.com\/ca\/proyecto\/apartamento-lujo-barcelona\/","title":{"rendered":"Apartament de luxe a Barcelona"},"content":{"rendered":"<div data-elementor-type=\"wp-post\" data-elementor-id=\"3663\" class=\"elementor elementor-3663\" data-elementor-post-type=\"proyecto\">\n\t\t\t\t<div class=\"elementor-element elementor-element-6c48ee0e e-con-full e-flex qodef-elementor-content-no e-con e-parent\" data-id=\"6c48ee0e\" data-element_type=\"container\">\n\t\t<div class=\"elementor-element elementor-element-5f44e463 e-con-full e-flex qodef-elementor-content-no e-con e-parent\" data-id=\"5f44e463\" data-element_type=\"container\">\n\t\t\t\t<div class=\"elementor-element elementor-element-775405b elementor-widget elementor-widget-text-editor\" data-id=\"775405b\" data-element_type=\"widget\" data-widget_type=\"text-editor.default\">\n\t\t\t\t<div class=\"elementor-widget-container\">\n\t\t\t\t\t\t\t<p>Projecte<\/p>\t\t\t\t\t\t<\/div>\n\t\t\t\t<\/div>\n\t\t\t\t<\/div>\n\t\t<div class=\"elementor-element elementor-element-2f0bd10 e-con-full e-flex qodef-elementor-content-no e-con e-parent\" data-id=\"2f0bd10\" data-element_type=\"container\">\n\t\t\t\t<div class=\"elementor-element elementor-element-f0e1bc4 elementor-widget elementor-widget-heading\" data-id=\"f0e1bc4\" data-element_type=\"widget\" data-widget_type=\"heading.default\">\n\t\t\t\t<div class=\"elementor-widget-container\">\n\t\t\t<h2 class=\"elementor-heading-title elementor-size-default\">Apartament de luxe a Barcelona<\/h2>\t\t<\/div>\n\t\t\t\t<\/div>\n\t\t\t\t<div class=\"elementor-element elementor-element-7e859ba elementor-widget elementor-widget-text-editor\" data-id=\"7e859ba\" data-element_type=\"widget\" data-widget_type=\"text-editor.default\">\n\t\t\t\t<div class=\"elementor-widget-container\">\n\t\t\t\t\t\t\t<p>Aquest <strong>apartament de luxe<\/strong> <strong>a Barcelona <\/strong>es troba situat a la <strong>carrer Muntaner , districte de Sarria-Sant Gervasi,<\/strong> en una zona privilegiada de la ciutat. La cerca de crear un espai llumin\u00f3s i d&#039;amplitud visual \u00e9s una pe\u00e7a clau d&#039;aquest projecte. Aquest habitatge ha estat planificat i executat amb un alt nivell d&#039;est\u00e8tica i disseny, buscant crear un ambient sofisticat i acollidor.<\/p><p>Totes les estances estan dissenyades sota el mateix denominador com\u00fa: eleg\u00e0ncia cl\u00e0ssic-modern. A trav\u00e9s dels materials nobles, colors i textures, s&#039;aconsegueix aquesta constant harmonia. La fusteria es fa al detall com un vestit a mida.<\/p><h3>Fusteria al detall<\/h3><p>L&#039;\u00fas de materials nobles, colors i textures per crear harmonia constant suggereix un enfocament cur\u00f3s en la selecci\u00f3 d&#039;elements de disseny que complementen i realcen l&#039;espai totalment. A m\u00e9s, el detall i l&#039;atenci\u00f3 a la fusteria ressalta la qualitat i la personalitzaci\u00f3 del treball realitzat a l&#039;habitatge.<\/p>\t\t\t\t\t\t<\/div>\n\t\t\t\t<\/div>\n\t\t\t\t<\/div>\n\t\t<div class=\"elementor-element elementor-element-7d52e4e5 e-con-full e-flex qodef-elementor-content-no e-con e-parent\" data-id=\"7d52e4e5\" data-element_type=\"container\">\n\t\t\t\t<\/div>\n\t\t\t\t<\/div>\n\t\t<div class=\"elementor-element elementor-element-5fb775e5 e-con-full e-flex qodef-elementor-content-no e-con e-parent\" data-id=\"5fb775e5\" data-element_type=\"container\">\n\t\t\t\t<div class=\"elementor-element elementor-element-15937c7b elementor-widget elementor-widget-qi_addons_for_elementor_image_slider\" data-id=\"15937c7b\" data-element_type=\"widget\" data-widget_type=\"qi_addons_for_elementor_image_slider.default\">\n\t\t\t\t<div class=\"elementor-widget-container\">\n\t\t\t<div class=\"qodef-shortcode qodef-m  qodef-qi-image-slider qodef-qi-fslightbox-popup qodef-popup-gallery    qodef-col-num--2 qodef-qi-grid qodef-qi-swiper-container  qodef-navigation--inside      qodef-navigation--hover-move\" data-options=\"{&quot;direction&quot;:&quot;horizontal&quot;,&quot;slidesPerView&quot;:&quot;2&quot;,&quot;spaceBetween&quot;:30,&quot;spaceBetweenTablet&quot;:30,&quot;spaceBetweenMobile&quot;:30,&quot;effect&quot;:&quot;&quot;,&quot;loop&quot;:true,&quot;autoplay&quot;:true,&quot;centeredSlides&quot;:false,&quot;speed&quot;:&quot;&quot;,&quot;speedAnimation&quot;:&quot;&quot;,&quot;outsideNavigation&quot;:&quot;no&quot;,&quot;outsidePagination&quot;:&quot;no&quot;,&quot;unique&quot;:841,&quot;partialValue&quot;:0.40000000000000002,&quot;disablePartialValue&quot;:&quot;&quot;,&quot;parallax&quot;:&quot;no&quot;}\">\n\t<div class=\"swiper-wrapper\">\n\t\t<div class=\"qodef-e swiper-slide\">\n\t<div class=\"qodef-e-inner\">\n\t\t<div class=\"qodef-e-inner-holder\">\n\t\t\t\t\t\t\t<a class=\"qodef-popup-item\" itemprop=\"image\" href=\"https:\/\/www.llofriugonfaus.com\/wp-content\/uploads\/2023\/07\/Interiorismo-de-lujo-Proyecto-Muntaner-6.webp\" data-type=\"image\" data-fslightbox=\"gallery-841\">\n\t\t\t\t\t\t\t<img fetchpriority=\"high\" decoding=\"async\" width=\"1440\" height=\"1920\" src=\"https:\/\/www.llofriugonfaus.com\/wp-content\/uploads\/2023\/07\/Interiorismo-de-lujo-Proyecto-Muntaner-6.webp\" class=\"attachment-full size-full\" alt=\"Vivienda de lujo en Barcelona: proyecto de arquitectura en Barcelona, apartamento de lujo, calle Muntaner, Sarria-Sant Gervasi.\" srcset=\"https:\/\/www.llofriugonfaus.com\/wp-content\/uploads\/2023\/07\/Interiorismo-de-lujo-Proyecto-Muntaner-6.webp 1440w, https:\/\/www.llofriugonfaus.com\/wp-content\/uploads\/2023\/07\/Interiorismo-de-lujo-Proyecto-Muntaner-6-225x300.webp 225w, https:\/\/www.llofriugonfaus.com\/wp-content\/uploads\/2023\/07\/Interiorismo-de-lujo-Proyecto-Muntaner-6-768x1024.webp 768w, https:\/\/www.llofriugonfaus.com\/wp-content\/uploads\/2023\/07\/Interiorismo-de-lujo-Proyecto-Muntaner-6-1152x1536.webp 1152w, https:\/\/www.llofriugonfaus.com\/wp-content\/uploads\/2023\/07\/Interiorismo-de-lujo-Proyecto-Muntaner-6-9x12.webp 9w\" sizes=\"(max-width: 1440px) 100vw, 1440px\" \/>\t\t\t\t\t\t\t<\/a>\n\t\t\t\t\t<\/div>\n\t<\/div>\n\t<\/div>\n<div class=\"qodef-e swiper-slide\">\n\t<div class=\"qodef-e-inner\">\n\t\t<div class=\"qodef-e-inner-holder\">\n\t\t\t\t\t\t\t<a class=\"qodef-popup-item\" itemprop=\"image\" href=\"https:\/\/www.llofriugonfaus.com\/wp-content\/uploads\/2023\/07\/Interiorismo-de-lujo-Proyecto-Muntaner-7.webp\" data-type=\"image\" data-fslightbox=\"gallery-841\">\n\t\t\t\t\t\t\t<img decoding=\"async\" width=\"1587\" height=\"1920\" src=\"https:\/\/www.llofriugonfaus.com\/wp-content\/uploads\/2023\/07\/Interiorismo-de-lujo-Proyecto-Muntaner-7.webp\" class=\"attachment-full size-full\" alt=\"Vivienda de lujo en Barcelona: proyecto de arquitectura en Barcelona, apartamento de lujo, calle Muntaner, Sarria-Sant Gervasi.\" srcset=\"https:\/\/www.llofriugonfaus.com\/wp-content\/uploads\/2023\/07\/Interiorismo-de-lujo-Proyecto-Muntaner-7.webp 1587w, https:\/\/www.llofriugonfaus.com\/wp-content\/uploads\/2023\/07\/Interiorismo-de-lujo-Proyecto-Muntaner-7-248x300.webp 248w, https:\/\/www.llofriugonfaus.com\/wp-content\/uploads\/2023\/07\/Interiorismo-de-lujo-Proyecto-Muntaner-7-846x1024.webp 846w, https:\/\/www.llofriugonfaus.com\/wp-content\/uploads\/2023\/07\/Interiorismo-de-lujo-Proyecto-Muntaner-7-768x929.webp 768w, https:\/\/www.llofriugonfaus.com\/wp-content\/uploads\/2023\/07\/Interiorismo-de-lujo-Proyecto-Muntaner-7-1270x1536.webp 1270w, https:\/\/www.llofriugonfaus.com\/wp-content\/uploads\/2023\/07\/Interiorismo-de-lujo-Proyecto-Muntaner-7-10x12.webp 10w\" sizes=\"(max-width: 1587px) 100vw, 1587px\" \/>\t\t\t\t\t\t\t<\/a>\n\t\t\t\t\t<\/div>\n\t<\/div>\n\t<\/div>\n<div class=\"qodef-e swiper-slide\">\n\t<div class=\"qodef-e-inner\">\n\t\t<div class=\"qodef-e-inner-holder\">\n\t\t\t\t\t\t\t<a class=\"qodef-popup-item\" itemprop=\"image\" href=\"https:\/\/www.llofriugonfaus.com\/wp-content\/uploads\/2023\/07\/Interiorismo-de-lujo-Proyecto-Muntaner-10.webp\" data-type=\"image\" data-fslightbox=\"gallery-841\">\n\t\t\t\t\t\t\t<img decoding=\"async\" width=\"1587\" height=\"1920\" src=\"https:\/\/www.llofriugonfaus.com\/wp-content\/uploads\/2023\/07\/Interiorismo-de-lujo-Proyecto-Muntaner-10.webp\" class=\"attachment-full size-full\" alt=\"Vivienda de lujo en Barcelona: proyecto de arquitectura en Barcelona, apartamento de lujo, calle Muntaner, Sarria-Sant Gervasi.\" srcset=\"https:\/\/www.llofriugonfaus.com\/wp-content\/uploads\/2023\/07\/Interiorismo-de-lujo-Proyecto-Muntaner-10.webp 1587w, https:\/\/www.llofriugonfaus.com\/wp-content\/uploads\/2023\/07\/Interiorismo-de-lujo-Proyecto-Muntaner-10-248x300.webp 248w, https:\/\/www.llofriugonfaus.com\/wp-content\/uploads\/2023\/07\/Interiorismo-de-lujo-Proyecto-Muntaner-10-846x1024.webp 846w, https:\/\/www.llofriugonfaus.com\/wp-content\/uploads\/2023\/07\/Interiorismo-de-lujo-Proyecto-Muntaner-10-768x929.webp 768w, https:\/\/www.llofriugonfaus.com\/wp-content\/uploads\/2023\/07\/Interiorismo-de-lujo-Proyecto-Muntaner-10-1270x1536.webp 1270w, https:\/\/www.llofriugonfaus.com\/wp-content\/uploads\/2023\/07\/Interiorismo-de-lujo-Proyecto-Muntaner-10-10x12.webp 10w\" sizes=\"(max-width: 1587px) 100vw, 1587px\" \/>\t\t\t\t\t\t\t<\/a>\n\t\t\t\t\t<\/div>\n\t<\/div>\n\t<\/div>\n<div class=\"qodef-e swiper-slide\">\n\t<div class=\"qodef-e-inner\">\n\t\t<div class=\"qodef-e-inner-holder\">\n\t\t\t\t\t\t\t<a class=\"qodef-popup-item\" itemprop=\"image\" href=\"https:\/\/www.llofriugonfaus.com\/wp-content\/uploads\/2023\/07\/Interiorismo-de-lujo-Proyecto-Muntaner-5.webp\" data-type=\"image\" data-fslightbox=\"gallery-841\">\n\t\t\t\t\t\t\t<img loading=\"lazy\" decoding=\"async\" width=\"1477\" height=\"1920\" src=\"https:\/\/www.llofriugonfaus.com\/wp-content\/uploads\/2023\/07\/Interiorismo-de-lujo-Proyecto-Muntaner-5.webp\" class=\"attachment-full size-full\" alt=\"Vivienda de lujo en Barcelona: proyecto de arquitectura en Barcelona, apartamento de lujo, calle Muntaner, Sarria-Sant Gervasi.\" srcset=\"https:\/\/www.llofriugonfaus.com\/wp-content\/uploads\/2023\/07\/Interiorismo-de-lujo-Proyecto-Muntaner-5.webp 1477w, https:\/\/www.llofriugonfaus.com\/wp-content\/uploads\/2023\/07\/Interiorismo-de-lujo-Proyecto-Muntaner-5-231x300.webp 231w, https:\/\/www.llofriugonfaus.com\/wp-content\/uploads\/2023\/07\/Interiorismo-de-lujo-Proyecto-Muntaner-5-788x1024.webp 788w, https:\/\/www.llofriugonfaus.com\/wp-content\/uploads\/2023\/07\/Interiorismo-de-lujo-Proyecto-Muntaner-5-768x998.webp 768w, https:\/\/www.llofriugonfaus.com\/wp-content\/uploads\/2023\/07\/Interiorismo-de-lujo-Proyecto-Muntaner-5-1182x1536.webp 1182w, https:\/\/www.llofriugonfaus.com\/wp-content\/uploads\/2023\/07\/Interiorismo-de-lujo-Proyecto-Muntaner-5-9x12.webp 9w\" sizes=\"(max-width: 1477px) 100vw, 1477px\" \/>\t\t\t\t\t\t\t<\/a>\n\t\t\t\t\t<\/div>\n\t<\/div>\n\t<\/div>\n\t<\/div>\n\t\t<div class=\"swiper-button-prev\"><svg xmlns=\"http:\/\/www.w3.org\/2000\/svg\" viewbox=\"0 0 26 50\"><polygon points=\"25.29 0 26 0.7 1.42 25 26 49.3 25.29 50 0 25 25.29 0\" style=\"stroke:transparent;\"><\/polygon><\/svg><\/div>\n\t<div class=\"swiper-button-next\"><svg xmlns=\"http:\/\/www.w3.org\/2000\/svg\" viewbox=\"0 0 26 50\"><polygon points=\"0.71 50 0 49.3 24.58 25 0 0.7 0.71 0 26 25 0.71 50\" style=\"stroke:transparent;\"><\/polygon><\/svg><\/div>\n<\/div>\n\t\t<\/div>\n\t\t\t\t<\/div>\n\t\t\t\t<\/div>\n\t\t<div class=\"elementor-element elementor-element-3d3210af e-flex e-con-boxed qodef-elementor-content-no e-con e-parent\" data-id=\"3d3210af\" data-element_type=\"container\" data-settings=\"{&quot;background_background&quot;:&quot;classic&quot;}\">\n\t\t\t\t\t<div class=\"e-con-inner\">\n\t\t<div class=\"elementor-element elementor-element-a26501b e-flex e-con-boxed qodef-elementor-content-no e-con e-parent\" data-id=\"a26501b\" data-element_type=\"container\">\n\t\t\t\t\t<div class=\"e-con-inner\">\n\t\t\t\t<div class=\"elementor-element elementor-element-1306df70 elementor-widget elementor-widget-text-editor\" data-id=\"1306df70\" data-element_type=\"widget\" data-widget_type=\"text-editor.default\">\n\t\t\t\t<div class=\"elementor-widget-container\">\n\t\t\t\t\t\t\t<p><span style=\"font-weight: 400;\">Les portes de gran al\u00e7ada amb emmarcats detallats i estudiats minuciosament s\u00f3n veritables obres mestres que eleven l&#039;ambient de totes les estances a un nivell de luxe excepcional. Cada porta, ja sigui batent o corredissa, o fins i tot les d&#039;arc de mig punt de vidre amb cartabons fets a mida, \u00e9s una expressi\u00f3 \u00fanica de bellesa i eleg\u00e0ncia.<\/span><\/p><h4><strong>Apartament de luxe a Barcelona<\/strong><\/h4><p><span style=\"font-weight: 400;\">Les portes estan meticulosament lacades amb un acabat de m\u00e0xima qualitat, atorgant-los una brillantor enlluernadora i una resist\u00e8ncia duradora. Els materials utilitzats s\u00f3n de la qualitat m\u00e9s alta, assegurant que aquestes peces d&#039;art arquitect\u00f2nic romanguin impecables durant anys.<\/span><\/p><p><span style=\"font-weight: 400;\">A m\u00e9s, els poms i manetes daurats, amb el seu sumptu\u00f3s disseny, no nom\u00e9s s\u00f3n elements funcionals, sin\u00f3 que tamb\u00e9 aporten una aura de sofisticaci\u00f3 i refinament a tot l&#039;habitatge. Cada cop que alg\u00fa toca aquestes peces daurades, sent l&#039;experi\u00e8ncia inigualable d&#039;estar en un espai veritablement amb encant.<\/span><\/p><p><span style=\"font-weight: 400;\">Aquestes portes van m\u00e9s enll\u00e0 del que \u00e9s convencional i abracen la magnific\u00e8ncia en cada aspecte del seu disseny i construcci\u00f3. S\u00f3n peces excepcionals que reflecteixen la dedicaci\u00f3 a la perfecci\u00f3 i la creaci\u00f3 d&#039;un ambient elegant i opulent a l&#039;habitatge.<\/span><\/p>\t\t\t\t\t\t<\/div>\n\t\t\t\t<\/div>\n\t\t\t\t\t<\/div>\n\t\t\t\t<\/div>\n\t\t\t\t\t<\/div>\n\t\t\t\t<\/div>\n\t\t<div class=\"elementor-element elementor-element-8151cf4 e-con-full e-flex qodef-elementor-content-no e-con e-parent\" data-id=\"8151cf4\" data-element_type=\"container\">\n\t\t\t\t<div class=\"elementor-element elementor-element-ba0c1b8 elementor-widget elementor-widget-qi_addons_for_elementor_image_slider\" data-id=\"ba0c1b8\" data-element_type=\"widget\" data-widget_type=\"qi_addons_for_elementor_image_slider.default\">\n\t\t\t\t<div class=\"elementor-widget-container\">\n\t\t\t<div class=\"qodef-shortcode qodef-m  qodef-qi-image-slider qodef-qi-fslightbox-popup qodef-popup-gallery    qodef-col-num--2 qodef-qi-grid qodef-qi-swiper-container  qodef-navigation--inside      qodef-navigation--hover-move\" data-options=\"{&quot;direction&quot;:&quot;horizontal&quot;,&quot;slidesPerView&quot;:&quot;2&quot;,&quot;spaceBetween&quot;:30,&quot;spaceBetweenTablet&quot;:30,&quot;spaceBetweenMobile&quot;:30,&quot;effect&quot;:&quot;&quot;,&quot;loop&quot;:true,&quot;autoplay&quot;:true,&quot;centeredSlides&quot;:false,&quot;speed&quot;:&quot;&quot;,&quot;speedAnimation&quot;:&quot;&quot;,&quot;outsideNavigation&quot;:&quot;no&quot;,&quot;outsidePagination&quot;:&quot;no&quot;,&quot;unique&quot;:393,&quot;partialValue&quot;:0.40000000000000002,&quot;disablePartialValue&quot;:&quot;&quot;,&quot;parallax&quot;:&quot;no&quot;}\">\n\t<div class=\"swiper-wrapper\">\n\t\t<div class=\"qodef-e swiper-slide\">\n\t<div class=\"qodef-e-inner\">\n\t\t<div class=\"qodef-e-inner-holder\">\n\t\t\t\t\t\t\t<a class=\"qodef-popup-item\" itemprop=\"image\" href=\"https:\/\/www.llofriugonfaus.com\/wp-content\/uploads\/2023\/07\/Interiorismo-de-lujo-Proyecto-Muntaner-2.webp\" data-type=\"image\" data-fslightbox=\"gallery-393\">\n\t\t\t\t\t\t\t<img loading=\"lazy\" decoding=\"async\" width=\"1440\" height=\"1920\" src=\"https:\/\/www.llofriugonfaus.com\/wp-content\/uploads\/2023\/07\/Interiorismo-de-lujo-Proyecto-Muntaner-2.webp\" class=\"attachment-full size-full\" alt=\"Vivienda de lujo en Barcelona: proyecto de arquitectura en Barcelona, apartamento de lujo, calle Muntaner, Sarria-Sant Gervasi.\" srcset=\"https:\/\/www.llofriugonfaus.com\/wp-content\/uploads\/2023\/07\/Interiorismo-de-lujo-Proyecto-Muntaner-2.webp 1440w, https:\/\/www.llofriugonfaus.com\/wp-content\/uploads\/2023\/07\/Interiorismo-de-lujo-Proyecto-Muntaner-2-225x300.webp 225w, https:\/\/www.llofriugonfaus.com\/wp-content\/uploads\/2023\/07\/Interiorismo-de-lujo-Proyecto-Muntaner-2-768x1024.webp 768w, https:\/\/www.llofriugonfaus.com\/wp-content\/uploads\/2023\/07\/Interiorismo-de-lujo-Proyecto-Muntaner-2-1152x1536.webp 1152w, https:\/\/www.llofriugonfaus.com\/wp-content\/uploads\/2023\/07\/Interiorismo-de-lujo-Proyecto-Muntaner-2-9x12.webp 9w\" sizes=\"(max-width: 1440px) 100vw, 1440px\" \/>\t\t\t\t\t\t\t<\/a>\n\t\t\t\t\t<\/div>\n\t<\/div>\n\t<\/div>\n<div class=\"qodef-e swiper-slide\">\n\t<div class=\"qodef-e-inner\">\n\t\t<div class=\"qodef-e-inner-holder\">\n\t\t\t\t\t\t\t<a class=\"qodef-popup-item\" itemprop=\"image\" href=\"https:\/\/www.llofriugonfaus.com\/wp-content\/uploads\/2023\/07\/Interiorismo-de-lujo-Proyecto-Muntaner-3.webp\" data-type=\"image\" data-fslightbox=\"gallery-393\">\n\t\t\t\t\t\t\t<img loading=\"lazy\" decoding=\"async\" width=\"1440\" height=\"1920\" src=\"https:\/\/www.llofriugonfaus.com\/wp-content\/uploads\/2023\/07\/Interiorismo-de-lujo-Proyecto-Muntaner-3.webp\" class=\"attachment-full size-full\" alt=\"Vivienda de lujo en Barcelona: proyecto de arquitectura en Barcelona, apartamento de lujo, calle Muntaner, Sarria-Sant Gervasi.\" srcset=\"https:\/\/www.llofriugonfaus.com\/wp-content\/uploads\/2023\/07\/Interiorismo-de-lujo-Proyecto-Muntaner-3.webp 1440w, https:\/\/www.llofriugonfaus.com\/wp-content\/uploads\/2023\/07\/Interiorismo-de-lujo-Proyecto-Muntaner-3-225x300.webp 225w, https:\/\/www.llofriugonfaus.com\/wp-content\/uploads\/2023\/07\/Interiorismo-de-lujo-Proyecto-Muntaner-3-768x1024.webp 768w, https:\/\/www.llofriugonfaus.com\/wp-content\/uploads\/2023\/07\/Interiorismo-de-lujo-Proyecto-Muntaner-3-1152x1536.webp 1152w, https:\/\/www.llofriugonfaus.com\/wp-content\/uploads\/2023\/07\/Interiorismo-de-lujo-Proyecto-Muntaner-3-9x12.webp 9w\" sizes=\"(max-width: 1440px) 100vw, 1440px\" \/>\t\t\t\t\t\t\t<\/a>\n\t\t\t\t\t<\/div>\n\t<\/div>\n\t<\/div>\n<div class=\"qodef-e swiper-slide\">\n\t<div class=\"qodef-e-inner\">\n\t\t<div class=\"qodef-e-inner-holder\">\n\t\t\t\t\t\t\t<a class=\"qodef-popup-item\" itemprop=\"image\" href=\"https:\/\/www.llofriugonfaus.com\/wp-content\/uploads\/2023\/07\/Interiorismo-de-lujo-Proyecto-Muntaner-6.webp\" data-type=\"image\" data-fslightbox=\"gallery-393\">\n\t\t\t\t\t\t\t<img fetchpriority=\"high\" decoding=\"async\" width=\"1440\" height=\"1920\" src=\"https:\/\/www.llofriugonfaus.com\/wp-content\/uploads\/2023\/07\/Interiorismo-de-lujo-Proyecto-Muntaner-6.webp\" class=\"attachment-full size-full\" alt=\"Vivienda de lujo en Barcelona: proyecto de arquitectura en Barcelona, apartamento de lujo, calle Muntaner, Sarria-Sant Gervasi.\" srcset=\"https:\/\/www.llofriugonfaus.com\/wp-content\/uploads\/2023\/07\/Interiorismo-de-lujo-Proyecto-Muntaner-6.webp 1440w, https:\/\/www.llofriugonfaus.com\/wp-content\/uploads\/2023\/07\/Interiorismo-de-lujo-Proyecto-Muntaner-6-225x300.webp 225w, https:\/\/www.llofriugonfaus.com\/wp-content\/uploads\/2023\/07\/Interiorismo-de-lujo-Proyecto-Muntaner-6-768x1024.webp 768w, https:\/\/www.llofriugonfaus.com\/wp-content\/uploads\/2023\/07\/Interiorismo-de-lujo-Proyecto-Muntaner-6-1152x1536.webp 1152w, https:\/\/www.llofriugonfaus.com\/wp-content\/uploads\/2023\/07\/Interiorismo-de-lujo-Proyecto-Muntaner-6-9x12.webp 9w\" sizes=\"(max-width: 1440px) 100vw, 1440px\" \/>\t\t\t\t\t\t\t<\/a>\n\t\t\t\t\t<\/div>\n\t<\/div>\n\t<\/div>\n<div class=\"qodef-e swiper-slide\">\n\t<div class=\"qodef-e-inner\">\n\t\t<div class=\"qodef-e-inner-holder\">\n\t\t\t\t\t\t\t<a class=\"qodef-popup-item\" itemprop=\"image\" href=\"https:\/\/www.llofriugonfaus.com\/wp-content\/uploads\/2023\/07\/Interiorismo-de-lujo-Proyecto-Muntaner-12.webp\" data-type=\"image\" data-fslightbox=\"gallery-393\">\n\t\t\t\t\t\t\t<img loading=\"lazy\" decoding=\"async\" width=\"1314\" height=\"1920\" src=\"https:\/\/www.llofriugonfaus.com\/wp-content\/uploads\/2023\/07\/Interiorismo-de-lujo-Proyecto-Muntaner-12.webp\" class=\"attachment-full size-full\" alt=\"Vivienda de lujo en Barcelona: proyecto de arquitectura en Barcelona, apartamento de lujo, calle Muntaner, Sarria-Sant Gervasi.\" srcset=\"https:\/\/www.llofriugonfaus.com\/wp-content\/uploads\/2023\/07\/Interiorismo-de-lujo-Proyecto-Muntaner-12.webp 1314w, https:\/\/www.llofriugonfaus.com\/wp-content\/uploads\/2023\/07\/Interiorismo-de-lujo-Proyecto-Muntaner-12-205x300.webp 205w, https:\/\/www.llofriugonfaus.com\/wp-content\/uploads\/2023\/07\/Interiorismo-de-lujo-Proyecto-Muntaner-12-701x1024.webp 701w, https:\/\/www.llofriugonfaus.com\/wp-content\/uploads\/2023\/07\/Interiorismo-de-lujo-Proyecto-Muntaner-12-768x1122.webp 768w, https:\/\/www.llofriugonfaus.com\/wp-content\/uploads\/2023\/07\/Interiorismo-de-lujo-Proyecto-Muntaner-12-1051x1536.webp 1051w, https:\/\/www.llofriugonfaus.com\/wp-content\/uploads\/2023\/07\/Interiorismo-de-lujo-Proyecto-Muntaner-12-8x12.webp 8w\" sizes=\"(max-width: 1314px) 100vw, 1314px\" \/>\t\t\t\t\t\t\t<\/a>\n\t\t\t\t\t<\/div>\n\t<\/div>\n\t<\/div>\n\t<\/div>\n\t\t<div class=\"swiper-button-prev\"><svg xmlns=\"http:\/\/www.w3.org\/2000\/svg\" viewbox=\"0 0 26 50\"><polygon points=\"25.29 0 26 0.7 1.42 25 26 49.3 25.29 50 0 25 25.29 0\" style=\"stroke:transparent;\"><\/polygon><\/svg><\/div>\n\t<div class=\"swiper-button-next\"><svg xmlns=\"http:\/\/www.w3.org\/2000\/svg\" viewbox=\"0 0 26 50\"><polygon points=\"0.71 50 0 49.3 24.58 25 0 0.7 0.71 0 26 25 0.71 50\" style=\"stroke:transparent;\"><\/polygon><\/svg><\/div>\n<\/div>\n\t\t<\/div>\n\t\t\t\t<\/div>\n\t\t\t\t<\/div>\n\t\t<div class=\"elementor-element elementor-element-538a345b e-flex e-con-boxed qodef-elementor-content-no e-con e-parent\" data-id=\"538a345b\" data-element_type=\"container\" data-settings=\"{&quot;background_background&quot;:&quot;classic&quot;}\">\n\t\t\t\t\t<div class=\"e-con-inner\">\n\t\t<div class=\"elementor-element elementor-element-27d8af46 e-flex e-con-boxed qodef-elementor-content-no e-con e-parent\" data-id=\"27d8af46\" data-element_type=\"container\">\n\t\t\t\t\t<div class=\"e-con-inner\">\n\t\t\t\t<div class=\"elementor-element elementor-element-13805dee elementor-widget elementor-widget-text-editor\" data-id=\"13805dee\" data-element_type=\"widget\" data-widget_type=\"text-editor.default\">\n\t\t\t\t<div class=\"elementor-widget-container\">\n\t\t\t\t\t\t\t<p><span style=\"font-weight: 400;\">Les finestres i les portes de les fa\u00e7anes de l&#039;habitatge mostren un enfocament conscient de l&#039;eleg\u00e0ncia i el respecte per l&#039;ess\u00e8ncia de Barcelona i el seu patrimoni hist\u00f2ric. No sols compleixen els est\u00e0ndards d&#039;eleg\u00e0ncia interior, sin\u00f3 que tamb\u00e9 s&#039;integren harm\u00f2nicament amb el conjunt de l&#039;edifici. Cada element, dissenyat amb cura, contribueix a ressaltar l&#039;eleg\u00e0ncia arquitect\u00f2nica.<\/span><\/p><p><span style=\"font-weight: 400;\">Les persianes de fusta al balc\u00f3 de la fa\u00e7ana principal s\u00f3n una mostra de la tradici\u00f3 local i aporten un toc cl\u00e0ssic i c\u00e0lid a l&#039;est\u00e8tica. Aquestes persianes no nom\u00e9s afegeixen bellesa al conjunt, sin\u00f3 que tamb\u00e9 compleixen una funci\u00f3 pr\u00e0ctica en protegir de l&#039;exc\u00e9s de llum i calor, garantint un ambient c\u00f2mode a l&#039;interior de l&#039;habitatge. L&#039;\u00fas de llibrets que es tanquen ofereix flexibilitat al control de la il\u00b7luminaci\u00f3, permetent que es filtri suaument la llum i creant una atmosfera acollidora.<\/span><\/p><h5><strong>Apartament de luxe a Barcelona<\/strong><\/h5><p>A la fa\u00e7ana posterior, que d\u00f3na directament a una gran zona verda, es trien portes de tancament amb un emmarcat detallat. Aquesta elecci\u00f3 no nom\u00e9s garanteix la seguretat i la privadesa de l&#039;habitatge, sin\u00f3 que tamb\u00e9 afegeix un toc d&#039;eleg\u00e0ncia i sofisticaci\u00f3 a l&#039;exterior.<\/p>\t\t\t\t\t\t<\/div>\n\t\t\t\t<\/div>\n\t\t\t\t\t<\/div>\n\t\t\t\t<\/div>\n\t\t\t\t\t<\/div>\n\t\t\t\t<\/div>\n\t\t<div class=\"elementor-element elementor-element-716c2b05 e-con-full e-flex qodef-elementor-content-no e-con e-parent\" data-id=\"716c2b05\" data-element_type=\"container\">\n\t\t\t\t<div class=\"elementor-element elementor-element-1ee7b2b0 elementor-widget elementor-widget-qi_addons_for_elementor_image_slider\" data-id=\"1ee7b2b0\" data-element_type=\"widget\" data-widget_type=\"qi_addons_for_elementor_image_slider.default\">\n\t\t\t\t<div class=\"elementor-widget-container\">\n\t\t\t<div class=\"qodef-shortcode qodef-m  qodef-qi-image-slider qodef-qi-fslightbox-popup qodef-popup-gallery    qodef-col-num--1 qodef-qi-grid qodef-qi-swiper-container  qodef-navigation--inside      qodef-navigation--hover-move\" data-options=\"{&quot;direction&quot;:&quot;horizontal&quot;,&quot;slidesPerView&quot;:&quot;1&quot;,&quot;spaceBetween&quot;:0,&quot;spaceBetweenTablet&quot;:30,&quot;spaceBetweenMobile&quot;:30,&quot;effect&quot;:&quot;slide&quot;,&quot;loop&quot;:true,&quot;autoplay&quot;:true,&quot;centeredSlides&quot;:true,&quot;speed&quot;:&quot;&quot;,&quot;speedAnimation&quot;:&quot;&quot;,&quot;outsideNavigation&quot;:&quot;no&quot;,&quot;outsidePagination&quot;:&quot;no&quot;,&quot;unique&quot;:401,&quot;partialValue&quot;:0,&quot;disablePartialValue&quot;:&quot;&quot;,&quot;parallax&quot;:&quot;no&quot;}\">\n\t<div class=\"swiper-wrapper\">\n\t\t<div class=\"qodef-e swiper-slide\">\n\t<div class=\"qodef-e-inner\">\n\t\t<div class=\"qodef-e-inner-holder\">\n\t\t\t\t\t\t\t<a class=\"qodef-popup-item\" itemprop=\"image\" href=\"https:\/\/www.llofriugonfaus.com\/wp-content\/uploads\/2023\/07\/Interiorismo-de-lujo-Proyecto-Muntaner-9.webp\" data-type=\"image\" data-fslightbox=\"gallery-401\">\n\t\t\t\t\t\t\t<img loading=\"lazy\" decoding=\"async\" width=\"1920\" height=\"1440\" src=\"https:\/\/www.llofriugonfaus.com\/wp-content\/uploads\/2023\/07\/Interiorismo-de-lujo-Proyecto-Muntaner-9.webp\" class=\"attachment-full size-full\" alt=\"Vivienda de lujo en Barcelona: proyecto de arquitectura en Barcelona, apartamento de lujo, calle Muntaner, Sarria-Sant Gervasi.\" srcset=\"https:\/\/www.llofriugonfaus.com\/wp-content\/uploads\/2023\/07\/Interiorismo-de-lujo-Proyecto-Muntaner-9.webp 1920w, https:\/\/www.llofriugonfaus.com\/wp-content\/uploads\/2023\/07\/Interiorismo-de-lujo-Proyecto-Muntaner-9-300x225.webp 300w, https:\/\/www.llofriugonfaus.com\/wp-content\/uploads\/2023\/07\/Interiorismo-de-lujo-Proyecto-Muntaner-9-1024x768.webp 1024w, https:\/\/www.llofriugonfaus.com\/wp-content\/uploads\/2023\/07\/Interiorismo-de-lujo-Proyecto-Muntaner-9-768x576.webp 768w, https:\/\/www.llofriugonfaus.com\/wp-content\/uploads\/2023\/07\/Interiorismo-de-lujo-Proyecto-Muntaner-9-1536x1152.webp 1536w, https:\/\/www.llofriugonfaus.com\/wp-content\/uploads\/2023\/07\/Interiorismo-de-lujo-Proyecto-Muntaner-9-16x12.webp 16w\" sizes=\"(max-width: 1920px) 100vw, 1920px\" \/>\t\t\t\t\t\t\t<\/a>\n\t\t\t\t\t<\/div>\n\t<\/div>\n\t<\/div>\n<div class=\"qodef-e swiper-slide\">\n\t<div class=\"qodef-e-inner\">\n\t\t<div class=\"qodef-e-inner-holder\">\n\t\t\t\t\t\t\t<a class=\"qodef-popup-item\" itemprop=\"image\" href=\"https:\/\/www.llofriugonfaus.com\/wp-content\/uploads\/2023\/07\/Interiorismo-de-lujo-Proyecto-Muntaner-1.webp\" data-type=\"image\" data-fslightbox=\"gallery-401\">\n\t\t\t\t\t\t\t<img loading=\"lazy\" decoding=\"async\" width=\"1920\" height=\"1418\" src=\"https:\/\/www.llofriugonfaus.com\/wp-content\/uploads\/2023\/07\/Interiorismo-de-lujo-Proyecto-Muntaner-1.webp\" class=\"attachment-full size-full\" alt=\"Vivienda de lujo en Barcelona: proyecto de arquitectura en Barcelona, apartamento de lujo, calle Muntaner, Sarria-Sant Gervasi.\" srcset=\"https:\/\/www.llofriugonfaus.com\/wp-content\/uploads\/2023\/07\/Interiorismo-de-lujo-Proyecto-Muntaner-1.webp 1920w, https:\/\/www.llofriugonfaus.com\/wp-content\/uploads\/2023\/07\/Interiorismo-de-lujo-Proyecto-Muntaner-1-300x222.webp 300w, https:\/\/www.llofriugonfaus.com\/wp-content\/uploads\/2023\/07\/Interiorismo-de-lujo-Proyecto-Muntaner-1-1024x756.webp 1024w, https:\/\/www.llofriugonfaus.com\/wp-content\/uploads\/2023\/07\/Interiorismo-de-lujo-Proyecto-Muntaner-1-768x567.webp 768w, https:\/\/www.llofriugonfaus.com\/wp-content\/uploads\/2023\/07\/Interiorismo-de-lujo-Proyecto-Muntaner-1-1536x1134.webp 1536w, https:\/\/www.llofriugonfaus.com\/wp-content\/uploads\/2023\/07\/Interiorismo-de-lujo-Proyecto-Muntaner-1-16x12.webp 16w\" sizes=\"(max-width: 1920px) 100vw, 1920px\" \/>\t\t\t\t\t\t\t<\/a>\n\t\t\t\t\t<\/div>\n\t<\/div>\n\t<\/div>\n<div class=\"qodef-e swiper-slide\">\n\t<div class=\"qodef-e-inner\">\n\t\t<div class=\"qodef-e-inner-holder\">\n\t\t\t\t\t\t\t<a class=\"qodef-popup-item\" itemprop=\"image\" href=\"https:\/\/www.llofriugonfaus.com\/wp-content\/uploads\/2023\/07\/Interiorismo-de-lujo-Proyecto-Muntaner-4.webp\" data-type=\"image\" data-fslightbox=\"gallery-401\">\n\t\t\t\t\t\t\t<img loading=\"lazy\" decoding=\"async\" width=\"1419\" height=\"1920\" src=\"https:\/\/www.llofriugonfaus.com\/wp-content\/uploads\/2023\/07\/Interiorismo-de-lujo-Proyecto-Muntaner-4.webp\" class=\"attachment-full size-full\" alt=\"Vivienda de lujo en Barcelona: proyecto de arquitectura en Barcelona, apartamento de lujo, calle Muntaner, Sarria-Sant Gervasi.\" srcset=\"https:\/\/www.llofriugonfaus.com\/wp-content\/uploads\/2023\/07\/Interiorismo-de-lujo-Proyecto-Muntaner-4.webp 1419w, https:\/\/www.llofriugonfaus.com\/wp-content\/uploads\/2023\/07\/Interiorismo-de-lujo-Proyecto-Muntaner-4-222x300.webp 222w, https:\/\/www.llofriugonfaus.com\/wp-content\/uploads\/2023\/07\/Interiorismo-de-lujo-Proyecto-Muntaner-4-757x1024.webp 757w, https:\/\/www.llofriugonfaus.com\/wp-content\/uploads\/2023\/07\/Interiorismo-de-lujo-Proyecto-Muntaner-4-768x1039.webp 768w, https:\/\/www.llofriugonfaus.com\/wp-content\/uploads\/2023\/07\/Interiorismo-de-lujo-Proyecto-Muntaner-4-1135x1536.webp 1135w, https:\/\/www.llofriugonfaus.com\/wp-content\/uploads\/2023\/07\/Interiorismo-de-lujo-Proyecto-Muntaner-4-9x12.webp 9w\" sizes=\"(max-width: 1419px) 100vw, 1419px\" \/>\t\t\t\t\t\t\t<\/a>\n\t\t\t\t\t<\/div>\n\t<\/div>\n\t<\/div>\n\t<\/div>\n\t\t<div class=\"swiper-button-prev\"><svg xmlns=\"http:\/\/www.w3.org\/2000\/svg\" viewbox=\"0 0 26 50\"><polygon points=\"25.29 0 26 0.7 1.42 25 26 49.3 25.29 50 0 25 25.29 0\" style=\"stroke:transparent;\"><\/polygon><\/svg><\/div>\n\t<div class=\"swiper-button-next\"><svg xmlns=\"http:\/\/www.w3.org\/2000\/svg\" viewbox=\"0 0 26 50\"><polygon points=\"0.71 50 0 49.3 24.58 25 0 0.7 0.71 0 26 25 0.71 50\" style=\"stroke:transparent;\"><\/polygon><\/svg><\/div>\n<\/div>\n\t\t<\/div>\n\t\t\t\t<\/div>\n\t\t\t\t<\/div>\n\t\t<div class=\"elementor-element elementor-element-55e303c e-flex e-con-boxed qodef-elementor-content-no e-con e-parent\" data-id=\"55e303c\" data-element_type=\"container\" data-settings=\"{&quot;background_background&quot;:&quot;classic&quot;}\">\n\t\t\t\t\t<div class=\"e-con-inner\">\n\t\t<div class=\"elementor-element elementor-element-5bbd8d9 e-flex e-con-boxed qodef-elementor-content-no e-con e-parent\" data-id=\"5bbd8d9\" data-element_type=\"container\">\n\t\t\t\t\t<div class=\"e-con-inner\">\n\t\t\t\t<div class=\"elementor-element elementor-element-bd53f16 elementor-widget elementor-widget-text-editor\" data-id=\"bd53f16\" data-element_type=\"widget\" data-widget_type=\"text-editor.default\">\n\t\t\t\t<div class=\"elementor-widget-container\">\n\t\t\t\t\t\t\t<p><span style=\"font-weight: 400;\">La cornisa que emmarca i real\u00e7a la gran obertura de pas entre la cuina i la sala menjador \u00e9s un veritable punt focal d&#039;eleg\u00e0ncia i estil en el disseny interior. Est\u00e0 revestida amb elements de fusta exquisidament lacats, cosa que li d\u00f3na un acabat llumin\u00f3s. Aquests elements de fusta estan adornats amb ornamentacions meticulosament dissenyades, amb cantells arrodonits que afegeixen un toc suau i sofisticat al conjunt.<\/span><\/p><p><span style=\"font-weight: 400;\">L&#039;elecci\u00f3 d&#039;enlla\u00e7ar l&#039;ornamentaci\u00f3 de la cornisa amb la continu\u00eftat del s\u00f2col mostra una coher\u00e8ncia en el disseny, creant una harmonia visual entre tots dos elements. La combinaci\u00f3 de la fusta lacada i les ornamentacions crea un contrast atractiu i ressalta la bellesa de la cornisa i la converteix en una obra d&#039;art en si mateixa.<\/span><\/p><h3>\u00a0<\/h3>\t\t\t\t\t\t<\/div>\n\t\t\t\t<\/div>\n\t\t\t\t\t<\/div>\n\t\t\t\t<\/div>\n\t\t\t\t\t<\/div>\n\t\t\t\t<\/div>\n\t\t<div class=\"elementor-element elementor-element-35d4ade e-flex e-con-boxed qodef-elementor-content-no e-con e-parent\" data-id=\"35d4ade\" data-element_type=\"container\">\n\t\t\t\t\t<div class=\"e-con-inner\">\n\t\t\t\t<div class=\"elementor-element elementor-element-92124c1 elementor-widget elementor-widget-image\" data-id=\"92124c1\" data-element_type=\"widget\" data-widget_type=\"image.default\">\n\t\t\t\t<div class=\"elementor-widget-container\">\n\t\t\t\t\t\t\t\t\t\t\t\t\t<img loading=\"lazy\" decoding=\"async\" width=\"846\" height=\"881\" src=\"https:\/\/www.llofriugonfaus.com\/wp-content\/uploads\/2023\/07\/Interiorismo-de-lujo-Proyecto-Muntaner-11.webp\" class=\"attachment-full size-full wp-image-3674\" alt=\"Vivienda de lujo en Barcelona: proyecto de arquitectura en Barcelona, apartamento de lujo, calle Muntaner, Sarria-Sant Gervasi.\" srcset=\"https:\/\/www.llofriugonfaus.com\/wp-content\/uploads\/2023\/07\/Interiorismo-de-lujo-Proyecto-Muntaner-11.webp 846w, https:\/\/www.llofriugonfaus.com\/wp-content\/uploads\/2023\/07\/Interiorismo-de-lujo-Proyecto-Muntaner-11-288x300.webp 288w, https:\/\/www.llofriugonfaus.com\/wp-content\/uploads\/2023\/07\/Interiorismo-de-lujo-Proyecto-Muntaner-11-768x800.webp 768w, https:\/\/www.llofriugonfaus.com\/wp-content\/uploads\/2023\/07\/Interiorismo-de-lujo-Proyecto-Muntaner-11-12x12.webp 12w\" sizes=\"(max-width: 846px) 100vw, 846px\" \/>\t\t\t\t\t\t\t\t\t\t\t\t\t<\/div>\n\t\t\t\t<\/div>\n\t\t\t\t\t<\/div>\n\t\t\t\t<\/div>\n\t\t<div class=\"elementor-element elementor-element-47a30527 e-flex e-con-boxed qodef-elementor-content-no e-con e-parent\" data-id=\"47a30527\" data-element_type=\"container\">\n\t\t\t\t\t<div class=\"e-con-inner\">\n\t\t<div class=\"elementor-element elementor-element-7b2668c9 e-con-full e-flex qodef-elementor-content-no e-con e-parent\" data-id=\"7b2668c9\" data-element_type=\"container\">\n\t\t\t\t<div class=\"elementor-element elementor-element-6c33ca06 elementor-widget elementor-widget-image\" data-id=\"6c33ca06\" data-element_type=\"widget\" data-widget_type=\"image.default\">\n\t\t\t\t<div class=\"elementor-widget-container\">\n\t\t\t\t\t\t\t\t\t\t\t\t\t<img decoding=\"async\" src=\"https:\/\/www.llofriugonfaus.com\/wp-content\/uploads\/2023\/05\/Llofriu-i-Gonfaus_Logo-vertical_Negre.svg\" class=\"attachment-full size-full wp-image-2999\" alt=\"\" \/>\t\t\t\t\t\t\t\t\t\t\t\t\t<\/div>\n\t\t\t\t<\/div>\n\t\t<div class=\"elementor-element elementor-element-5f48c5d7 e-flex e-con-boxed qodef-elementor-content-no e-con e-parent\" data-id=\"5f48c5d7\" data-element_type=\"container\">\n\t\t\t\t\t<div class=\"e-con-inner\">\n\t\t\t\t<div class=\"elementor-element elementor-element-331a2488 elementor-widget elementor-widget-heading\" data-id=\"331a2488\" data-element_type=\"widget\" data-widget_type=\"heading.default\">\n\t\t\t\t<div class=\"elementor-widget-container\">\n\t\t\t<p class=\"elementor-heading-title elementor-size-default\">Comparteix<\/p>\t\t<\/div>\n\t\t\t\t<\/div>\n\t\t\t\t<div class=\"elementor-element elementor-element-e03904c elementor-share-buttons--view-icon elementor-share-buttons--skin-minimal elementor-share-buttons--color-custom elementor-share-buttons--shape-square elementor-grid-0 elementor-widget elementor-widget-share-buttons\" data-id=\"e03904c\" data-element_type=\"widget\" data-widget_type=\"share-buttons.default\">\n\t\t\t\t<div class=\"elementor-widget-container\">\n\t\t\t\t\t<div class=\"elementor-grid\">\n\t\t\t\t\t\t\t\t<div class=\"elementor-grid-item\">\n\t\t\t\t\t\t<div\n\t\t\t\t\t\t\tclass=\"elementor-share-btn elementor-share-btn_facebook\"\n\t\t\t\t\t\t\trole=\"button\"\n\t\t\t\t\t\t\ttabindex=\"0\"\n\t\t\t\t\t\t\taria-label=\"Compartir a facebook\"\n\t\t\t\t\t\t>\n\t\t\t\t\t\t\t\t\t\t\t\t\t\t\t<span class=\"elementor-share-btn__icon\">\n\t\t\t\t\t\t\t\t<svg class=\"e-font-icon-svg e-fab-facebook\" viewbox=\"0 0 512 512\" xmlns=\"http:\/\/www.w3.org\/2000\/svg\"><path d=\"M504 256C504 119 393 8 256 8S8 119 8 256c0 123.78 90.69 226.38 209.25 245V327.69h-63V256h63v-54.64c0-62.15 37-96.48 93.67-96.48 27.14 0 55.52 4.84 55.52 4.84v61h-31.28c-30.8 0-40.41 19.12-40.41 38.73V256h68.78l-11 71.69h-57.78V501C413.31 482.38 504 379.78 504 256z\"><\/path><\/svg>\t\t\t\t\t\t\t<\/span>\n\t\t\t\t\t\t\t\t\t\t\t\t\t\t\t\t\t\t\t\t<\/div>\n\t\t\t\t\t<\/div>\n\t\t\t\t\t\t\t\t\t<div class=\"elementor-grid-item\">\n\t\t\t\t\t\t<div\n\t\t\t\t\t\t\tclass=\"elementor-share-btn elementor-share-btn_pinterest\"\n\t\t\t\t\t\t\trole=\"button\"\n\t\t\t\t\t\t\ttabindex=\"0\"\n\t\t\t\t\t\t\taria-label=\"Compartir a pinterest\"\n\t\t\t\t\t\t>\n\t\t\t\t\t\t\t\t\t\t\t\t\t\t\t<span class=\"elementor-share-btn__icon\">\n\t\t\t\t\t\t\t\t<svg class=\"e-font-icon-svg e-fab-pinterest\" viewbox=\"0 0 496 512\" xmlns=\"http:\/\/www.w3.org\/2000\/svg\"><path d=\"M496 256c0 137-111 248-248 248-25.6 0-50.2-3.9-73.4-11.1 10.1-16.5 25.2-43.5 30.8-65 3-11.6 15.4-59 15.4-59 8.1 15.4 31.7 28.5 56.8 28.5 74.8 0 128.7-68.8 128.7-154.3 0-81.9-66.9-143.2-152.9-143.2-107 0-163.9 71.8-163.9 150.1 0 36.4 19.4 81.7 50.3 96.1 4.7 2.2 7.2 1.2 8.3-3.3.8-3.4 5-20.3 6.9-28.1.6-2.5.3-4.7-1.7-7.1-10.1-12.5-18.3-35.3-18.3-56.6 0-54.7 41.4-107.6 112-107.6 60.9 0 103.6 41.5 103.6 100.9 0 67.1-33.9 113.6-78 113.6-24.3 0-42.6-20.1-36.7-44.8 7-29.5 20.5-61.3 20.5-82.6 0-19-10.2-34.9-31.4-34.9-24.9 0-44.9 25.7-44.9 60.2 0 22 7.4 36.8 7.4 36.8s-24.5 103.8-29 123.2c-5 21.4-3 51.6-.9 71.2C65.4 450.9 0 361.1 0 256 0 119 111 8 248 8s248 111 248 248z\"><\/path><\/svg>\t\t\t\t\t\t\t<\/span>\n\t\t\t\t\t\t\t\t\t\t\t\t\t\t\t\t\t\t\t\t<\/div>\n\t\t\t\t\t<\/div>\n\t\t\t\t\t\t\t\t\t<div class=\"elementor-grid-item\">\n\t\t\t\t\t\t<div\n\t\t\t\t\t\t\tclass=\"elementor-share-btn elementor-share-btn_linkedin\"\n\t\t\t\t\t\t\trole=\"button\"\n\t\t\t\t\t\t\ttabindex=\"0\"\n\t\t\t\t\t\t\taria-label=\"Compartir a linkedin\"\n\t\t\t\t\t\t>\n\t\t\t\t\t\t\t\t\t\t\t\t\t\t\t<span class=\"elementor-share-btn__icon\">\n\t\t\t\t\t\t\t\t<svg class=\"e-font-icon-svg e-fab-linkedin\" viewbox=\"0 0 448 512\" xmlns=\"http:\/\/www.w3.org\/2000\/svg\"><path d=\"M416 32H31.9C14.3 32 0 46.5 0 64.3v383.4C0 465.5 14.3 480 31.9 480H416c17.6 0 32-14.5 32-32.3V64.3c0-17.8-14.4-32.3-32-32.3zM135.4 416H69V202.2h66.5V416zm-33.2-243c-21.3 0-38.5-17.3-38.5-38.5S80.9 96 102.2 96c21.2 0 38.5 17.3 38.5 38.5 0 21.3-17.2 38.5-38.5 38.5zm282.1 243h-66.4V312c0-24.8-.5-56.7-34.5-56.7-34.6 0-39.9 27-39.9 54.9V416h-66.4V202.2h63.7v29.2h.9c8.9-16.8 30.6-34.5 62.9-34.5 67.2 0 79.7 44.3 79.7 101.9V416z\"><\/path><\/svg>\t\t\t\t\t\t\t<\/span>\n\t\t\t\t\t\t\t\t\t\t\t\t\t\t\t\t\t\t\t\t<\/div>\n\t\t\t\t\t<\/div>\n\t\t\t\t\t\t\t\t\t<div class=\"elementor-grid-item\">\n\t\t\t\t\t\t<div\n\t\t\t\t\t\t\tclass=\"elementor-share-btn elementor-share-btn_whatsapp\"\n\t\t\t\t\t\t\trole=\"button\"\n\t\t\t\t\t\t\ttabindex=\"0\"\n\t\t\t\t\t\t\taria-label=\"Compartir a whatsapp\"\n\t\t\t\t\t\t>\n\t\t\t\t\t\t\t\t\t\t\t\t\t\t\t<span class=\"elementor-share-btn__icon\">\n\t\t\t\t\t\t\t\t<svg class=\"e-font-icon-svg e-fab-whatsapp\" viewbox=\"0 0 448 512\" xmlns=\"http:\/\/www.w3.org\/2000\/svg\"><path d=\"M380.9 97.1C339 55.1 283.2 32 223.9 32c-122.4 0-222 99.6-222 222 0 39.1 10.2 77.3 29.6 111L0 480l117.7-30.9c32.4 17.7 68.9 27 106.1 27h.1c122.3 0 224.1-99.6 224.1-222 0-59.3-25.2-115-67.1-157zm-157 341.6c-33.2 0-65.7-8.9-94-25.7l-6.7-4-69.8 18.3L72 359.2l-4.4-7c-18.5-29.4-28.2-63.3-28.2-98.2 0-101.7 82.8-184.5 184.6-184.5 49.3 0 95.6 19.2 130.4 54.1 34.8 34.9 56.2 81.2 56.1 130.5 0 101.8-84.9 184.6-186.6 184.6zm101.2-138.2c-5.5-2.8-32.8-16.2-37.9-18-5.1-1.9-8.8-2.8-12.5 2.8-3.7 5.6-14.3 18-17.6 21.8-3.2 3.7-6.5 4.2-12 1.4-32.6-16.3-54-29.1-75.5-66-5.7-9.8 5.7-9.1 16.3-30.3 1.8-3.7.9-6.9-.5-9.7-1.4-2.8-12.5-30.1-17.1-41.2-4.5-10.8-9.1-9.3-12.5-9.5-3.2-.2-6.9-.2-10.6-.2-3.7 0-9.7 1.4-14.8 6.9-5.1 5.6-19.4 19-19.4 46.3 0 27.3 19.9 53.7 22.6 57.4 2.8 3.7 39.1 59.7 94.8 83.8 35.2 15.2 49 16.5 66.6 13.9 10.7-1.6 32.8-13.4 37.4-26.4 4.6-13 4.6-24.1 3.2-26.4-1.3-2.5-5-3.9-10.5-6.6z\"><\/path><\/svg>\t\t\t\t\t\t\t<\/span>\n\t\t\t\t\t\t\t\t\t\t\t\t\t\t\t\t\t\t\t\t<\/div>\n\t\t\t\t\t<\/div>\n\t\t\t\t\t\t\t\t\t<div class=\"elementor-grid-item\">\n\t\t\t\t\t\t<div\n\t\t\t\t\t\t\tclass=\"elementor-share-btn elementor-share-btn_email\"\n\t\t\t\t\t\t\trole=\"button\"\n\t\t\t\t\t\t\ttabindex=\"0\"\n\t\t\t\t\t\t\taria-label=\"Compartir amb email\"\n\t\t\t\t\t\t>\n\t\t\t\t\t\t\t\t\t\t\t\t\t\t\t<span class=\"elementor-share-btn__icon\">\n\t\t\t\t\t\t\t\t<svg class=\"e-font-icon-svg e-fas-envelope\" viewbox=\"0 0 512 512\" xmlns=\"http:\/\/www.w3.org\/2000\/svg\"><path d=\"M502.3 190.8c3.9-3.1 9.7-.2 9.7 4.7V400c0 26.5-21.5 48-48 48H48c-26.5 0-48-21.5-48-48V195.6c0-5 5.7-7.8 9.7-4.7 22.4 17.4 52.1 39.5 154.1 113.6 21.1 15.4 56.7 47.8 92.2 47.6 35.7.3 72-32.8 92.3-47.6 102-74.1 131.6-96.3 154-113.7zM256 320c23.2.4 56.6-29.2 73.4-41.4 132.7-96.3 142.8-104.7 173.4-128.7 5.8-4.5 9.2-11.5 9.2-18.9v-19c0-26.5-21.5-48-48-48H48C21.5 64 0 85.5 0 112v19c0 7.4 3.4 14.3 9.2 18.9 30.6 23.9 40.7 32.4 173.4 128.7 16.8 12.2 50.2 41.8 73.4 41.4z\"><\/path><\/svg>\t\t\t\t\t\t\t<\/span>\n\t\t\t\t\t\t\t\t\t\t\t\t\t\t\t\t\t\t\t\t<\/div>\n\t\t\t\t\t<\/div>\n\t\t\t\t\t\t<\/div>\n\t\t\t\t<\/div>\n\t\t\t\t<\/div>\n\t\t\t\t\t<\/div>\n\t\t\t\t<\/div>\n\t\t\t\t<\/div>\n\t\t<div class=\"elementor-element elementor-element-36d7256a e-con-full e-flex qodef-elementor-content-no e-con e-parent\" data-id=\"36d7256a\" data-element_type=\"container\">\n\t\t\t\t<div class=\"elementor-element elementor-element-87a3399 elementor-widget elementor-widget-heading\" data-id=\"87a3399\" data-element_type=\"widget\" data-widget_type=\"heading.default\">\n\t\t\t\t<div class=\"elementor-widget-container\">\n\t\t\t<h3 class=\"elementor-heading-title elementor-size-large\">Apartament de luxe a Barcelona<\/h3>\t\t<\/div>\n\t\t\t\t<\/div>\n\t\t<div class=\"elementor-element elementor-element-589b26d3 e-con-full e-grid qodef-elementor-content-no e-con e-parent\" data-id=\"589b26d3\" data-element_type=\"container\">\n\t\t\t\t<div class=\"elementor-element elementor-element-3cffc4d9 elementor-widget elementor-widget-qi_addons_for_elementor_section_title\" data-id=\"3cffc4d9\" data-element_type=\"widget\" data-widget_type=\"qi_addons_for_elementor_section_title.default\">\n\t\t\t\t<div class=\"elementor-widget-container\">\n\t\t\t<div class=\"qodef-shortcode qodef-m  qodef-qi-section-title  qodef-decoration--italic  qodef-link--underline-draw qodef-subtitle-icon--left\">\n\t\t\t<h6 class=\"qodef-m-title\">\n\t\tTipus\t<\/h6>\n\t\t\t\t\t\t<div class=\"qodef-m-text\"><p>Interiorisme habitatge<\/p><\/div>\n\t<\/div>\n\t\t<\/div>\n\t\t\t\t<\/div>\n\t\t\t\t<div class=\"elementor-element elementor-element-698984b elementor-widget elementor-widget-qi_addons_for_elementor_section_title\" data-id=\"698984b\" data-element_type=\"widget\" data-widget_type=\"qi_addons_for_elementor_section_title.default\">\n\t\t\t\t<div class=\"elementor-widget-container\">\n\t\t\t<div class=\"qodef-shortcode qodef-m  qodef-qi-section-title  qodef-decoration--italic  qodef-link--underline-draw qodef-subtitle-icon--left\">\n\t\t\t<h6 class=\"qodef-m-title\">\n\t\tLocalitzaci\u00f3\t<\/h6>\n\t\t\t\t\t\t<div class=\"qodef-m-text\"><p>Barcelona<\/p><\/div>\n\t<\/div>\n\t\t<\/div>\n\t\t\t\t<\/div>\n\t\t\t\t<div class=\"elementor-element elementor-element-1faf911 elementor-widget elementor-widget-qi_addons_for_elementor_section_title\" data-id=\"1faf911\" data-element_type=\"widget\" data-widget_type=\"qi_addons_for_elementor_section_title.default\">\n\t\t\t\t<div class=\"elementor-widget-container\">\n\t\t\t<div class=\"qodef-shortcode qodef-m  qodef-qi-section-title  qodef-decoration--italic  qodef-link--underline-draw qodef-subtitle-icon--left\">\n\t\t\t<h6 class=\"qodef-m-title\">\n\t\tFusteria\t<\/h6>\n\t\t\t\t\t\t<div class=\"qodef-m-text\"><p>Llofriu &amp; Gonfaus, SL<\/p><\/div>\n\t<\/div>\n\t\t<\/div>\n\t\t\t\t<\/div>\n\t\t\t\t<div class=\"elementor-element elementor-element-e1988f1 elementor-widget elementor-widget-qi_addons_for_elementor_section_title\" data-id=\"e1988f1\" data-element_type=\"widget\" data-widget_type=\"qi_addons_for_elementor_section_title.default\">\n\t\t\t\t<div class=\"elementor-widget-container\">\n\t\t\t<div class=\"qodef-shortcode qodef-m  qodef-qi-section-title  qodef-decoration--italic  qodef-link--underline-draw qodef-subtitle-icon--left\">\n\t\t\t<h6 class=\"qodef-m-title\">\n\t\tRealitzaci\u00f3\t<\/h6>\n\t\t\t\t\t\t<div class=\"qodef-m-text\"><p>2023<\/p><\/div>\n\t<\/div>\n\t\t<\/div>\n\t\t\t\t<\/div>\n\t\t\t\t<div class=\"elementor-element elementor-element-314df60d elementor-widget elementor-widget-qi_addons_for_elementor_section_title\" data-id=\"314df60d\" data-element_type=\"widget\" data-widget_type=\"qi_addons_for_elementor_section_title.default\">\n\t\t\t\t<div class=\"elementor-widget-container\">\n\t\t\t<div class=\"qodef-shortcode qodef-m  qodef-qi-section-title  qodef-decoration--italic  qodef-link--underline-draw qodef-subtitle-icon--left\">\n\t\t\t<h6 class=\"qodef-m-title\">\n\t\tConstructora\t<\/h6>\n\t\t\t\t\t\t<div class=\"qodef-m-text\"><p>Genay reformes<\/p><\/div>\n\t<\/div>\n\t\t<\/div>\n\t\t\t\t<\/div>\n\t\t\t\t<div class=\"elementor-element elementor-element-85c2e6a elementor-widget elementor-widget-qi_addons_for_elementor_section_title\" data-id=\"85c2e6a\" data-element_type=\"widget\" data-widget_type=\"qi_addons_for_elementor_section_title.default\">\n\t\t\t\t<div class=\"elementor-widget-container\">\n\t\t\t<div class=\"qodef-shortcode qodef-m  qodef-qi-section-title  qodef-decoration--italic  qodef-link--underline-draw qodef-subtitle-icon--left\">\n\t\t\t<h6 class=\"qodef-m-title\">\n\t\tFotografia\t<\/h6>\n\t\t\t\t\t\t<div class=\"qodef-m-text\"><p>Elisabet Pujol Gonfaus<\/p><\/div>\n\t<\/div>\n\t\t<\/div>\n\t\t\t\t<\/div>\n\t\t\t\t<div class=\"elementor-element elementor-element-151b3b1a elementor-widget elementor-widget-qi_addons_for_elementor_section_title\" data-id=\"151b3b1a\" data-element_type=\"widget\" data-widget_type=\"qi_addons_for_elementor_section_title.default\">\n\t\t\t\t<div class=\"elementor-widget-container\">\n\t\t\t<div class=\"qodef-shortcode qodef-m  qodef-qi-section-title  qodef-decoration--italic  qodef-link--underline-draw qodef-subtitle-icon--left\">\n\t\t\t<h6 class=\"qodef-m-title\">\n\t\tPromotor\t<\/h6>\n\t\t\t\t\t\t<div class=\"qodef-m-text\"><p>Privat<\/p><\/div>\n\t<\/div>\n\t\t<\/div>\n\t\t\t\t<\/div>\n\t\t\t\t<\/div>\n\t\t\t\t<\/div>\n\t\t\t\t\t<\/div>\n\t\t\t\t<\/div>\n\t\t\t\t<\/div>","protected":false},"featured_media":3671,"template":"","meta":{"_acf_changed":false,"footnotes":""},"categoria-de-proyecto":[33,36,35],"class_list":["post-3663","proyecto","type-proyecto","status-publish","has-post-thumbnail","hentry","categoria-de-proyecto-arquitectura","categoria-de-proyecto-interiorismo","categoria-de-proyecto-reformas"],"acf":[],"yoast_head":"<!-- This site is optimized with the Yoast SEO plugin v23.5 - https:\/\/yoast.com\/wordpress\/plugins\/seo\/ -->\n<title>Apartamento de lujo en Barcelona &#8226; Llofriu &amp; Gonfaus<\/title>\n<meta name=\"description\" content=\"Apartamentos de lujo en Barcelona: proyecto de arquitectura en Barcelona, apartamento de lujo, calle Muntaner, Sarria-Sant Gervasi.\" \/>\n<meta name=\"robots\" content=\"index, follow, max-snippet:-1, max-image-preview:large, max-video-preview:-1\" \/>\n<link rel=\"canonical\" href=\"https:\/\/www.llofriugonfaus.com\/ca\/proyecto\/apartamento-lujo-barcelona\/\" \/>\n<meta property=\"og:locale\" content=\"ca_ES\" \/>\n<meta property=\"og:type\" content=\"article\" \/>\n<meta property=\"og:title\" content=\"Apartamento de lujo en Barcelona &#8226; Llofriu &amp; Gonfaus\" \/>\n<meta property=\"og:description\" content=\"Apartamentos de lujo en Barcelona: proyecto de arquitectura en Barcelona, apartamento de lujo, calle Muntaner, Sarria-Sant Gervasi.\" \/>\n<meta property=\"og:url\" content=\"https:\/\/www.llofriugonfaus.com\/ca\/proyecto\/apartamento-lujo-barcelona\/\" \/>\n<meta property=\"og:site_name\" content=\"Llofriu &amp; Gonfaus\" \/>\n<meta property=\"article:modified_time\" content=\"2023-09-28T14:05:01+00:00\" \/>\n<meta property=\"og:image\" content=\"https:\/\/www.llofriugonfaus.com\/wp-content\/uploads\/2023\/07\/Interiorismo-de-lujo-Proyecto-Muntaner-8.webp\" \/>\n\t<meta property=\"og:image:width\" content=\"1920\" \/>\n\t<meta property=\"og:image:height\" content=\"1440\" \/>\n\t<meta property=\"og:image:type\" content=\"image\/webp\" \/>\n<meta name=\"twitter:card\" content=\"summary_large_image\" \/>\n<meta name=\"twitter:label1\" content=\"Temps estimat de lectura\" \/>\n\t<meta name=\"twitter:data1\" content=\"6 minuts\" \/>\n<script type=\"application\/ld+json\" class=\"yoast-schema-graph\">{\"@context\":\"https:\/\/schema.org\",\"@graph\":[{\"@type\":\"WebPage\",\"@id\":\"https:\/\/www.llofriugonfaus.com\/proyecto\/apartamento-lujo-barcelona\/\",\"url\":\"https:\/\/www.llofriugonfaus.com\/proyecto\/apartamento-lujo-barcelona\/\",\"name\":\"Apartamento de lujo en Barcelona &#8226; Llofriu &amp; Gonfaus\",\"isPartOf\":{\"@id\":\"https:\/\/www.llofriugonfaus.com\/#website\"},\"primaryImageOfPage\":{\"@id\":\"https:\/\/www.llofriugonfaus.com\/proyecto\/apartamento-lujo-barcelona\/#primaryimage\"},\"image\":{\"@id\":\"https:\/\/www.llofriugonfaus.com\/proyecto\/apartamento-lujo-barcelona\/#primaryimage\"},\"thumbnailUrl\":\"https:\/\/www.llofriugonfaus.com\/wp-content\/uploads\/2023\/07\/Interiorismo-de-lujo-Proyecto-Muntaner-8.webp\",\"datePublished\":\"2023-07-27T18:22:54+00:00\",\"dateModified\":\"2023-09-28T14:05:01+00:00\",\"description\":\"Apartamentos de lujo en Barcelona: proyecto de arquitectura en Barcelona, apartamento de lujo, calle Muntaner, Sarria-Sant Gervasi.\",\"breadcrumb\":{\"@id\":\"https:\/\/www.llofriugonfaus.com\/proyecto\/apartamento-lujo-barcelona\/#breadcrumb\"},\"inLanguage\":\"ca\",\"potentialAction\":[{\"@type\":\"ReadAction\",\"target\":[\"https:\/\/www.llofriugonfaus.com\/proyecto\/apartamento-lujo-barcelona\/\"]}]},{\"@type\":\"ImageObject\",\"inLanguage\":\"ca\",\"@id\":\"https:\/\/www.llofriugonfaus.com\/proyecto\/apartamento-lujo-barcelona\/#primaryimage\",\"url\":\"https:\/\/www.llofriugonfaus.com\/wp-content\/uploads\/2023\/07\/Interiorismo-de-lujo-Proyecto-Muntaner-8.webp\",\"contentUrl\":\"https:\/\/www.llofriugonfaus.com\/wp-content\/uploads\/2023\/07\/Interiorismo-de-lujo-Proyecto-Muntaner-8.webp\",\"width\":1920,\"height\":1440,\"caption\":\"Apartamento de lujo Barcelona\"},{\"@type\":\"BreadcrumbList\",\"@id\":\"https:\/\/www.llofriugonfaus.com\/proyecto\/apartamento-lujo-barcelona\/#breadcrumb\",\"itemListElement\":[{\"@type\":\"ListItem\",\"position\":1,\"name\":\"Inicio\",\"item\":\"https:\/\/www.llofriugonfaus.com\/\"},{\"@type\":\"ListItem\",\"position\":2,\"name\":\"Apartamento de lujo en Barcelona\"}]},{\"@type\":\"WebSite\",\"@id\":\"https:\/\/www.llofriugonfaus.com\/#website\",\"url\":\"https:\/\/www.llofriugonfaus.com\/\",\"name\":\"Llofriu & Gonfaus\",\"description\":\"Estudio de Arquitectura e Interiorismo en Barcelona\",\"publisher\":{\"@id\":\"https:\/\/www.llofriugonfaus.com\/#organization\"},\"potentialAction\":[{\"@type\":\"SearchAction\",\"target\":{\"@type\":\"EntryPoint\",\"urlTemplate\":\"https:\/\/www.llofriugonfaus.com\/?s={search_term_string}\"},\"query-input\":{\"@type\":\"PropertyValueSpecification\",\"valueRequired\":true,\"valueName\":\"search_term_string\"}}],\"inLanguage\":\"ca\"},{\"@type\":\"Organization\",\"@id\":\"https:\/\/www.llofriugonfaus.com\/#organization\",\"name\":\"Llofriu & Gonfaus, S.L.\",\"url\":\"https:\/\/www.llofriugonfaus.com\/\",\"logo\":{\"@type\":\"ImageObject\",\"inLanguage\":\"ca\",\"@id\":\"https:\/\/www.llofriugonfaus.com\/#\/schema\/logo\/image\/\",\"url\":\"https:\/\/www.llofriugonfaus.com\/wp-content\/uploads\/2023\/05\/LOGO-DEFINITU-V12.png\",\"contentUrl\":\"https:\/\/www.llofriugonfaus.com\/wp-content\/uploads\/2023\/05\/LOGO-DEFINITU-V12.png\",\"width\":5113,\"height\":920,\"caption\":\"Llofriu & Gonfaus, S.L.\"},\"image\":{\"@id\":\"https:\/\/www.llofriugonfaus.com\/#\/schema\/logo\/image\/\"},\"sameAs\":[\"https:\/\/www.instagram.com\/llofriugonfaus\/\"]}]}<\/script>\n<!-- \/ Yoast SEO plugin. -->","yoast_head_json":{"title":"Apartamento de lujo en Barcelona &#8226; Llofriu &amp; Gonfaus","description":"Apartamentos de lujo en Barcelona: proyecto de arquitectura en Barcelona, apartamento de lujo, calle Muntaner, Sarria-Sant Gervasi.","robots":{"index":"index","follow":"follow","max-snippet":"max-snippet:-1","max-image-preview":"max-image-preview:large","max-video-preview":"max-video-preview:-1"},"canonical":"https:\/\/www.llofriugonfaus.com\/ca\/proyecto\/apartamento-lujo-barcelona\/","og_locale":"ca_ES","og_type":"article","og_title":"Apartamento de lujo en Barcelona &#8226; Llofriu &amp; Gonfaus","og_description":"Apartamentos de lujo en Barcelona: proyecto de arquitectura en Barcelona, apartamento de lujo, calle Muntaner, Sarria-Sant Gervasi.","og_url":"https:\/\/www.llofriugonfaus.com\/ca\/proyecto\/apartamento-lujo-barcelona\/","og_site_name":"Llofriu &amp; Gonfaus","article_modified_time":"2023-09-28T14:05:01+00:00","og_image":[{"width":1920,"height":1440,"url":"https:\/\/www.llofriugonfaus.com\/wp-content\/uploads\/2023\/07\/Interiorismo-de-lujo-Proyecto-Muntaner-8.webp","type":"image\/webp"}],"twitter_card":"summary_large_image","twitter_misc":{"Temps estimat de lectura":"6 minuts"},"schema":{"@context":"https:\/\/schema.org","@graph":[{"@type":"WebPage","@id":"https:\/\/www.llofriugonfaus.com\/proyecto\/apartamento-lujo-barcelona\/","url":"https:\/\/www.llofriugonfaus.com\/proyecto\/apartamento-lujo-barcelona\/","name":"Apartamento de lujo en Barcelona &#8226; Llofriu &amp; Gonfaus","isPartOf":{"@id":"https:\/\/www.llofriugonfaus.com\/#website"},"primaryImageOfPage":{"@id":"https:\/\/www.llofriugonfaus.com\/proyecto\/apartamento-lujo-barcelona\/#primaryimage"},"image":{"@id":"https:\/\/www.llofriugonfaus.com\/proyecto\/apartamento-lujo-barcelona\/#primaryimage"},"thumbnailUrl":"https:\/\/www.llofriugonfaus.com\/wp-content\/uploads\/2023\/07\/Interiorismo-de-lujo-Proyecto-Muntaner-8.webp","datePublished":"2023-07-27T18:22:54+00:00","dateModified":"2023-09-28T14:05:01+00:00","description":"Apartamentos de lujo en Barcelona: proyecto de arquitectura en Barcelona, apartamento de lujo, calle Muntaner, Sarria-Sant Gervasi.","breadcrumb":{"@id":"https:\/\/www.llofriugonfaus.com\/proyecto\/apartamento-lujo-barcelona\/#breadcrumb"},"inLanguage":"ca","potentialAction":[{"@type":"ReadAction","target":["https:\/\/www.llofriugonfaus.com\/proyecto\/apartamento-lujo-barcelona\/"]}]},{"@type":"ImageObject","inLanguage":"ca","@id":"https:\/\/www.llofriugonfaus.com\/proyecto\/apartamento-lujo-barcelona\/#primaryimage","url":"https:\/\/www.llofriugonfaus.com\/wp-content\/uploads\/2023\/07\/Interiorismo-de-lujo-Proyecto-Muntaner-8.webp","contentUrl":"https:\/\/www.llofriugonfaus.com\/wp-content\/uploads\/2023\/07\/Interiorismo-de-lujo-Proyecto-Muntaner-8.webp","width":1920,"height":1440,"caption":"Apartamento de lujo Barcelona"},{"@type":"BreadcrumbList","@id":"https:\/\/www.llofriugonfaus.com\/proyecto\/apartamento-lujo-barcelona\/#breadcrumb","itemListElement":[{"@type":"ListItem","position":1,"name":"Inicio","item":"https:\/\/www.llofriugonfaus.com\/"},{"@type":"ListItem","position":2,"name":"Apartamento de lujo en Barcelona"}]},{"@type":"WebSite","@id":"https:\/\/www.llofriugonfaus.com\/#website","url":"https:\/\/www.llofriugonfaus.com\/","name":"Llofriu & Gonfaus","description":"Estudio de Arquitectura e Interiorismo en Barcelona","publisher":{"@id":"https:\/\/www.llofriugonfaus.com\/#organization"},"potentialAction":[{"@type":"SearchAction","target":{"@type":"EntryPoint","urlTemplate":"https:\/\/www.llofriugonfaus.com\/?s={search_term_string}"},"query-input":{"@type":"PropertyValueSpecification","valueRequired":true,"valueName":"search_term_string"}}],"inLanguage":"ca"},{"@type":"Organization","@id":"https:\/\/www.llofriugonfaus.com\/#organization","name":"Llofriu & Gonfaus, S.L.","url":"https:\/\/www.llofriugonfaus.com\/","logo":{"@type":"ImageObject","inLanguage":"ca","@id":"https:\/\/www.llofriugonfaus.com\/#\/schema\/logo\/image\/","url":"https:\/\/www.llofriugonfaus.com\/wp-content\/uploads\/2023\/05\/LOGO-DEFINITU-V12.png","contentUrl":"https:\/\/www.llofriugonfaus.com\/wp-content\/uploads\/2023\/05\/LOGO-DEFINITU-V12.png","width":5113,"height":920,"caption":"Llofriu & Gonfaus, S.L."},"image":{"@id":"https:\/\/www.llofriugonfaus.com\/#\/schema\/logo\/image\/"},"sameAs":["https:\/\/www.instagram.com\/llofriugonfaus\/"]}]}},"_links":{"self":[{"href":"https:\/\/www.llofriugonfaus.com\/ca\/wp-json\/wp\/v2\/proyecto\/3663","targetHints":{"allow":["GET"]}}],"collection":[{"href":"https:\/\/www.llofriugonfaus.com\/ca\/wp-json\/wp\/v2\/proyecto"}],"about":[{"href":"https:\/\/www.llofriugonfaus.com\/ca\/wp-json\/wp\/v2\/types\/proyecto"}],"version-history":[{"count":95,"href":"https:\/\/www.llofriugonfaus.com\/ca\/wp-json\/wp\/v2\/proyecto\/3663\/revisions"}],"predecessor-version":[{"id":4362,"href":"https:\/\/www.llofriugonfaus.com\/ca\/wp-json\/wp\/v2\/proyecto\/3663\/revisions\/4362"}],"wp:featuredmedia":[{"embeddable":true,"href":"https:\/\/www.llofriugonfaus.com\/ca\/wp-json\/wp\/v2\/media\/3671"}],"wp:attachment":[{"href":"https:\/\/www.llofriugonfaus.com\/ca\/wp-json\/wp\/v2\/media?parent=3663"}],"wp:term":[{"taxonomy":"categoria-de-proyecto","embeddable":true,"href":"https:\/\/www.llofriugonfaus.com\/ca\/wp-json\/wp\/v2\/categoria-de-proyecto?post=3663"}],"curies":[{"name":"wp","href":"https:\/\/api.w.org\/{rel}","templated":true}]}}