{"id":3213,"date":"2023-07-02T07:20:25","date_gmt":"2023-07-02T07:20:25","guid":{"rendered":"http:\/\/www.llofriugonfaus.com\/?post_type=portfolio-item&#038;p=3213"},"modified":"2023-09-27T17:01:44","modified_gmt":"2023-09-27T17:01:44","slug":"diseno-urbano","status":"publish","type":"proyecto","link":"https:\/\/www.llofriugonfaus.com\/fr\/proyecto\/diseno-urbano\/","title":{"rendered":"Design urbain"},"content":{"rendered":"<div data-elementor-type=\"wp-post\" data-elementor-id=\"3213\" class=\"elementor elementor-3213\" data-elementor-post-type=\"proyecto\">\n\t\t\t\t<div class=\"elementor-element elementor-element-5f37fc5c e-con-full e-flex qodef-elementor-content-no e-con e-parent\" data-id=\"5f37fc5c\" data-element_type=\"container\">\n\t\t<div class=\"elementor-element elementor-element-24e3572b e-con-full e-flex qodef-elementor-content-no e-con e-child\" data-id=\"24e3572b\" data-element_type=\"container\">\n\t\t\t\t<div class=\"elementor-element elementor-element-61a6a918 elementor-widget elementor-widget-text-editor\" data-id=\"61a6a918\" data-element_type=\"widget\" data-widget_type=\"text-editor.default\">\n\t\t\t\t<div class=\"elementor-widget-container\">\n\t\t\t\t\t\t\t<p>Projet<\/p>\t\t\t\t\t\t<\/div>\n\t\t\t\t<\/div>\n\t\t\t\t<\/div>\n\t\t<div class=\"elementor-element elementor-element-7fbf2336 e-con-full e-flex qodef-elementor-content-no e-con e-child\" data-id=\"7fbf2336\" data-element_type=\"container\">\n\t\t\t\t<div class=\"elementor-element elementor-element-493019a5 elementor-widget elementor-widget-heading\" data-id=\"493019a5\" data-element_type=\"widget\" data-widget_type=\"heading.default\">\n\t\t\t\t<div class=\"elementor-widget-container\">\n\t\t\t<h2 class=\"elementor-heading-title elementor-size-default\">Am\u00e9nagement urbain du Passage Guillem Vinyes<\/h2>\t\t<\/div>\n\t\t\t\t<\/div>\n\t\t\t\t<div class=\"elementor-element elementor-element-3e15647c elementor-widget elementor-widget-text-editor\" data-id=\"3e15647c\" data-element_type=\"widget\" data-widget_type=\"text-editor.default\">\n\t\t\t\t<div class=\"elementor-widget-container\">\n\t\t\t\t\t\t\t<p>L&#039;objectif principal du projet d&#039;am\u00e9nagement urbain Pasaje est de cr\u00e9er une colonne vert\u00e9brale allant du noyau urbain historique \u00e0 la partie plus moderne de l&#039;usage sportif. Pour que le pi\u00e9ton puisse profiter de la promenade entre les deux zones. Avant la repr\u00e9sentation, c&#039;\u00e9tait de la salet\u00e9. Il a \u00e9galement pour objectif de maintenir une circulation automobile r\u00e9duite pour sortir ponctuellement les voitures des garages arri\u00e8re des maisons des rues adjacentes. Cr\u00e9ant ainsi un espace fonctionnel et accueillant pour les voisins et les passants.<\/p>\t\t\t\t\t\t<\/div>\n\t\t\t\t<\/div>\n\t\t\t\t<\/div>\n\t\t<div class=\"elementor-element elementor-element-32a239aa e-con-full e-flex qodef-elementor-content-no e-con e-child\" data-id=\"32a239aa\" data-element_type=\"container\">\n\t\t\t\t<\/div>\n\t\t\t\t<\/div>\n\t\t<div class=\"elementor-element elementor-element-720a12ad e-flex e-con-boxed qodef-elementor-content-no e-con e-parent\" data-id=\"720a12ad\" data-element_type=\"container\">\n\t\t\t\t\t<div class=\"e-con-inner\">\n\t\t\t\t<div class=\"elementor-element elementor-element-1ed447e9 elementor-widget elementor-widget-image\" data-id=\"1ed447e9\" data-element_type=\"widget\" data-widget_type=\"image.default\">\n\t\t\t\t<div class=\"elementor-widget-container\">\n\t\t\t\t\t\t\t\t\t\t\t\t\t<img fetchpriority=\"high\" decoding=\"async\" width=\"800\" height=\"314\" src=\"https:\/\/www.llofriugonfaus.com\/wp-content\/uploads\/2023\/06\/Paseo-Guillem-Vinyes-Esbozo-2-1024x402.webp\" class=\"attachment-large size-large wp-image-3113\" alt=\"\" srcset=\"https:\/\/www.llofriugonfaus.com\/wp-content\/uploads\/2023\/06\/Paseo-Guillem-Vinyes-Esbozo-2-1024x402.webp 1024w, https:\/\/www.llofriugonfaus.com\/wp-content\/uploads\/2023\/06\/Paseo-Guillem-Vinyes-Esbozo-2-300x118.webp 300w, https:\/\/www.llofriugonfaus.com\/wp-content\/uploads\/2023\/06\/Paseo-Guillem-Vinyes-Esbozo-2-768x301.webp 768w, https:\/\/www.llofriugonfaus.com\/wp-content\/uploads\/2023\/06\/Paseo-Guillem-Vinyes-Esbozo-2-1536x602.webp 1536w, https:\/\/www.llofriugonfaus.com\/wp-content\/uploads\/2023\/06\/Paseo-Guillem-Vinyes-Esbozo-2.webp 1920w\" sizes=\"(max-width: 800px) 100vw, 800px\" \/>\t\t\t\t\t\t\t\t\t\t\t\t\t<\/div>\n\t\t\t\t<\/div>\n\t\t\t\t\t<\/div>\n\t\t\t\t<\/div>\n\t\t<div class=\"elementor-element elementor-element-42a12e48 e-flex e-con-boxed qodef-elementor-content-no e-con e-parent\" data-id=\"42a12e48\" data-element_type=\"container\" data-settings=\"{&quot;background_background&quot;:&quot;classic&quot;}\">\n\t\t\t\t\t<div class=\"e-con-inner\">\n\t\t<div class=\"elementor-element elementor-element-78b2c87f e-flex e-con-boxed qodef-elementor-content-no e-con e-child\" data-id=\"78b2c87f\" data-element_type=\"container\">\n\t\t\t\t\t<div class=\"e-con-inner\">\n\t\t\t\t<div class=\"elementor-element elementor-element-6c150c80 elementor-widget elementor-widget-text-editor\" data-id=\"6c150c80\" data-element_type=\"widget\" data-widget_type=\"text-editor.default\">\n\t\t\t\t<div class=\"elementor-widget-container\">\n\t\t\t\t\t\t\t<h3>L&#039;id\u00e9e du projet d&#039;am\u00e9nagement urbain<\/h3><p>L&#039;id\u00e9e de la proposition de relier les pi\u00e9tons et occasionnellement les voitures a \u00e9t\u00e9 de choisir comme pavage une seule plate-forme et deux axes lin\u00e9aires longitudinaux avec des doubles morceaux de pierre blanche provenant de la zone parall\u00e8le \u00e0 chaque fa\u00e7ade lin\u00e9aire des maisons. Incitant ainsi le subconscient \u00e0 le traiter comme des trottoirs dans les moments pr\u00e9cis des voitures.<\/p>\t\t\t\t\t\t<\/div>\n\t\t\t\t<\/div>\n\t\t\t\t\t<\/div>\n\t\t\t\t<\/div>\n\t\t\t\t\t<\/div>\n\t\t\t\t<\/div>\n\t\t<div class=\"elementor-element elementor-element-5b46f0ea e-con-full e-flex qodef-elementor-content-no e-con e-parent\" data-id=\"5b46f0ea\" data-element_type=\"container\">\n\t\t\t\t<div class=\"elementor-element elementor-element-1062023f elementor-widget elementor-widget-qi_addons_for_elementor_image_slider\" data-id=\"1062023f\" data-element_type=\"widget\" data-widget_type=\"qi_addons_for_elementor_image_slider.default\">\n\t\t\t\t<div class=\"elementor-widget-container\">\n\t\t\t<div class=\"qodef-shortcode qodef-m  qodef-qi-image-slider qodef-qi-fslightbox-popup qodef-popup-gallery    qodef-col-num--2 qodef-qi-grid qodef-qi-swiper-container  qodef-navigation--inside      qodef-navigation--hover-move\" data-options=\"{&quot;direction&quot;:&quot;horizontal&quot;,&quot;slidesPerView&quot;:&quot;2&quot;,&quot;spaceBetween&quot;:30,&quot;spaceBetweenTablet&quot;:30,&quot;spaceBetweenMobile&quot;:30,&quot;effect&quot;:&quot;&quot;,&quot;loop&quot;:true,&quot;autoplay&quot;:true,&quot;centeredSlides&quot;:false,&quot;speed&quot;:&quot;&quot;,&quot;speedAnimation&quot;:&quot;&quot;,&quot;outsideNavigation&quot;:&quot;no&quot;,&quot;outsidePagination&quot;:&quot;no&quot;,&quot;unique&quot;:941,&quot;partialValue&quot;:0.40000000000000002,&quot;disablePartialValue&quot;:&quot;&quot;,&quot;parallax&quot;:&quot;no&quot;}\">\n\t<div class=\"swiper-wrapper\">\n\t\t<div class=\"qodef-e swiper-slide\">\n\t<div class=\"qodef-e-inner\">\n\t\t<div class=\"qodef-e-inner-holder\">\n\t\t\t\t\t\t\t<a class=\"qodef-popup-item\" itemprop=\"image\" href=\"https:\/\/www.llofriugonfaus.com\/wp-content\/uploads\/2023\/07\/Proyecto-Urbanismo-Pasaje-de-Guillem-Vinyes-1.webp\" data-type=\"image\" data-fslightbox=\"gallery-941\">\n\t\t\t\t\t\t\t<img decoding=\"async\" width=\"650\" height=\"1080\" src=\"https:\/\/www.llofriugonfaus.com\/wp-content\/uploads\/2023\/07\/Proyecto-Urbanismo-Pasaje-de-Guillem-Vinyes-1-650x1080.webp\" class=\"attachment-qi_addons_for_elementor_image_size_portrait size-qi_addons_for_elementor_image_size_portrait\" alt=\"\" \/>\t\t\t\t\t\t\t<\/a>\n\t\t\t\t\t<\/div>\n\t<\/div>\n\t<\/div>\n<div class=\"qodef-e swiper-slide\">\n\t<div class=\"qodef-e-inner\">\n\t\t<div class=\"qodef-e-inner-holder\">\n\t\t\t\t\t\t\t<a class=\"qodef-popup-item\" itemprop=\"image\" href=\"https:\/\/www.llofriugonfaus.com\/wp-content\/uploads\/2023\/07\/Proyecto-Urbanismo-Pasaje-de-Guillem-Vinyes-2.webp\" data-type=\"image\" data-fslightbox=\"gallery-941\">\n\t\t\t\t\t\t\t<img decoding=\"async\" width=\"650\" height=\"1080\" src=\"https:\/\/www.llofriugonfaus.com\/wp-content\/uploads\/2023\/07\/Proyecto-Urbanismo-Pasaje-de-Guillem-Vinyes-2-650x1080.webp\" class=\"attachment-qi_addons_for_elementor_image_size_portrait size-qi_addons_for_elementor_image_size_portrait\" alt=\"\" \/>\t\t\t\t\t\t\t<\/a>\n\t\t\t\t\t<\/div>\n\t<\/div>\n\t<\/div>\n<div class=\"qodef-e swiper-slide\">\n\t<div class=\"qodef-e-inner\">\n\t\t<div class=\"qodef-e-inner-holder\">\n\t\t\t\t\t\t\t<a class=\"qodef-popup-item\" itemprop=\"image\" href=\"https:\/\/www.llofriugonfaus.com\/wp-content\/uploads\/2023\/07\/Proyecto-Urbanismo-Pasaje-de-Guillem-Vinyes-4.webp\" data-type=\"image\" data-fslightbox=\"gallery-941\">\n\t\t\t\t\t\t\t<img loading=\"lazy\" decoding=\"async\" width=\"650\" height=\"1080\" src=\"https:\/\/www.llofriugonfaus.com\/wp-content\/uploads\/2023\/07\/Proyecto-Urbanismo-Pasaje-de-Guillem-Vinyes-4-650x1080.webp\" class=\"attachment-qi_addons_for_elementor_image_size_portrait size-qi_addons_for_elementor_image_size_portrait\" alt=\"\" \/>\t\t\t\t\t\t\t<\/a>\n\t\t\t\t\t<\/div>\n\t<\/div>\n\t<\/div>\n\t<\/div>\n\t\t<div class=\"swiper-button-prev\"><svg xmlns=\"http:\/\/www.w3.org\/2000\/svg\" viewbox=\"0 0 26 50\"><polygon points=\"25.29 0 26 0.7 1.42 25 26 49.3 25.29 50 0 25 25.29 0\" style=\"stroke:transparent;\"><\/polygon><\/svg><\/div>\n\t<div class=\"swiper-button-next\"><svg xmlns=\"http:\/\/www.w3.org\/2000\/svg\" viewbox=\"0 0 26 50\"><polygon points=\"0.71 50 0 49.3 24.58 25 0 0.7 0.71 0 26 25 0.71 50\" style=\"stroke:transparent;\"><\/polygon><\/svg><\/div>\n<\/div>\n\t\t<\/div>\n\t\t\t\t<\/div>\n\t\t\t\t<\/div>\n\t\t<div class=\"elementor-element elementor-element-2c23fdd e-flex e-con-boxed qodef-elementor-content-no e-con e-parent\" data-id=\"2c23fdd\" data-element_type=\"container\" data-settings=\"{&quot;background_background&quot;:&quot;classic&quot;}\">\n\t\t\t\t\t<div class=\"e-con-inner\">\n\t\t<div class=\"elementor-element elementor-element-d673031 e-flex e-con-boxed qodef-elementor-content-no e-con e-child\" data-id=\"d673031\" data-element_type=\"container\">\n\t\t\t\t\t<div class=\"e-con-inner\">\n\t\t\t\t<div class=\"elementor-element elementor-element-d0def65 elementor-widget elementor-widget-text-editor\" data-id=\"d0def65\" data-element_type=\"widget\" data-widget_type=\"text-editor.default\">\n\t\t\t\t<div class=\"elementor-widget-container\">\n\t\t\t\t\t\t\t<p>Un ensemble de trois tailles de pi\u00e8ces diff\u00e9rentes sur tout l&#039;axe a \u00e9t\u00e9 choisi. C\u00f4t\u00e9 circulation, cette pi\u00e8ce est polie, contrairement au c\u00f4t\u00e9 pi\u00e9ton qui est bouchard\u00e9, donnant plus d&#039;asp\u00e9rit\u00e9s. Comme dans la plateforme unique en mortier \u00e0 fibres, le centre de la fiole est l\u00e9g\u00e8rement plus lisse que les deux c\u00f4t\u00e9s, qui sont finis par des rayures, donnant \u00e9galement plus d&#039;asp\u00e9rit\u00e9 au pi\u00e9ton et marquant subtilement chaque zone.<\/p>\t\t\t\t\t\t<\/div>\n\t\t\t\t<\/div>\n\t\t\t\t\t<\/div>\n\t\t\t\t<\/div>\n\t\t\t\t\t<\/div>\n\t\t\t\t<\/div>\n\t\t<div class=\"elementor-element elementor-element-7110eab e-flex e-con-boxed qodef-elementor-content-no e-con e-parent\" data-id=\"7110eab\" data-element_type=\"container\">\n\t\t\t\t\t<div class=\"e-con-inner\">\n\t\t\t\t<div class=\"elementor-element elementor-element-ccaeeb4 elementor-widget elementor-widget-image\" data-id=\"ccaeeb4\" data-element_type=\"widget\" data-widget_type=\"image.default\">\n\t\t\t\t<div class=\"elementor-widget-container\">\n\t\t\t\t\t\t\t\t\t\t\t\t\t<img loading=\"lazy\" decoding=\"async\" width=\"478\" height=\"1024\" src=\"https:\/\/www.llofriugonfaus.com\/wp-content\/uploads\/2023\/07\/Proyecto-Urbanismo-Pasaje-de-Guillem-Vinyes-9-478x1024.webp\" class=\"attachment-large size-large wp-image-3242\" alt=\"\" srcset=\"https:\/\/www.llofriugonfaus.com\/wp-content\/uploads\/2023\/07\/Proyecto-Urbanismo-Pasaje-de-Guillem-Vinyes-9-478x1024.webp 478w, https:\/\/www.llofriugonfaus.com\/wp-content\/uploads\/2023\/07\/Proyecto-Urbanismo-Pasaje-de-Guillem-Vinyes-9-140x300.webp 140w, https:\/\/www.llofriugonfaus.com\/wp-content\/uploads\/2023\/07\/Proyecto-Urbanismo-Pasaje-de-Guillem-Vinyes-9.webp 504w\" sizes=\"(max-width: 478px) 100vw, 478px\" \/>\t\t\t\t\t\t\t\t\t\t\t\t\t<\/div>\n\t\t\t\t<\/div>\n\t\t\t\t<div class=\"elementor-element elementor-element-b14bb09 elementor-widget elementor-widget-image\" data-id=\"b14bb09\" data-element_type=\"widget\" data-widget_type=\"image.default\">\n\t\t\t\t<div class=\"elementor-widget-container\">\n\t\t\t\t\t\t\t\t\t\t\t\t\t<img loading=\"lazy\" decoding=\"async\" width=\"478\" height=\"1024\" src=\"https:\/\/www.llofriugonfaus.com\/wp-content\/uploads\/2023\/07\/Proyecto-Urbanismo-Pasaje-de-Guillem-Vinyes-5-478x1024.webp\" class=\"attachment-large size-large wp-image-3238\" alt=\"\" srcset=\"https:\/\/www.llofriugonfaus.com\/wp-content\/uploads\/2023\/07\/Proyecto-Urbanismo-Pasaje-de-Guillem-Vinyes-5-478x1024.webp 478w, https:\/\/www.llofriugonfaus.com\/wp-content\/uploads\/2023\/07\/Proyecto-Urbanismo-Pasaje-de-Guillem-Vinyes-5-140x300.webp 140w, https:\/\/www.llofriugonfaus.com\/wp-content\/uploads\/2023\/07\/Proyecto-Urbanismo-Pasaje-de-Guillem-Vinyes-5.webp 504w\" sizes=\"(max-width: 478px) 100vw, 478px\" \/>\t\t\t\t\t\t\t\t\t\t\t\t\t<\/div>\n\t\t\t\t<\/div>\n\t\t\t\t\t<\/div>\n\t\t\t\t<\/div>\n\t\t<div class=\"elementor-element elementor-element-6dea109 e-flex e-con-boxed qodef-elementor-content-no e-con e-parent\" data-id=\"6dea109\" data-element_type=\"container\" data-settings=\"{&quot;background_background&quot;:&quot;classic&quot;}\">\n\t\t\t\t\t<div class=\"e-con-inner\">\n\t\t<div class=\"elementor-element elementor-element-1441a62 e-flex e-con-boxed qodef-elementor-content-no e-con e-child\" data-id=\"1441a62\" data-element_type=\"container\">\n\t\t\t\t\t<div class=\"e-con-inner\">\n\t\t\t\t<div class=\"elementor-element elementor-element-041740f elementor-widget elementor-widget-text-editor\" data-id=\"041740f\" data-element_type=\"widget\" data-widget_type=\"text-editor.default\">\n\t\t\t\t<div class=\"elementor-widget-container\">\n\t\t\t\t\t\t\t<p>\u00c0 la fin de la section de la zone sportive, en raison des grandes d\u00e9nivellations, un escalier r\u00e9alis\u00e9 dans le m\u00eame mat\u00e9riau en pierre blanche que les axes a \u00e9t\u00e9 choisi, sans toucher aux b\u00e2timents adjacents. Li\u00e9 \u00e0 un garde-corps qui suit l&#039;alignement de l&#039;axe longitudinal du trottoir.<\/p>\t\t\t\t\t\t<\/div>\n\t\t\t\t<\/div>\n\t\t\t\t\t<\/div>\n\t\t\t\t<\/div>\n\t\t\t\t\t<\/div>\n\t\t\t\t<\/div>\n\t\t<div class=\"elementor-element elementor-element-3f683a16 e-con-full e-flex qodef-elementor-content-no e-con e-parent\" data-id=\"3f683a16\" data-element_type=\"container\">\n\t\t\t\t<div class=\"elementor-element elementor-element-7cf2989a elementor-widget elementor-widget-qi_addons_for_elementor_image_slider\" data-id=\"7cf2989a\" data-element_type=\"widget\" data-widget_type=\"qi_addons_for_elementor_image_slider.default\">\n\t\t\t\t<div class=\"elementor-widget-container\">\n\t\t\t<div class=\"qodef-shortcode qodef-m  qodef-qi-image-slider qodef-qi-fslightbox-popup qodef-popup-gallery    qodef-col-num--1 qodef-qi-grid qodef-qi-swiper-container  qodef-navigation--inside      qodef-navigation--hover-move\" data-options=\"{&quot;direction&quot;:&quot;horizontal&quot;,&quot;slidesPerView&quot;:&quot;1&quot;,&quot;spaceBetween&quot;:0,&quot;spaceBetweenTablet&quot;:30,&quot;spaceBetweenMobile&quot;:30,&quot;effect&quot;:&quot;slide&quot;,&quot;loop&quot;:true,&quot;autoplay&quot;:true,&quot;centeredSlides&quot;:true,&quot;speed&quot;:&quot;&quot;,&quot;speedAnimation&quot;:&quot;&quot;,&quot;outsideNavigation&quot;:&quot;no&quot;,&quot;outsidePagination&quot;:&quot;no&quot;,&quot;unique&quot;:21,&quot;partialValue&quot;:0,&quot;disablePartialValue&quot;:&quot;&quot;,&quot;parallax&quot;:&quot;no&quot;}\">\n\t<div class=\"swiper-wrapper\">\n\t\t<div class=\"qodef-e swiper-slide\">\n\t<div class=\"qodef-e-inner\">\n\t\t<div class=\"qodef-e-inner-holder\">\n\t\t\t\t\t\t\t<a class=\"qodef-popup-item\" itemprop=\"image\" href=\"https:\/\/www.llofriugonfaus.com\/wp-content\/uploads\/2023\/07\/Proyecto-Urbanismo-Pasaje-de-Guillem-Vinyes-10.webp\" data-type=\"image\" data-fslightbox=\"gallery-21\">\n\t\t\t\t\t\t\t<img loading=\"lazy\" decoding=\"async\" width=\"1920\" height=\"897\" src=\"https:\/\/www.llofriugonfaus.com\/wp-content\/uploads\/2023\/07\/Proyecto-Urbanismo-Pasaje-de-Guillem-Vinyes-10.webp\" class=\"attachment-full size-full\" alt=\"\" srcset=\"https:\/\/www.llofriugonfaus.com\/wp-content\/uploads\/2023\/07\/Proyecto-Urbanismo-Pasaje-de-Guillem-Vinyes-10.webp 1920w, https:\/\/www.llofriugonfaus.com\/wp-content\/uploads\/2023\/07\/Proyecto-Urbanismo-Pasaje-de-Guillem-Vinyes-10-300x140.webp 300w, https:\/\/www.llofriugonfaus.com\/wp-content\/uploads\/2023\/07\/Proyecto-Urbanismo-Pasaje-de-Guillem-Vinyes-10-1024x478.webp 1024w, https:\/\/www.llofriugonfaus.com\/wp-content\/uploads\/2023\/07\/Proyecto-Urbanismo-Pasaje-de-Guillem-Vinyes-10-768x359.webp 768w, https:\/\/www.llofriugonfaus.com\/wp-content\/uploads\/2023\/07\/Proyecto-Urbanismo-Pasaje-de-Guillem-Vinyes-10-1536x718.webp 1536w\" sizes=\"(max-width: 1920px) 100vw, 1920px\" \/>\t\t\t\t\t\t\t<\/a>\n\t\t\t\t\t<\/div>\n\t<\/div>\n\t<\/div>\n<div class=\"qodef-e swiper-slide\">\n\t<div class=\"qodef-e-inner\">\n\t\t<div class=\"qodef-e-inner-holder\">\n\t\t\t\t\t\t\t<a class=\"qodef-popup-item\" itemprop=\"image\" href=\"https:\/\/www.llofriugonfaus.com\/wp-content\/uploads\/2023\/07\/Proyecto-Urbanismo-Pasaje-de-Guillem-Vinyes-11.webp\" data-type=\"image\" data-fslightbox=\"gallery-21\">\n\t\t\t\t\t\t\t<img loading=\"lazy\" decoding=\"async\" width=\"1920\" height=\"1110\" src=\"https:\/\/www.llofriugonfaus.com\/wp-content\/uploads\/2023\/07\/Proyecto-Urbanismo-Pasaje-de-Guillem-Vinyes-11.webp\" class=\"attachment-full size-full\" alt=\"\" srcset=\"https:\/\/www.llofriugonfaus.com\/wp-content\/uploads\/2023\/07\/Proyecto-Urbanismo-Pasaje-de-Guillem-Vinyes-11.webp 1920w, https:\/\/www.llofriugonfaus.com\/wp-content\/uploads\/2023\/07\/Proyecto-Urbanismo-Pasaje-de-Guillem-Vinyes-11-300x173.webp 300w, https:\/\/www.llofriugonfaus.com\/wp-content\/uploads\/2023\/07\/Proyecto-Urbanismo-Pasaje-de-Guillem-Vinyes-11-1024x592.webp 1024w, https:\/\/www.llofriugonfaus.com\/wp-content\/uploads\/2023\/07\/Proyecto-Urbanismo-Pasaje-de-Guillem-Vinyes-11-768x444.webp 768w, https:\/\/www.llofriugonfaus.com\/wp-content\/uploads\/2023\/07\/Proyecto-Urbanismo-Pasaje-de-Guillem-Vinyes-11-1536x888.webp 1536w\" sizes=\"(max-width: 1920px) 100vw, 1920px\" \/>\t\t\t\t\t\t\t<\/a>\n\t\t\t\t\t<\/div>\n\t<\/div>\n\t<\/div>\n\t<\/div>\n\t\t<div class=\"swiper-button-prev\"><svg xmlns=\"http:\/\/www.w3.org\/2000\/svg\" viewbox=\"0 0 26 50\"><polygon points=\"25.29 0 26 0.7 1.42 25 26 49.3 25.29 50 0 25 25.29 0\" style=\"stroke:transparent;\"><\/polygon><\/svg><\/div>\n\t<div class=\"swiper-button-next\"><svg xmlns=\"http:\/\/www.w3.org\/2000\/svg\" viewbox=\"0 0 26 50\"><polygon points=\"0.71 50 0 49.3 24.58 25 0 0.7 0.71 0 26 25 0.71 50\" style=\"stroke:transparent;\"><\/polygon><\/svg><\/div>\n<\/div>\n\t\t<\/div>\n\t\t\t\t<\/div>\n\t\t\t\t<\/div>\n\t\t<div class=\"elementor-element elementor-element-d1e74e4 e-flex e-con-boxed qodef-elementor-content-no e-con e-parent\" data-id=\"d1e74e4\" data-element_type=\"container\" data-settings=\"{&quot;background_background&quot;:&quot;classic&quot;}\">\n\t\t\t\t\t<div class=\"e-con-inner\">\n\t\t<div class=\"elementor-element elementor-element-dc2863e e-flex e-con-boxed qodef-elementor-content-no e-con e-child\" data-id=\"dc2863e\" data-element_type=\"container\">\n\t\t\t\t\t<div class=\"e-con-inner\">\n\t\t\t\t<div class=\"elementor-element elementor-element-e262edd elementor-widget elementor-widget-text-editor\" data-id=\"e262edd\" data-element_type=\"widget\" data-widget_type=\"text-editor.default\">\n\t\t\t\t<div class=\"elementor-widget-container\">\n\t\t\t\t\t\t\t<p>Pour garantir un \u00e9clairage ad\u00e9quat dans l&#039;espace public, un luminaire a \u00e9t\u00e9 invent\u00e9 pour le projet, \u00e9tudi\u00e9 en d\u00e9tail.<\/p>\t\t\t\t\t\t<\/div>\n\t\t\t\t<\/div>\n\t\t\t\t\t<\/div>\n\t\t\t\t<\/div>\n\t\t\t\t\t<\/div>\n\t\t\t\t<\/div>\n\t\t<div class=\"elementor-element elementor-element-b2fdffc e-flex e-con-boxed qodef-elementor-content-no e-con e-parent\" data-id=\"b2fdffc\" data-element_type=\"container\">\n\t\t\t\t\t<div class=\"e-con-inner\">\n\t\t\t\t<div class=\"elementor-element elementor-element-2e452d7 elementor-widget elementor-widget-image\" data-id=\"2e452d7\" data-element_type=\"widget\" data-widget_type=\"image.default\">\n\t\t\t\t<div class=\"elementor-widget-container\">\n\t\t\t\t\t\t\t\t\t\t\t\t\t<img loading=\"lazy\" decoding=\"async\" width=\"768\" height=\"1024\" src=\"https:\/\/www.llofriugonfaus.com\/wp-content\/uploads\/2023\/07\/Proyecto-Urbanismo-Pasaje-de-Guillem-Vinyes-3-768x1024.webp\" class=\"attachment-large size-large wp-image-3236\" alt=\"\" srcset=\"https:\/\/www.llofriugonfaus.com\/wp-content\/uploads\/2023\/07\/Proyecto-Urbanismo-Pasaje-de-Guillem-Vinyes-3-768x1024.webp 768w, https:\/\/www.llofriugonfaus.com\/wp-content\/uploads\/2023\/07\/Proyecto-Urbanismo-Pasaje-de-Guillem-Vinyes-3-225x300.webp 225w, https:\/\/www.llofriugonfaus.com\/wp-content\/uploads\/2023\/07\/Proyecto-Urbanismo-Pasaje-de-Guillem-Vinyes-3.webp 810w\" sizes=\"(max-width: 768px) 100vw, 768px\" \/>\t\t\t\t\t\t\t\t\t\t\t\t\t<\/div>\n\t\t\t\t<\/div>\n\t\t\t\t<div class=\"elementor-element elementor-element-d471269 elementor-widget elementor-widget-image\" data-id=\"d471269\" data-element_type=\"widget\" data-widget_type=\"image.default\">\n\t\t\t\t<div class=\"elementor-widget-container\">\n\t\t\t\t\t\t\t\t\t\t\t\t\t<img loading=\"lazy\" decoding=\"async\" width=\"478\" height=\"1024\" src=\"https:\/\/www.llofriugonfaus.com\/wp-content\/uploads\/2023\/07\/Proyecto-Urbanismo-Pasaje-de-Guillem-Vinyes-7-478x1024.webp\" class=\"attachment-large size-large wp-image-3240\" alt=\"\" srcset=\"https:\/\/www.llofriugonfaus.com\/wp-content\/uploads\/2023\/07\/Proyecto-Urbanismo-Pasaje-de-Guillem-Vinyes-7-478x1024.webp 478w, https:\/\/www.llofriugonfaus.com\/wp-content\/uploads\/2023\/07\/Proyecto-Urbanismo-Pasaje-de-Guillem-Vinyes-7-140x300.webp 140w, https:\/\/www.llofriugonfaus.com\/wp-content\/uploads\/2023\/07\/Proyecto-Urbanismo-Pasaje-de-Guillem-Vinyes-7.webp 504w\" sizes=\"(max-width: 478px) 100vw, 478px\" \/>\t\t\t\t\t\t\t\t\t\t\t\t\t<\/div>\n\t\t\t\t<\/div>\n\t\t\t\t\t<\/div>\n\t\t\t\t<\/div>\n\t\t<div class=\"elementor-element elementor-element-5ba7d942 e-flex e-con-boxed qodef-elementor-content-no e-con e-parent\" data-id=\"5ba7d942\" data-element_type=\"container\">\n\t\t\t\t\t<div class=\"e-con-inner\">\n\t\t<div class=\"elementor-element elementor-element-22ca1fd9 e-flex e-con-boxed qodef-elementor-content-no e-con e-child\" data-id=\"22ca1fd9\" data-element_type=\"container\">\n\t\t\t\t\t<div class=\"e-con-inner\">\n\t\t\t\t<div class=\"elementor-element elementor-element-5364cf01 elementor-widget elementor-widget-text-editor\" data-id=\"5364cf01\" data-element_type=\"widget\" data-widget_type=\"text-editor.default\">\n\t\t\t\t<div class=\"elementor-widget-container\">\n\t\t\t\t\t\t\t<p>Parall\u00e8lement, l&#039;ensemble du syst\u00e8me d&#039;assainissement et les anciennes installations sont remplac\u00e9s. Des drains pour collecter les eaux de pluie ont \u00e9t\u00e9 plac\u00e9s au centre de la route entre les lignes coup\u00e9es du rev\u00eatement en mortier. S\u00e9parer au maximum l\u2019eau des entr\u00e9es des maisons.<\/p><p>Un point cl\u00e9 a \u00e9t\u00e9 de repenser chacune des entr\u00e9es des garages et des maisons de mani\u00e8re tr\u00e8s d\u00e9taill\u00e9e et intentionnelle. Atteindre les pentes minimales et cr\u00e9er ainsi un maximum de confort pour les personnes qui y vivent.<\/p>\t\t\t\t\t\t<\/div>\n\t\t\t\t<\/div>\n\t\t\t\t\t<\/div>\n\t\t\t\t<\/div>\n\t\t\t\t\t<\/div>\n\t\t\t\t<\/div>\n\t\t<div class=\"elementor-element elementor-element-8cd66da e-flex e-con-boxed qodef-elementor-content-no e-con e-parent\" data-id=\"8cd66da\" data-element_type=\"container\">\n\t\t\t\t\t<div class=\"e-con-inner\">\n\t\t<div class=\"elementor-element elementor-element-dfe8059 e-flex e-con-boxed qodef-elementor-content-no e-con e-child\" data-id=\"dfe8059\" data-element_type=\"container\">\n\t\t\t\t\t<div class=\"e-con-inner\">\n\t\t\t\t<div class=\"elementor-element elementor-element-eb74c57 elementor-widget elementor-widget-heading\" data-id=\"eb74c57\" data-element_type=\"widget\" data-widget_type=\"heading.default\">\n\t\t\t\t<div class=\"elementor-widget-container\">\n\t\t\t<h2 class=\"elementor-heading-title elementor-size-default\">Plans<\/h2>\t\t<\/div>\n\t\t\t\t<\/div>\n\t\t\t\t\t<\/div>\n\t\t\t\t<\/div>\n\t\t\t\t<div class=\"elementor-element elementor-element-d5fb5dc elementor-widget elementor-widget-qi_addons_for_elementor_image_slider\" data-id=\"d5fb5dc\" data-element_type=\"widget\" data-widget_type=\"qi_addons_for_elementor_image_slider.default\">\n\t\t\t\t<div class=\"elementor-widget-container\">\n\t\t\t<div class=\"qodef-shortcode qodef-m  qodef-qi-image-slider qodef-qi-fslightbox-popup qodef-popup-gallery    qodef-col-num--1 qodef-qi-grid qodef-qi-swiper-container  qodef-navigation--outside  qodef-pagination--outside qodef-pagination-alignment--center   qodef-navigation--hover-move\" data-options=\"{&quot;direction&quot;:&quot;horizontal&quot;,&quot;slidesPerView&quot;:&quot;1&quot;,&quot;spaceBetween&quot;:0,&quot;spaceBetweenTablet&quot;:30,&quot;spaceBetweenMobile&quot;:30,&quot;effect&quot;:&quot;fade&quot;,&quot;loop&quot;:true,&quot;autoplay&quot;:true,&quot;centeredSlides&quot;:true,&quot;speed&quot;:&quot;&quot;,&quot;speedAnimation&quot;:&quot;&quot;,&quot;outsideNavigation&quot;:&quot;yes&quot;,&quot;outsidePagination&quot;:&quot;yes&quot;,&quot;unique&quot;:243,&quot;partialValue&quot;:0,&quot;disablePartialValue&quot;:&quot;&quot;,&quot;parallax&quot;:&quot;no&quot;}\">\n\t<div class=\"swiper-wrapper\">\n\t\t<div class=\"qodef-e swiper-slide\">\n\t<div class=\"qodef-e-inner\">\n\t\t<div class=\"qodef-e-inner-holder\">\n\t\t\t\t\t\t\t<a class=\"qodef-popup-item\" itemprop=\"image\" href=\"https:\/\/www.llofriugonfaus.com\/wp-content\/uploads\/2023\/07\/Pasaje-de-Guillem-Vinyes-Plano-Seccion-1.webp\" data-type=\"image\" data-fslightbox=\"gallery-243\">\n\t\t\t\t\t\t\t<img loading=\"lazy\" decoding=\"async\" width=\"1920\" height=\"1271\" src=\"https:\/\/www.llofriugonfaus.com\/wp-content\/uploads\/2023\/07\/Pasaje-de-Guillem-Vinyes-Plano-Seccion-1.webp\" class=\"attachment-full size-full\" alt=\"\" srcset=\"https:\/\/www.llofriugonfaus.com\/wp-content\/uploads\/2023\/07\/Pasaje-de-Guillem-Vinyes-Plano-Seccion-1.webp 1920w, https:\/\/www.llofriugonfaus.com\/wp-content\/uploads\/2023\/07\/Pasaje-de-Guillem-Vinyes-Plano-Seccion-1-300x199.webp 300w, https:\/\/www.llofriugonfaus.com\/wp-content\/uploads\/2023\/07\/Pasaje-de-Guillem-Vinyes-Plano-Seccion-1-1024x678.webp 1024w, https:\/\/www.llofriugonfaus.com\/wp-content\/uploads\/2023\/07\/Pasaje-de-Guillem-Vinyes-Plano-Seccion-1-768x508.webp 768w, https:\/\/www.llofriugonfaus.com\/wp-content\/uploads\/2023\/07\/Pasaje-de-Guillem-Vinyes-Plano-Seccion-1-1536x1017.webp 1536w\" sizes=\"(max-width: 1920px) 100vw, 1920px\" \/>\t\t\t\t\t\t\t<\/a>\n\t\t\t\t\t<\/div>\n\t<\/div>\n\t<\/div>\n<div class=\"qodef-e swiper-slide\">\n\t<div class=\"qodef-e-inner\">\n\t\t<div class=\"qodef-e-inner-holder\">\n\t\t\t\t\t\t\t<a class=\"qodef-popup-item\" itemprop=\"image\" href=\"https:\/\/www.llofriugonfaus.com\/wp-content\/uploads\/2023\/07\/Pasaje-de-Guillem-Vinyes-Plano-Seccion-2.webp\" data-type=\"image\" data-fslightbox=\"gallery-243\">\n\t\t\t\t\t\t\t<img loading=\"lazy\" decoding=\"async\" width=\"1920\" height=\"1258\" src=\"https:\/\/www.llofriugonfaus.com\/wp-content\/uploads\/2023\/07\/Pasaje-de-Guillem-Vinyes-Plano-Seccion-2.webp\" class=\"attachment-full size-full\" alt=\"\" srcset=\"https:\/\/www.llofriugonfaus.com\/wp-content\/uploads\/2023\/07\/Pasaje-de-Guillem-Vinyes-Plano-Seccion-2.webp 1920w, https:\/\/www.llofriugonfaus.com\/wp-content\/uploads\/2023\/07\/Pasaje-de-Guillem-Vinyes-Plano-Seccion-2-300x197.webp 300w, https:\/\/www.llofriugonfaus.com\/wp-content\/uploads\/2023\/07\/Pasaje-de-Guillem-Vinyes-Plano-Seccion-2-1024x671.webp 1024w, https:\/\/www.llofriugonfaus.com\/wp-content\/uploads\/2023\/07\/Pasaje-de-Guillem-Vinyes-Plano-Seccion-2-768x503.webp 768w, https:\/\/www.llofriugonfaus.com\/wp-content\/uploads\/2023\/07\/Pasaje-de-Guillem-Vinyes-Plano-Seccion-2-1536x1006.webp 1536w\" sizes=\"(max-width: 1920px) 100vw, 1920px\" \/>\t\t\t\t\t\t\t<\/a>\n\t\t\t\t\t<\/div>\n\t<\/div>\n\t<\/div>\n<div class=\"qodef-e swiper-slide\">\n\t<div class=\"qodef-e-inner\">\n\t\t<div class=\"qodef-e-inner-holder\">\n\t\t\t\t\t\t\t<a class=\"qodef-popup-item\" itemprop=\"image\" href=\"https:\/\/www.llofriugonfaus.com\/wp-content\/uploads\/2023\/07\/Pasaje-de-Guillem-Vinyes-Plano-Seccion-3.webp\" data-type=\"image\" data-fslightbox=\"gallery-243\">\n\t\t\t\t\t\t\t<img loading=\"lazy\" decoding=\"async\" width=\"1920\" height=\"1263\" src=\"https:\/\/www.llofriugonfaus.com\/wp-content\/uploads\/2023\/07\/Pasaje-de-Guillem-Vinyes-Plano-Seccion-3.webp\" class=\"attachment-full size-full\" alt=\"\" srcset=\"https:\/\/www.llofriugonfaus.com\/wp-content\/uploads\/2023\/07\/Pasaje-de-Guillem-Vinyes-Plano-Seccion-3.webp 1920w, https:\/\/www.llofriugonfaus.com\/wp-content\/uploads\/2023\/07\/Pasaje-de-Guillem-Vinyes-Plano-Seccion-3-300x197.webp 300w, https:\/\/www.llofriugonfaus.com\/wp-content\/uploads\/2023\/07\/Pasaje-de-Guillem-Vinyes-Plano-Seccion-3-1024x674.webp 1024w, https:\/\/www.llofriugonfaus.com\/wp-content\/uploads\/2023\/07\/Pasaje-de-Guillem-Vinyes-Plano-Seccion-3-768x505.webp 768w, https:\/\/www.llofriugonfaus.com\/wp-content\/uploads\/2023\/07\/Pasaje-de-Guillem-Vinyes-Plano-Seccion-3-1536x1010.webp 1536w\" sizes=\"(max-width: 1920px) 100vw, 1920px\" \/>\t\t\t\t\t\t\t<\/a>\n\t\t\t\t\t<\/div>\n\t<\/div>\n\t<\/div>\n<div class=\"qodef-e swiper-slide\">\n\t<div class=\"qodef-e-inner\">\n\t\t<div class=\"qodef-e-inner-holder\">\n\t\t\t\t\t\t\t<a class=\"qodef-popup-item\" itemprop=\"image\" href=\"https:\/\/www.llofriugonfaus.com\/wp-content\/uploads\/2023\/07\/Pasaje-de-Guillem-Vinyes-Plano-Seccion-4.webp\" data-type=\"image\" data-fslightbox=\"gallery-243\">\n\t\t\t\t\t\t\t<img loading=\"lazy\" decoding=\"async\" width=\"1920\" height=\"1256\" src=\"https:\/\/www.llofriugonfaus.com\/wp-content\/uploads\/2023\/07\/Pasaje-de-Guillem-Vinyes-Plano-Seccion-4.webp\" class=\"attachment-full size-full\" alt=\"\" srcset=\"https:\/\/www.llofriugonfaus.com\/wp-content\/uploads\/2023\/07\/Pasaje-de-Guillem-Vinyes-Plano-Seccion-4.webp 1920w, https:\/\/www.llofriugonfaus.com\/wp-content\/uploads\/2023\/07\/Pasaje-de-Guillem-Vinyes-Plano-Seccion-4-300x196.webp 300w, https:\/\/www.llofriugonfaus.com\/wp-content\/uploads\/2023\/07\/Pasaje-de-Guillem-Vinyes-Plano-Seccion-4-1024x670.webp 1024w, https:\/\/www.llofriugonfaus.com\/wp-content\/uploads\/2023\/07\/Pasaje-de-Guillem-Vinyes-Plano-Seccion-4-768x502.webp 768w, https:\/\/www.llofriugonfaus.com\/wp-content\/uploads\/2023\/07\/Pasaje-de-Guillem-Vinyes-Plano-Seccion-4-1536x1005.webp 1536w\" sizes=\"(max-width: 1920px) 100vw, 1920px\" \/>\t\t\t\t\t\t\t<\/a>\n\t\t\t\t\t<\/div>\n\t<\/div>\n\t<\/div>\n<div class=\"qodef-e swiper-slide\">\n\t<div class=\"qodef-e-inner\">\n\t\t<div class=\"qodef-e-inner-holder\">\n\t\t\t\t\t\t\t<a class=\"qodef-popup-item\" itemprop=\"image\" href=\"https:\/\/www.llofriugonfaus.com\/wp-content\/uploads\/2023\/07\/Pasaje-de-Guillem-Vinyes-Plano-Planta-1.webp\" data-type=\"image\" data-fslightbox=\"gallery-243\">\n\t\t\t\t\t\t\t<img loading=\"lazy\" decoding=\"async\" width=\"1920\" height=\"1258\" src=\"https:\/\/www.llofriugonfaus.com\/wp-content\/uploads\/2023\/07\/Pasaje-de-Guillem-Vinyes-Plano-Planta-1.webp\" class=\"attachment-full size-full\" alt=\"\" srcset=\"https:\/\/www.llofriugonfaus.com\/wp-content\/uploads\/2023\/07\/Pasaje-de-Guillem-Vinyes-Plano-Planta-1.webp 1920w, https:\/\/www.llofriugonfaus.com\/wp-content\/uploads\/2023\/07\/Pasaje-de-Guillem-Vinyes-Plano-Planta-1-300x197.webp 300w, https:\/\/www.llofriugonfaus.com\/wp-content\/uploads\/2023\/07\/Pasaje-de-Guillem-Vinyes-Plano-Planta-1-1024x671.webp 1024w, https:\/\/www.llofriugonfaus.com\/wp-content\/uploads\/2023\/07\/Pasaje-de-Guillem-Vinyes-Plano-Planta-1-768x503.webp 768w, https:\/\/www.llofriugonfaus.com\/wp-content\/uploads\/2023\/07\/Pasaje-de-Guillem-Vinyes-Plano-Planta-1-1536x1006.webp 1536w\" sizes=\"(max-width: 1920px) 100vw, 1920px\" \/>\t\t\t\t\t\t\t<\/a>\n\t\t\t\t\t<\/div>\n\t<\/div>\n\t<\/div>\n<div class=\"qodef-e swiper-slide\">\n\t<div class=\"qodef-e-inner\">\n\t\t<div class=\"qodef-e-inner-holder\">\n\t\t\t\t\t\t\t<a class=\"qodef-popup-item\" itemprop=\"image\" href=\"https:\/\/www.llofriugonfaus.com\/wp-content\/uploads\/2023\/07\/Pasaje-de-Guillem-Vinyes-Plano-Planta-2.webp\" data-type=\"image\" data-fslightbox=\"gallery-243\">\n\t\t\t\t\t\t\t<img loading=\"lazy\" decoding=\"async\" width=\"1920\" height=\"1263\" src=\"https:\/\/www.llofriugonfaus.com\/wp-content\/uploads\/2023\/07\/Pasaje-de-Guillem-Vinyes-Plano-Planta-2.webp\" class=\"attachment-full size-full\" alt=\"\" srcset=\"https:\/\/www.llofriugonfaus.com\/wp-content\/uploads\/2023\/07\/Pasaje-de-Guillem-Vinyes-Plano-Planta-2.webp 1920w, https:\/\/www.llofriugonfaus.com\/wp-content\/uploads\/2023\/07\/Pasaje-de-Guillem-Vinyes-Plano-Planta-2-300x197.webp 300w, https:\/\/www.llofriugonfaus.com\/wp-content\/uploads\/2023\/07\/Pasaje-de-Guillem-Vinyes-Plano-Planta-2-1024x674.webp 1024w, https:\/\/www.llofriugonfaus.com\/wp-content\/uploads\/2023\/07\/Pasaje-de-Guillem-Vinyes-Plano-Planta-2-768x505.webp 768w, https:\/\/www.llofriugonfaus.com\/wp-content\/uploads\/2023\/07\/Pasaje-de-Guillem-Vinyes-Plano-Planta-2-1536x1010.webp 1536w\" sizes=\"(max-width: 1920px) 100vw, 1920px\" \/>\t\t\t\t\t\t\t<\/a>\n\t\t\t\t\t<\/div>\n\t<\/div>\n\t<\/div>\n<div class=\"qodef-e swiper-slide\">\n\t<div class=\"qodef-e-inner\">\n\t\t<div class=\"qodef-e-inner-holder\">\n\t\t\t\t\t\t\t<a class=\"qodef-popup-item\" itemprop=\"image\" href=\"https:\/\/www.llofriugonfaus.com\/wp-content\/uploads\/2023\/07\/Pasaje-de-Guillem-Vinyes-Plano-Planta-3.webp\" data-type=\"image\" data-fslightbox=\"gallery-243\">\n\t\t\t\t\t\t\t<img loading=\"lazy\" decoding=\"async\" width=\"1920\" height=\"1257\" src=\"https:\/\/www.llofriugonfaus.com\/wp-content\/uploads\/2023\/07\/Pasaje-de-Guillem-Vinyes-Plano-Planta-3.webp\" class=\"attachment-full size-full\" alt=\"\" srcset=\"https:\/\/www.llofriugonfaus.com\/wp-content\/uploads\/2023\/07\/Pasaje-de-Guillem-Vinyes-Plano-Planta-3.webp 1920w, https:\/\/www.llofriugonfaus.com\/wp-content\/uploads\/2023\/07\/Pasaje-de-Guillem-Vinyes-Plano-Planta-3-300x196.webp 300w, https:\/\/www.llofriugonfaus.com\/wp-content\/uploads\/2023\/07\/Pasaje-de-Guillem-Vinyes-Plano-Planta-3-1024x670.webp 1024w, https:\/\/www.llofriugonfaus.com\/wp-content\/uploads\/2023\/07\/Pasaje-de-Guillem-Vinyes-Plano-Planta-3-768x503.webp 768w, https:\/\/www.llofriugonfaus.com\/wp-content\/uploads\/2023\/07\/Pasaje-de-Guillem-Vinyes-Plano-Planta-3-1536x1006.webp 1536w\" sizes=\"(max-width: 1920px) 100vw, 1920px\" \/>\t\t\t\t\t\t\t<\/a>\n\t\t\t\t\t<\/div>\n\t<\/div>\n\t<\/div>\n<div class=\"qodef-e swiper-slide\">\n\t<div class=\"qodef-e-inner\">\n\t\t<div class=\"qodef-e-inner-holder\">\n\t\t\t\t\t\t\t<a class=\"qodef-popup-item\" itemprop=\"image\" href=\"https:\/\/www.llofriugonfaus.com\/wp-content\/uploads\/2023\/07\/Pasaje-de-Guillem-Vinyes-Plano-Secciones-Transversales.webp\" data-type=\"image\" data-fslightbox=\"gallery-243\">\n\t\t\t\t\t\t\t<img loading=\"lazy\" decoding=\"async\" width=\"1920\" height=\"1262\" src=\"https:\/\/www.llofriugonfaus.com\/wp-content\/uploads\/2023\/07\/Pasaje-de-Guillem-Vinyes-Plano-Secciones-Transversales.webp\" class=\"attachment-full size-full\" alt=\"\" srcset=\"https:\/\/www.llofriugonfaus.com\/wp-content\/uploads\/2023\/07\/Pasaje-de-Guillem-Vinyes-Plano-Secciones-Transversales.webp 1920w, https:\/\/www.llofriugonfaus.com\/wp-content\/uploads\/2023\/07\/Pasaje-de-Guillem-Vinyes-Plano-Secciones-Transversales-300x197.webp 300w, https:\/\/www.llofriugonfaus.com\/wp-content\/uploads\/2023\/07\/Pasaje-de-Guillem-Vinyes-Plano-Secciones-Transversales-1024x673.webp 1024w, https:\/\/www.llofriugonfaus.com\/wp-content\/uploads\/2023\/07\/Pasaje-de-Guillem-Vinyes-Plano-Secciones-Transversales-768x505.webp 768w, https:\/\/www.llofriugonfaus.com\/wp-content\/uploads\/2023\/07\/Pasaje-de-Guillem-Vinyes-Plano-Secciones-Transversales-1536x1010.webp 1536w\" sizes=\"(max-width: 1920px) 100vw, 1920px\" \/>\t\t\t\t\t\t\t<\/a>\n\t\t\t\t\t<\/div>\n\t<\/div>\n\t<\/div>\n\t<\/div>\n\t<\/div>\n\t\t<div class=\"swiper-button-prev swiper-button-outside swiper-button-prev-243\"><svg xmlns=\"http:\/\/www.w3.org\/2000\/svg\" viewbox=\"0 0 26 50\"><polygon points=\"25.29 0 26 0.7 1.42 25 26 49.3 25.29 50 0 25 25.29 0\" style=\"stroke:transparent;\"><\/polygon><\/svg><\/div>\n\t<div class=\"swiper-button-next swiper-button-outside swiper-button-next-243\"><svg xmlns=\"http:\/\/www.w3.org\/2000\/svg\" viewbox=\"0 0 26 50\"><polygon points=\"0.71 50 0 49.3 24.58 25 0 0.7 0.71 0 26 25 0.71 50\" style=\"stroke:transparent;\"><\/polygon><\/svg><\/div>\n\t\t<div class=\"swiper-pagination qodef-swiper-pagination-outside swiper-pagination-243\"><\/div>\n\t\t<\/div>\n\t\t\t\t<\/div>\n\t\t\t\t\t<\/div>\n\t\t\t\t<\/div>\n\t\t<div class=\"elementor-element elementor-element-34dbac83 e-flex e-con-boxed qodef-elementor-content-no e-con e-parent\" data-id=\"34dbac83\" data-element_type=\"container\">\n\t\t\t\t\t<div class=\"e-con-inner\">\n\t\t<div class=\"elementor-element elementor-element-313aac14 e-con-full e-flex qodef-elementor-content-no e-con e-child\" data-id=\"313aac14\" data-element_type=\"container\">\n\t\t\t\t<div class=\"elementor-element elementor-element-4e64832f elementor-widget elementor-widget-image\" data-id=\"4e64832f\" data-element_type=\"widget\" data-widget_type=\"image.default\">\n\t\t\t\t<div class=\"elementor-widget-container\">\n\t\t\t\t\t\t\t\t\t\t\t\t\t<img decoding=\"async\" src=\"https:\/\/www.llofriugonfaus.com\/wp-content\/uploads\/2023\/05\/Llofriu-i-Gonfaus_Logo-vertical_Negre.svg\" class=\"attachment-full size-full wp-image-2999\" alt=\"\" \/>\t\t\t\t\t\t\t\t\t\t\t\t\t<\/div>\n\t\t\t\t<\/div>\n\t\t<div class=\"elementor-element elementor-element-7e2e580b e-flex e-con-boxed qodef-elementor-content-no e-con e-child\" data-id=\"7e2e580b\" data-element_type=\"container\">\n\t\t\t\t\t<div class=\"e-con-inner\">\n\t\t\t\t<div class=\"elementor-element elementor-element-21cdaac8 elementor-widget elementor-widget-heading\" data-id=\"21cdaac8\" data-element_type=\"widget\" data-widget_type=\"heading.default\">\n\t\t\t\t<div class=\"elementor-widget-container\">\n\t\t\t<p class=\"elementor-heading-title elementor-size-default\">partager<\/p>\t\t<\/div>\n\t\t\t\t<\/div>\n\t\t\t\t<div class=\"elementor-element elementor-element-7a7dbfc0 elementor-share-buttons--view-icon elementor-share-buttons--skin-minimal elementor-share-buttons--color-custom elementor-share-buttons--shape-square elementor-grid-0 elementor-widget elementor-widget-share-buttons\" data-id=\"7a7dbfc0\" data-element_type=\"widget\" data-widget_type=\"share-buttons.default\">\n\t\t\t\t<div class=\"elementor-widget-container\">\n\t\t\t\t\t<div class=\"elementor-grid\">\n\t\t\t\t\t\t\t\t<div class=\"elementor-grid-item\">\n\t\t\t\t\t\t<div\n\t\t\t\t\t\t\tclass=\"elementor-share-btn elementor-share-btn_facebook\"\n\t\t\t\t\t\t\trole=\"button\"\n\t\t\t\t\t\t\ttabindex=\"0\"\n\t\t\t\t\t\t\taria-label=\"Partager sur Facebook\"\n\t\t\t\t\t\t>\n\t\t\t\t\t\t\t\t\t\t\t\t\t\t\t<span class=\"elementor-share-btn__icon\">\n\t\t\t\t\t\t\t\t<svg class=\"e-font-icon-svg e-fab-facebook\" viewbox=\"0 0 512 512\" xmlns=\"http:\/\/www.w3.org\/2000\/svg\"><path d=\"M504 256C504 119 393 8 256 8S8 119 8 256c0 123.78 90.69 226.38 209.25 245V327.69h-63V256h63v-54.64c0-62.15 37-96.48 93.67-96.48 27.14 0 55.52 4.84 55.52 4.84v61h-31.28c-30.8 0-40.41 19.12-40.41 38.73V256h68.78l-11 71.69h-57.78V501C413.31 482.38 504 379.78 504 256z\"><\/path><\/svg>\t\t\t\t\t\t\t<\/span>\n\t\t\t\t\t\t\t\t\t\t\t\t\t\t\t\t\t\t\t\t<\/div>\n\t\t\t\t\t<\/div>\n\t\t\t\t\t\t\t\t\t<div class=\"elementor-grid-item\">\n\t\t\t\t\t\t<div\n\t\t\t\t\t\t\tclass=\"elementor-share-btn elementor-share-btn_pinterest\"\n\t\t\t\t\t\t\trole=\"button\"\n\t\t\t\t\t\t\ttabindex=\"0\"\n\t\t\t\t\t\t\taria-label=\"Partager sur Pinterest\"\n\t\t\t\t\t\t>\n\t\t\t\t\t\t\t\t\t\t\t\t\t\t\t<span class=\"elementor-share-btn__icon\">\n\t\t\t\t\t\t\t\t<svg class=\"e-font-icon-svg e-fab-pinterest\" viewbox=\"0 0 496 512\" xmlns=\"http:\/\/www.w3.org\/2000\/svg\"><path d=\"M496 256c0 137-111 248-248 248-25.6 0-50.2-3.9-73.4-11.1 10.1-16.5 25.2-43.5 30.8-65 3-11.6 15.4-59 15.4-59 8.1 15.4 31.7 28.5 56.8 28.5 74.8 0 128.7-68.8 128.7-154.3 0-81.9-66.9-143.2-152.9-143.2-107 0-163.9 71.8-163.9 150.1 0 36.4 19.4 81.7 50.3 96.1 4.7 2.2 7.2 1.2 8.3-3.3.8-3.4 5-20.3 6.9-28.1.6-2.5.3-4.7-1.7-7.1-10.1-12.5-18.3-35.3-18.3-56.6 0-54.7 41.4-107.6 112-107.6 60.9 0 103.6 41.5 103.6 100.9 0 67.1-33.9 113.6-78 113.6-24.3 0-42.6-20.1-36.7-44.8 7-29.5 20.5-61.3 20.5-82.6 0-19-10.2-34.9-31.4-34.9-24.9 0-44.9 25.7-44.9 60.2 0 22 7.4 36.8 7.4 36.8s-24.5 103.8-29 123.2c-5 21.4-3 51.6-.9 71.2C65.4 450.9 0 361.1 0 256 0 119 111 8 248 8s248 111 248 248z\"><\/path><\/svg>\t\t\t\t\t\t\t<\/span>\n\t\t\t\t\t\t\t\t\t\t\t\t\t\t\t\t\t\t\t\t<\/div>\n\t\t\t\t\t<\/div>\n\t\t\t\t\t\t\t\t\t<div class=\"elementor-grid-item\">\n\t\t\t\t\t\t<div\n\t\t\t\t\t\t\tclass=\"elementor-share-btn elementor-share-btn_linkedin\"\n\t\t\t\t\t\t\trole=\"button\"\n\t\t\t\t\t\t\ttabindex=\"0\"\n\t\t\t\t\t\t\taria-label=\"Partager sur LinkedIn\"\n\t\t\t\t\t\t>\n\t\t\t\t\t\t\t\t\t\t\t\t\t\t\t<span class=\"elementor-share-btn__icon\">\n\t\t\t\t\t\t\t\t<svg class=\"e-font-icon-svg e-fab-linkedin\" viewbox=\"0 0 448 512\" xmlns=\"http:\/\/www.w3.org\/2000\/svg\"><path d=\"M416 32H31.9C14.3 32 0 46.5 0 64.3v383.4C0 465.5 14.3 480 31.9 480H416c17.6 0 32-14.5 32-32.3V64.3c0-17.8-14.4-32.3-32-32.3zM135.4 416H69V202.2h66.5V416zm-33.2-243c-21.3 0-38.5-17.3-38.5-38.5S80.9 96 102.2 96c21.2 0 38.5 17.3 38.5 38.5 0 21.3-17.2 38.5-38.5 38.5zm282.1 243h-66.4V312c0-24.8-.5-56.7-34.5-56.7-34.6 0-39.9 27-39.9 54.9V416h-66.4V202.2h63.7v29.2h.9c8.9-16.8 30.6-34.5 62.9-34.5 67.2 0 79.7 44.3 79.7 101.9V416z\"><\/path><\/svg>\t\t\t\t\t\t\t<\/span>\n\t\t\t\t\t\t\t\t\t\t\t\t\t\t\t\t\t\t\t\t<\/div>\n\t\t\t\t\t<\/div>\n\t\t\t\t\t\t\t\t\t<div class=\"elementor-grid-item\">\n\t\t\t\t\t\t<div\n\t\t\t\t\t\t\tclass=\"elementor-share-btn elementor-share-btn_whatsapp\"\n\t\t\t\t\t\t\trole=\"button\"\n\t\t\t\t\t\t\ttabindex=\"0\"\n\t\t\t\t\t\t\taria-label=\"Partager sur WhatsApp\"\n\t\t\t\t\t\t>\n\t\t\t\t\t\t\t\t\t\t\t\t\t\t\t<span class=\"elementor-share-btn__icon\">\n\t\t\t\t\t\t\t\t<svg class=\"e-font-icon-svg e-fab-whatsapp\" viewbox=\"0 0 448 512\" xmlns=\"http:\/\/www.w3.org\/2000\/svg\"><path d=\"M380.9 97.1C339 55.1 283.2 32 223.9 32c-122.4 0-222 99.6-222 222 0 39.1 10.2 77.3 29.6 111L0 480l117.7-30.9c32.4 17.7 68.9 27 106.1 27h.1c122.3 0 224.1-99.6 224.1-222 0-59.3-25.2-115-67.1-157zm-157 341.6c-33.2 0-65.7-8.9-94-25.7l-6.7-4-69.8 18.3L72 359.2l-4.4-7c-18.5-29.4-28.2-63.3-28.2-98.2 0-101.7 82.8-184.5 184.6-184.5 49.3 0 95.6 19.2 130.4 54.1 34.8 34.9 56.2 81.2 56.1 130.5 0 101.8-84.9 184.6-186.6 184.6zm101.2-138.2c-5.5-2.8-32.8-16.2-37.9-18-5.1-1.9-8.8-2.8-12.5 2.8-3.7 5.6-14.3 18-17.6 21.8-3.2 3.7-6.5 4.2-12 1.4-32.6-16.3-54-29.1-75.5-66-5.7-9.8 5.7-9.1 16.3-30.3 1.8-3.7.9-6.9-.5-9.7-1.4-2.8-12.5-30.1-17.1-41.2-4.5-10.8-9.1-9.3-12.5-9.5-3.2-.2-6.9-.2-10.6-.2-3.7 0-9.7 1.4-14.8 6.9-5.1 5.6-19.4 19-19.4 46.3 0 27.3 19.9 53.7 22.6 57.4 2.8 3.7 39.1 59.7 94.8 83.8 35.2 15.2 49 16.5 66.6 13.9 10.7-1.6 32.8-13.4 37.4-26.4 4.6-13 4.6-24.1 3.2-26.4-1.3-2.5-5-3.9-10.5-6.6z\"><\/path><\/svg>\t\t\t\t\t\t\t<\/span>\n\t\t\t\t\t\t\t\t\t\t\t\t\t\t\t\t\t\t\t\t<\/div>\n\t\t\t\t\t<\/div>\n\t\t\t\t\t\t\t\t\t<div class=\"elementor-grid-item\">\n\t\t\t\t\t\t<div\n\t\t\t\t\t\t\tclass=\"elementor-share-btn elementor-share-btn_email\"\n\t\t\t\t\t\t\trole=\"button\"\n\t\t\t\t\t\t\ttabindex=\"0\"\n\t\t\t\t\t\t\taria-label=\"Partager par e-mail\"\n\t\t\t\t\t\t>\n\t\t\t\t\t\t\t\t\t\t\t\t\t\t\t<span class=\"elementor-share-btn__icon\">\n\t\t\t\t\t\t\t\t<svg class=\"e-font-icon-svg e-fas-envelope\" viewbox=\"0 0 512 512\" xmlns=\"http:\/\/www.w3.org\/2000\/svg\"><path d=\"M502.3 190.8c3.9-3.1 9.7-.2 9.7 4.7V400c0 26.5-21.5 48-48 48H48c-26.5 0-48-21.5-48-48V195.6c0-5 5.7-7.8 9.7-4.7 22.4 17.4 52.1 39.5 154.1 113.6 21.1 15.4 56.7 47.8 92.2 47.6 35.7.3 72-32.8 92.3-47.6 102-74.1 131.6-96.3 154-113.7zM256 320c23.2.4 56.6-29.2 73.4-41.4 132.7-96.3 142.8-104.7 173.4-128.7 5.8-4.5 9.2-11.5 9.2-18.9v-19c0-26.5-21.5-48-48-48H48C21.5 64 0 85.5 0 112v19c0 7.4 3.4 14.3 9.2 18.9 30.6 23.9 40.7 32.4 173.4 128.7 16.8 12.2 50.2 41.8 73.4 41.4z\"><\/path><\/svg>\t\t\t\t\t\t\t<\/span>\n\t\t\t\t\t\t\t\t\t\t\t\t\t\t\t\t\t\t\t\t<\/div>\n\t\t\t\t\t<\/div>\n\t\t\t\t\t\t<\/div>\n\t\t\t\t<\/div>\n\t\t\t\t<\/div>\n\t\t\t\t\t<\/div>\n\t\t\t\t<\/div>\n\t\t\t\t<\/div>\n\t\t<div class=\"elementor-element elementor-element-1639dc23 e-con-full e-flex qodef-elementor-content-no e-con e-child\" data-id=\"1639dc23\" data-element_type=\"container\">\n\t\t\t\t<div class=\"elementor-element elementor-element-50fcb56f elementor-widget elementor-widget-heading\" data-id=\"50fcb56f\" data-element_type=\"widget\" data-widget_type=\"heading.default\">\n\t\t\t\t<div class=\"elementor-widget-container\">\n\t\t\t<h3 class=\"elementor-heading-title elementor-size-large\">Design urbain<\/h3>\t\t<\/div>\n\t\t\t\t<\/div>\n\t\t<div class=\"elementor-element elementor-element-63621254 e-con-full e-grid qodef-elementor-content-no e-con e-child\" data-id=\"63621254\" data-element_type=\"container\">\n\t\t\t\t<div class=\"elementor-element elementor-element-57027d62 elementor-widget elementor-widget-qi_addons_for_elementor_section_title\" data-id=\"57027d62\" data-element_type=\"widget\" data-widget_type=\"qi_addons_for_elementor_section_title.default\">\n\t\t\t\t<div class=\"elementor-widget-container\">\n\t\t\t<div class=\"qodef-shortcode qodef-m  qodef-qi-section-title  qodef-decoration--italic  qodef-link--underline-draw qodef-subtitle-icon--left\">\n\t\t\t<h6 class=\"qodef-m-title\">\n\t\tArchitecture\t<\/h6>\n\t\t\t\t\t\t<div class=\"qodef-m-text\"><p>Elisabet Pujol Gonfaus<br \/>Josep Vila Pagespetit<\/p><\/div>\n\t<\/div>\n\t\t<\/div>\n\t\t\t\t<\/div>\n\t\t\t\t<div class=\"elementor-element elementor-element-1e0d0706 elementor-widget elementor-widget-qi_addons_for_elementor_section_title\" data-id=\"1e0d0706\" data-element_type=\"widget\" data-widget_type=\"qi_addons_for_elementor_section_title.default\">\n\t\t\t\t<div class=\"elementor-widget-container\">\n\t\t\t<div class=\"qodef-shortcode qodef-m  qodef-qi-section-title  qodef-decoration--italic  qodef-link--underline-draw qodef-subtitle-icon--left\">\n\t\t\t<h6 class=\"qodef-m-title\">\n\t\tType\t<\/h6>\n\t\t\t\t\t\t<div class=\"qodef-m-text\"><p>Urbanisation<\/p><\/div>\n\t<\/div>\n\t\t<\/div>\n\t\t\t\t<\/div>\n\t\t\t\t<div class=\"elementor-element elementor-element-1424def0 elementor-widget elementor-widget-qi_addons_for_elementor_section_title\" data-id=\"1424def0\" data-element_type=\"widget\" data-widget_type=\"qi_addons_for_elementor_section_title.default\">\n\t\t\t\t<div class=\"elementor-widget-container\">\n\t\t\t<div class=\"qodef-shortcode qodef-m  qodef-qi-section-title  qodef-decoration--italic  qodef-link--underline-draw qodef-subtitle-icon--left\">\n\t\t\t<h6 class=\"qodef-m-title\">\n\t\tEmplacement\t<\/h6>\n\t\t\t\t\t\t<div class=\"qodef-m-text\"><p>Sallent, Barcelone<\/p><\/div>\n\t<\/div>\n\t\t<\/div>\n\t\t\t\t<\/div>\n\t\t\t\t<div class=\"elementor-element elementor-element-6bc0a907 elementor-widget elementor-widget-qi_addons_for_elementor_section_title\" data-id=\"6bc0a907\" data-element_type=\"widget\" data-widget_type=\"qi_addons_for_elementor_section_title.default\">\n\t\t\t\t<div class=\"elementor-widget-container\">\n\t\t\t<div class=\"qodef-shortcode qodef-m  qodef-qi-section-title  qodef-decoration--italic  qodef-link--underline-draw qodef-subtitle-icon--left\">\n\t\t\t<h6 class=\"qodef-m-title\">\n\t\tLa concr\u00e9tisation\t<\/h6>\n\t\t\t\t\t\t<div class=\"qodef-m-text\"><p>2019<\/p><\/div>\n\t<\/div>\n\t\t<\/div>\n\t\t\t\t<\/div>\n\t\t\t\t<div class=\"elementor-element elementor-element-7f85463e elementor-widget elementor-widget-qi_addons_for_elementor_section_title\" data-id=\"7f85463e\" data-element_type=\"widget\" data-widget_type=\"qi_addons_for_elementor_section_title.default\">\n\t\t\t\t<div class=\"elementor-widget-container\">\n\t\t\t<div class=\"qodef-shortcode qodef-m  qodef-qi-section-title  qodef-decoration--italic  qodef-link--underline-draw qodef-subtitle-icon--left\">\n\t\t\t<h6 class=\"qodef-m-title\">\n\t\tcompagnie de construction\t<\/h6>\n\t\t\t\t\t\t<div class=\"qodef-m-text\"><p>ICMAN<\/p><\/div>\n\t<\/div>\n\t\t<\/div>\n\t\t\t\t<\/div>\n\t\t\t\t<div class=\"elementor-element elementor-element-14fb09b8 elementor-widget elementor-widget-qi_addons_for_elementor_section_title\" data-id=\"14fb09b8\" data-element_type=\"widget\" data-widget_type=\"qi_addons_for_elementor_section_title.default\">\n\t\t\t\t<div class=\"elementor-widget-container\">\n\t\t\t<div class=\"qodef-shortcode qodef-m  qodef-qi-section-title  qodef-decoration--italic  qodef-link--underline-draw qodef-subtitle-icon--left\">\n\t\t\t<h6 class=\"qodef-m-title\">\n\t\tLa photographie\t<\/h6>\n\t\t\t\t\t\t<div class=\"qodef-m-text\"><p>Elisabet Pujol Gonfaus<\/p><\/div>\n\t<\/div>\n\t\t<\/div>\n\t\t\t\t<\/div>\n\t\t\t\t<div class=\"elementor-element elementor-element-16694abf elementor-widget elementor-widget-qi_addons_for_elementor_section_title\" data-id=\"16694abf\" data-element_type=\"widget\" data-widget_type=\"qi_addons_for_elementor_section_title.default\">\n\t\t\t\t<div class=\"elementor-widget-container\">\n\t\t\t<div class=\"qodef-shortcode qodef-m  qodef-qi-section-title  qodef-decoration--italic  qodef-link--underline-draw qodef-subtitle-icon--left\">\n\t\t\t<h6 class=\"qodef-m-title\">\n\t\tPromoteur\t<\/h6>\n\t\t\t\t\t\t<div class=\"qodef-m-text\"><p>Publique. La mairie de Sallent<\/p><\/div>\n\t<\/div>\n\t\t<\/div>\n\t\t\t\t<\/div>\n\t\t\t\t<\/div>\n\t\t\t\t<\/div>\n\t\t\t\t\t<\/div>\n\t\t\t\t<\/div>\n\t\t\t\t<\/div>","protected":false},"featured_media":3239,"template":"","meta":{"_acf_changed":false,"footnotes":""},"categoria-de-proyecto":[33,38],"class_list":["post-3213","proyecto","type-proyecto","status-publish","has-post-thumbnail","hentry","categoria-de-proyecto-arquitectura","categoria-de-proyecto-urbanismo"],"acf":[],"yoast_head":"<!-- This site is optimized with the Yoast SEO plugin v23.5 - https:\/\/yoast.com\/wordpress\/plugins\/seo\/ -->\n<title>Dise\u00f1o Urbano &#8226; Llofriu &amp; Gonfaus<\/title>\n<meta name=\"description\" content=\"Dise\u00f1o urbano de la calle en Sallent, Bages, Barcelona. Arquitectura al detalle y mimetizaci\u00f3n del entorno con el paisaje.\" \/>\n<meta name=\"robots\" content=\"index, follow, max-snippet:-1, max-image-preview:large, max-video-preview:-1\" \/>\n<link rel=\"canonical\" href=\"https:\/\/www.llofriugonfaus.com\/fr\/proyecto\/diseno-urbano\/\" \/>\n<meta property=\"og:locale\" content=\"fr_FR\" \/>\n<meta property=\"og:type\" content=\"article\" \/>\n<meta property=\"og:title\" content=\"Dise\u00f1o Urbano &#8226; Llofriu &amp; Gonfaus\" \/>\n<meta property=\"og:description\" content=\"Dise\u00f1o urbano de la calle en Sallent, Bages, Barcelona. Arquitectura al detalle y mimetizaci\u00f3n del entorno con el paisaje.\" \/>\n<meta property=\"og:url\" content=\"https:\/\/www.llofriugonfaus.com\/fr\/proyecto\/diseno-urbano\/\" \/>\n<meta property=\"og:site_name\" content=\"Llofriu &amp; Gonfaus\" \/>\n<meta property=\"article:modified_time\" content=\"2023-09-27T17:01:44+00:00\" \/>\n<meta property=\"og:image\" content=\"https:\/\/www.llofriugonfaus.com\/wp-content\/uploads\/2023\/07\/Proyecto-Urbanismo-Pasaje-de-Guillem-Vinyes-6.webp\" \/>\n\t<meta property=\"og:image:width\" content=\"1920\" \/>\n\t<meta property=\"og:image:height\" content=\"897\" \/>\n\t<meta property=\"og:image:type\" content=\"image\/webp\" \/>\n<meta name=\"twitter:card\" content=\"summary_large_image\" \/>\n<meta name=\"twitter:label1\" content=\"Dur\u00e9e de lecture estim\u00e9e\" \/>\n\t<meta name=\"twitter:data1\" content=\"11 minutes\" \/>\n<script type=\"application\/ld+json\" class=\"yoast-schema-graph\">{\"@context\":\"https:\/\/schema.org\",\"@graph\":[{\"@type\":\"WebPage\",\"@id\":\"https:\/\/www.llofriugonfaus.com\/proyecto\/diseno-urbano\/\",\"url\":\"https:\/\/www.llofriugonfaus.com\/proyecto\/diseno-urbano\/\",\"name\":\"Dise\u00f1o Urbano &#8226; Llofriu &amp; Gonfaus\",\"isPartOf\":{\"@id\":\"https:\/\/www.llofriugonfaus.com\/#website\"},\"primaryImageOfPage\":{\"@id\":\"https:\/\/www.llofriugonfaus.com\/proyecto\/diseno-urbano\/#primaryimage\"},\"image\":{\"@id\":\"https:\/\/www.llofriugonfaus.com\/proyecto\/diseno-urbano\/#primaryimage\"},\"thumbnailUrl\":\"https:\/\/www.llofriugonfaus.com\/wp-content\/uploads\/2023\/07\/Proyecto-Urbanismo-Pasaje-de-Guillem-Vinyes-6.webp\",\"datePublished\":\"2023-07-02T07:20:25+00:00\",\"dateModified\":\"2023-09-27T17:01:44+00:00\",\"description\":\"Dise\u00f1o urbano de la calle en Sallent, Bages, Barcelona. Arquitectura al detalle y mimetizaci\u00f3n del entorno con el paisaje.\",\"breadcrumb\":{\"@id\":\"https:\/\/www.llofriugonfaus.com\/proyecto\/diseno-urbano\/#breadcrumb\"},\"inLanguage\":\"fr-FR\",\"potentialAction\":[{\"@type\":\"ReadAction\",\"target\":[\"https:\/\/www.llofriugonfaus.com\/proyecto\/diseno-urbano\/\"]}]},{\"@type\":\"ImageObject\",\"inLanguage\":\"fr-FR\",\"@id\":\"https:\/\/www.llofriugonfaus.com\/proyecto\/diseno-urbano\/#primaryimage\",\"url\":\"https:\/\/www.llofriugonfaus.com\/wp-content\/uploads\/2023\/07\/Proyecto-Urbanismo-Pasaje-de-Guillem-Vinyes-6.webp\",\"contentUrl\":\"https:\/\/www.llofriugonfaus.com\/wp-content\/uploads\/2023\/07\/Proyecto-Urbanismo-Pasaje-de-Guillem-Vinyes-6.webp\",\"width\":1920,\"height\":897},{\"@type\":\"BreadcrumbList\",\"@id\":\"https:\/\/www.llofriugonfaus.com\/proyecto\/diseno-urbano\/#breadcrumb\",\"itemListElement\":[{\"@type\":\"ListItem\",\"position\":1,\"name\":\"Inicio\",\"item\":\"https:\/\/www.llofriugonfaus.com\/\"},{\"@type\":\"ListItem\",\"position\":2,\"name\":\"Dise\u00f1o Urbano\"}]},{\"@type\":\"WebSite\",\"@id\":\"https:\/\/www.llofriugonfaus.com\/#website\",\"url\":\"https:\/\/www.llofriugonfaus.com\/\",\"name\":\"Llofriu & Gonfaus\",\"description\":\"Estudio de Arquitectura e Interiorismo en Barcelona\",\"publisher\":{\"@id\":\"https:\/\/www.llofriugonfaus.com\/#organization\"},\"potentialAction\":[{\"@type\":\"SearchAction\",\"target\":{\"@type\":\"EntryPoint\",\"urlTemplate\":\"https:\/\/www.llofriugonfaus.com\/?s={search_term_string}\"},\"query-input\":{\"@type\":\"PropertyValueSpecification\",\"valueRequired\":true,\"valueName\":\"search_term_string\"}}],\"inLanguage\":\"fr-FR\"},{\"@type\":\"Organization\",\"@id\":\"https:\/\/www.llofriugonfaus.com\/#organization\",\"name\":\"Llofriu & Gonfaus, S.L.\",\"url\":\"https:\/\/www.llofriugonfaus.com\/\",\"logo\":{\"@type\":\"ImageObject\",\"inLanguage\":\"fr-FR\",\"@id\":\"https:\/\/www.llofriugonfaus.com\/#\/schema\/logo\/image\/\",\"url\":\"https:\/\/www.llofriugonfaus.com\/wp-content\/uploads\/2023\/05\/LOGO-DEFINITU-V12.png\",\"contentUrl\":\"https:\/\/www.llofriugonfaus.com\/wp-content\/uploads\/2023\/05\/LOGO-DEFINITU-V12.png\",\"width\":5113,\"height\":920,\"caption\":\"Llofriu & Gonfaus, S.L.\"},\"image\":{\"@id\":\"https:\/\/www.llofriugonfaus.com\/#\/schema\/logo\/image\/\"},\"sameAs\":[\"https:\/\/www.instagram.com\/llofriugonfaus\/\"]}]}<\/script>\n<!-- \/ Yoast SEO plugin. -->","yoast_head_json":{"title":"Dise\u00f1o Urbano &#8226; Llofriu &amp; Gonfaus","description":"Dise\u00f1o urbano de la calle en Sallent, Bages, Barcelona. Arquitectura al detalle y mimetizaci\u00f3n del entorno con el paisaje.","robots":{"index":"index","follow":"follow","max-snippet":"max-snippet:-1","max-image-preview":"max-image-preview:large","max-video-preview":"max-video-preview:-1"},"canonical":"https:\/\/www.llofriugonfaus.com\/fr\/proyecto\/diseno-urbano\/","og_locale":"fr_FR","og_type":"article","og_title":"Dise\u00f1o Urbano &#8226; Llofriu &amp; Gonfaus","og_description":"Dise\u00f1o urbano de la calle en Sallent, Bages, Barcelona. Arquitectura al detalle y mimetizaci\u00f3n del entorno con el paisaje.","og_url":"https:\/\/www.llofriugonfaus.com\/fr\/proyecto\/diseno-urbano\/","og_site_name":"Llofriu &amp; Gonfaus","article_modified_time":"2023-09-27T17:01:44+00:00","og_image":[{"width":1920,"height":897,"url":"https:\/\/www.llofriugonfaus.com\/wp-content\/uploads\/2023\/07\/Proyecto-Urbanismo-Pasaje-de-Guillem-Vinyes-6.webp","type":"image\/webp"}],"twitter_card":"summary_large_image","twitter_misc":{"Dur\u00e9e de lecture estim\u00e9e":"11 minutes"},"schema":{"@context":"https:\/\/schema.org","@graph":[{"@type":"WebPage","@id":"https:\/\/www.llofriugonfaus.com\/proyecto\/diseno-urbano\/","url":"https:\/\/www.llofriugonfaus.com\/proyecto\/diseno-urbano\/","name":"Dise\u00f1o Urbano &#8226; Llofriu &amp; Gonfaus","isPartOf":{"@id":"https:\/\/www.llofriugonfaus.com\/#website"},"primaryImageOfPage":{"@id":"https:\/\/www.llofriugonfaus.com\/proyecto\/diseno-urbano\/#primaryimage"},"image":{"@id":"https:\/\/www.llofriugonfaus.com\/proyecto\/diseno-urbano\/#primaryimage"},"thumbnailUrl":"https:\/\/www.llofriugonfaus.com\/wp-content\/uploads\/2023\/07\/Proyecto-Urbanismo-Pasaje-de-Guillem-Vinyes-6.webp","datePublished":"2023-07-02T07:20:25+00:00","dateModified":"2023-09-27T17:01:44+00:00","description":"Dise\u00f1o urbano de la calle en Sallent, Bages, Barcelona. Arquitectura al detalle y mimetizaci\u00f3n del entorno con el paisaje.","breadcrumb":{"@id":"https:\/\/www.llofriugonfaus.com\/proyecto\/diseno-urbano\/#breadcrumb"},"inLanguage":"fr-FR","potentialAction":[{"@type":"ReadAction","target":["https:\/\/www.llofriugonfaus.com\/proyecto\/diseno-urbano\/"]}]},{"@type":"ImageObject","inLanguage":"fr-FR","@id":"https:\/\/www.llofriugonfaus.com\/proyecto\/diseno-urbano\/#primaryimage","url":"https:\/\/www.llofriugonfaus.com\/wp-content\/uploads\/2023\/07\/Proyecto-Urbanismo-Pasaje-de-Guillem-Vinyes-6.webp","contentUrl":"https:\/\/www.llofriugonfaus.com\/wp-content\/uploads\/2023\/07\/Proyecto-Urbanismo-Pasaje-de-Guillem-Vinyes-6.webp","width":1920,"height":897},{"@type":"BreadcrumbList","@id":"https:\/\/www.llofriugonfaus.com\/proyecto\/diseno-urbano\/#breadcrumb","itemListElement":[{"@type":"ListItem","position":1,"name":"Inicio","item":"https:\/\/www.llofriugonfaus.com\/"},{"@type":"ListItem","position":2,"name":"Dise\u00f1o Urbano"}]},{"@type":"WebSite","@id":"https:\/\/www.llofriugonfaus.com\/#website","url":"https:\/\/www.llofriugonfaus.com\/","name":"Llofriu & Gonfaus","description":"Estudio de Arquitectura e Interiorismo en Barcelona","publisher":{"@id":"https:\/\/www.llofriugonfaus.com\/#organization"},"potentialAction":[{"@type":"SearchAction","target":{"@type":"EntryPoint","urlTemplate":"https:\/\/www.llofriugonfaus.com\/?s={search_term_string}"},"query-input":{"@type":"PropertyValueSpecification","valueRequired":true,"valueName":"search_term_string"}}],"inLanguage":"fr-FR"},{"@type":"Organization","@id":"https:\/\/www.llofriugonfaus.com\/#organization","name":"Llofriu & Gonfaus, S.L.","url":"https:\/\/www.llofriugonfaus.com\/","logo":{"@type":"ImageObject","inLanguage":"fr-FR","@id":"https:\/\/www.llofriugonfaus.com\/#\/schema\/logo\/image\/","url":"https:\/\/www.llofriugonfaus.com\/wp-content\/uploads\/2023\/05\/LOGO-DEFINITU-V12.png","contentUrl":"https:\/\/www.llofriugonfaus.com\/wp-content\/uploads\/2023\/05\/LOGO-DEFINITU-V12.png","width":5113,"height":920,"caption":"Llofriu & Gonfaus, S.L."},"image":{"@id":"https:\/\/www.llofriugonfaus.com\/#\/schema\/logo\/image\/"},"sameAs":["https:\/\/www.instagram.com\/llofriugonfaus\/"]}]}},"_links":{"self":[{"href":"https:\/\/www.llofriugonfaus.com\/fr\/wp-json\/wp\/v2\/proyecto\/3213","targetHints":{"allow":["GET"]}}],"collection":[{"href":"https:\/\/www.llofriugonfaus.com\/fr\/wp-json\/wp\/v2\/proyecto"}],"about":[{"href":"https:\/\/www.llofriugonfaus.com\/fr\/wp-json\/wp\/v2\/types\/proyecto"}],"version-history":[{"count":9,"href":"https:\/\/www.llofriugonfaus.com\/fr\/wp-json\/wp\/v2\/proyecto\/3213\/revisions"}],"predecessor-version":[{"id":4302,"href":"https:\/\/www.llofriugonfaus.com\/fr\/wp-json\/wp\/v2\/proyecto\/3213\/revisions\/4302"}],"wp:featuredmedia":[{"embeddable":true,"href":"https:\/\/www.llofriugonfaus.com\/fr\/wp-json\/wp\/v2\/media\/3239"}],"wp:attachment":[{"href":"https:\/\/www.llofriugonfaus.com\/fr\/wp-json\/wp\/v2\/media?parent=3213"}],"wp:term":[{"taxonomy":"categoria-de-proyecto","embeddable":true,"href":"https:\/\/www.llofriugonfaus.com\/fr\/wp-json\/wp\/v2\/categoria-de-proyecto?post=3213"}],"curies":[{"name":"wp","href":"https:\/\/api.w.org\/{rel}","templated":true}]}}